{"id":1162,"date":"2014-01-13T00:20:30","date_gmt":"2014-01-12T22:20:30","guid":{"rendered":"http:\/\/vadelma.org\/korppiradio\/?page_id=1162"},"modified":"2020-01-16T17:37:09","modified_gmt":"2020-01-16T15:37:09","slug":"kulttuurikanttarelli","status":"publish","type":"page","link":"https:\/\/www.vadelma.org\/korppiradio\/kulttuurikanttarelli\/","title":{"rendered":"Kulttuurikanttarelli"},"content":{"rendered":"<p><strong>Kanttarelli on makoisa paistettuna ja niiss\u00e4 on harvoin toukkia.<\/strong> Kulttuurikanttarelli tarjoilee keltaisissa heltoissaan ja helmoissaan keikkoja, n\u00e4yttelyit\u00e4, kulttuuriantia kaupungissa, taajamissa ja tienposkilla. Meille voit vinkata omista tai kaverin tapahtumista, keikoista, n\u00e4yttelyist\u00e4, paikoista, asioista. Kutsu meid\u00e4t paikalle!<\/p>\n<p>korppi (at) korppiradio. net<\/p>\n<hr \/>\n<p><strong>Nauhoitetut jaksot:<\/strong><\/p>\n<h4>Ajan henki \/ paikan henki &#8211; keskustelu Korppistudiolla 27.11.2018<\/h4>\n<p>Keskustelemassa: Jenni Luhta, Simo Saarikoski, Antti Ahonen, Jermu Lakka ja Lauri Luhta. Toimitus: Kalle Korppi ja Sisko. Harvinaisen kiivaaksi yltyv\u00e4n keskustelun aiheina: #Suomenhenki #aikalaisuus #teknologia #mediakulttuuri #georgeorwell #aldoushuxley #utopia #dystopia #euroopanhistoria #paavohaavikko #hegel #zeitgeist #luontoromantiikka #nato #sotaharjoitukset #hanko<\/p>\n<p><code><div id=\"mp3jWrap_0\" class=\"mjp-s-wrapper s-graphic unsel-mjp smaller2 gill-mjp\" style=\"font-size:14px;\"><span id=\"playpause_wrap_mp3j_0\" class=\"wrap_inline_mp3j\" style=\"font-weight:700;\"><span class=\"gfxbutton_mp3j play-mjp\" id=\"playpause_mp3j_0\" style=\"font-size:14px;\">&nbsp;&nbsp;&nbsp;&nbsp;&nbsp;<\/span>&nbsp;<span class=\"group_wrap\"><span class=\"bars_mp3j\"><span class=\"loadB_mp3j\" id=\"load_mp3j_0\"><\/span><span class=\"posbarB_mp3j\" id=\"posbar_mp3j_0\"><\/span><\/span><span class=\"T_mp3j\" id=\"T_mp3j_0\" style=\"font-size:14px;\">Ajan henki \/ paikan henki 27.11.2018<\/span><span class=\"indi_mp3j\" style=\"font-size:9.8px;\" id=\"statusMI_0\"><\/span><\/span><span class=\"vol_mp3j flipped\" id=\"vol_mp3j_0\"><\/span><\/span><\/div><span class=\"s-nosolution\" id=\"mp3j_nosolution_0\" style=\"display:none;\"><\/span><script>\nMP3jPLAYLISTS.inline_0 = [\n\t{ name: \"kulttuurikanttarelli-ajanhenki-keskustelu-27112018\", formats: [\"mp3\"], mp3: \"aHR0cDovL3N0cmVhbS52YWRlbG1hLm9yZzo2MTk3NC9rb3JwcGlyYWRpby9rdWx0dHV1cmlrYW50dGFyZWxsaS1hamFuaGVua2kta2Vza3VzdGVsdS0yNzExMjAxOC5tcDM=\", counterpart:\"\", artist: \"\", image: \"\", imgurl: \"\" }\n];\n<\/script>\n\n<script>MP3jPLAYERS[0] = { list: MP3jPLAYLISTS.inline_0, tr:0, type:'single', lstate:'', loop:false, play_txt:'&nbsp;&nbsp;&nbsp;&nbsp;&nbsp;', pause_txt:'&nbsp;&nbsp;&nbsp;&nbsp;&nbsp;', pp_title:'', autoplay:false, download:false, vol:76, height:'' };<\/script><\/code><\/p>\n<hr \/>\n<h4>Taide ja yhteiskunnallinen vaikuttaminen &#8211; keskustelu Korppistudiolla 16.3.2018<\/h4>\n<p>Keskustelemassa: Jenni Luhta, Antti Ahonen, Lauri Luhta ja Sonja Salom\u00e4ki. Toimitus: Meri Hietala, Kalle Korppi ja Sisko. Keskustelun aiheina: #ekograffiti #somekritiikki #ymp\u00e4rist\u00f6taide #joukkohysteria<\/p>\n<p><code><div id=\"mp3jWrap_1\" class=\"mjp-s-wrapper s-graphic unsel-mjp smaller2 gill-mjp\" style=\"font-size:14px;\"><span id=\"playpause_wrap_mp3j_1\" class=\"wrap_inline_mp3j\" style=\"font-weight:700;\"><span class=\"gfxbutton_mp3j play-mjp\" id=\"playpause_mp3j_1\" style=\"font-size:14px;\">&nbsp;&nbsp;&nbsp;&nbsp;&nbsp;<\/span>&nbsp;<span class=\"group_wrap\"><span class=\"bars_mp3j\"><span class=\"loadB_mp3j\" id=\"load_mp3j_1\"><\/span><span class=\"posbarB_mp3j\" id=\"posbar_mp3j_1\"><\/span><\/span><span class=\"T_mp3j\" id=\"T_mp3j_1\" style=\"font-size:14px;\">Taide ja yhteiskunnallinen vaikuttaminen, osa 1<\/span><span class=\"indi_mp3j\" style=\"font-size:9.8px;\" id=\"statusMI_1\"><\/span><\/span><span class=\"vol_mp3j flipped\" id=\"vol_mp3j_1\"><\/span><\/span><\/div><span class=\"s-nosolution\" id=\"mp3j_nosolution_1\" style=\"display:none;\"><\/span><script>\nMP3jPLAYLISTS.inline_1 = [\n\t{ name: \"yhteiskunnallinentaidekeskustelu-osa1\", formats: [\"mp3\"], mp3: \"aHR0cDovL3N0cmVhbS52YWRlbG1hLm9yZzo2MTk3NC9rb3JwcGlyYWRpby95aHRlaXNrdW5uYWxsaW5lbnRhaWRla2Vza3VzdGVsdS1vc2ExLm1wMw==\", counterpart:\"\", artist: \"\", image: \"\", imgurl: \"\" }\n];\n<\/script>\n\n<script>MP3jPLAYERS[1] = { list: MP3jPLAYLISTS.inline_1, tr:0, type:'single', lstate:'', loop:false, play_txt:'&nbsp;&nbsp;&nbsp;&nbsp;&nbsp;', pause_txt:'&nbsp;&nbsp;&nbsp;&nbsp;&nbsp;', pp_title:'', autoplay:false, download:false, vol:76, height:'' };<\/script><\/code><\/p>\n<p>Keskustelun aiheina: #vaikuttaminen #totalitarismi #yksil\u00f6idytmainokset #taidekohut #mediakritiikki #ilmastokanava #performanssi<\/p>\n<p><code><div id=\"mp3jWrap_2\" class=\"mjp-s-wrapper s-graphic unsel-mjp smaller2 gill-mjp\" style=\"font-size:14px;\"><span id=\"playpause_wrap_mp3j_2\" class=\"wrap_inline_mp3j\" style=\"font-weight:700;\"><span class=\"gfxbutton_mp3j play-mjp\" id=\"playpause_mp3j_2\" style=\"font-size:14px;\">&nbsp;&nbsp;&nbsp;&nbsp;&nbsp;<\/span>&nbsp;<span class=\"group_wrap\"><span class=\"bars_mp3j\"><span class=\"loadB_mp3j\" id=\"load_mp3j_2\"><\/span><span class=\"posbarB_mp3j\" id=\"posbar_mp3j_2\"><\/span><\/span><span class=\"T_mp3j\" id=\"T_mp3j_2\" style=\"font-size:14px;\">Taide ja yhteiskunnallinen vaikuttaminen, osa 2<\/span><span class=\"indi_mp3j\" style=\"font-size:9.8px;\" id=\"statusMI_2\"><\/span><\/span><span class=\"vol_mp3j flipped\" id=\"vol_mp3j_2\"><\/span><\/span><\/div><span class=\"s-nosolution\" id=\"mp3j_nosolution_2\" style=\"display:none;\"><\/span><script>\nMP3jPLAYLISTS.inline_2 = [\n\t{ name: \"yhteiskunnallinentaidekeskustelu-osa2\", formats: [\"mp3\"], mp3: \"aHR0cDovL3N0cmVhbS52YWRlbG1hLm9yZzo2MTk3NC9rb3JwcGlyYWRpby95aHRlaXNrdW5uYWxsaW5lbnRhaWRla2Vza3VzdGVsdS1vc2EyLm1wMw==\", counterpart:\"\", artist: \"\", image: \"\", imgurl: \"\" }\n];\n<\/script>\n\n<script>MP3jPLAYERS[2] = { list: MP3jPLAYLISTS.inline_2, tr:0, type:'single', lstate:'', loop:false, play_txt:'&nbsp;&nbsp;&nbsp;&nbsp;&nbsp;', pause_txt:'&nbsp;&nbsp;&nbsp;&nbsp;&nbsp;', pp_title:'', autoplay:false, download:false, vol:76, height:'' };<\/script><\/code><\/p>\n<p>Keskustelun aiheina: #underground #cia #penttilinkola #taiteenymp\u00e4rist\u00f6vaikutukset #rakenteet #moraali #arvot<\/p>\n<p><code><div id=\"mp3jWrap_3\" class=\"mjp-s-wrapper s-graphic unsel-mjp smaller2 gill-mjp\" style=\"font-size:14px;\"><span id=\"playpause_wrap_mp3j_3\" class=\"wrap_inline_mp3j\" style=\"font-weight:700;\"><span class=\"gfxbutton_mp3j play-mjp\" id=\"playpause_mp3j_3\" style=\"font-size:14px;\">&nbsp;&nbsp;&nbsp;&nbsp;&nbsp;<\/span>&nbsp;<span class=\"group_wrap\"><span class=\"bars_mp3j\"><span class=\"loadB_mp3j\" id=\"load_mp3j_3\"><\/span><span class=\"posbarB_mp3j\" id=\"posbar_mp3j_3\"><\/span><\/span><span class=\"T_mp3j\" id=\"T_mp3j_3\" style=\"font-size:14px;\">Taide ja yhteiskunnallinen vaikuttaminen, osa 3<\/span><span class=\"indi_mp3j\" style=\"font-size:9.8px;\" id=\"statusMI_3\"><\/span><\/span><span class=\"vol_mp3j flipped\" id=\"vol_mp3j_3\"><\/span><\/span><\/div><span class=\"s-nosolution\" id=\"mp3j_nosolution_3\" style=\"display:none;\"><\/span><script>\nMP3jPLAYLISTS.inline_3 = [\n\t{ name: \"yhteiskunnallinentaidekeskustelu-osa3\", formats: [\"mp3\"], mp3: \"aHR0cDovL3N0cmVhbS52YWRlbG1hLm9yZzo2MTk3NC9rb3JwcGlyYWRpby95aHRlaXNrdW5uYWxsaW5lbnRhaWRla2Vza3VzdGVsdS1vc2EzLm1wMw==\", counterpart:\"\", artist: \"\", image: \"\", imgurl: \"\" }\n];\n<\/script>\n\n<script>MP3jPLAYERS[3] = { list: MP3jPLAYLISTS.inline_3, tr:0, type:'single', lstate:'', loop:false, play_txt:'&nbsp;&nbsp;&nbsp;&nbsp;&nbsp;', pause_txt:'&nbsp;&nbsp;&nbsp;&nbsp;&nbsp;', pp_title:'', autoplay:false, download:false, vol:76, height:'' };<\/script><\/code><\/p>\n<p>Keskustelun aiheina: #kertak\u00e4ytt\u00f6kulttuuri #taidehistoria #taiteenperint\u00f6 #aktuaalisuus #kapitalisminkritiikki #oswaldspengler #ymp\u00e4rist\u00f6myrkyt #kulttuuripessimismi<\/p>\n<p><code><div id=\"mp3jWrap_4\" class=\"mjp-s-wrapper s-graphic unsel-mjp smaller2 gill-mjp\" style=\"font-size:14px;\"><span id=\"playpause_wrap_mp3j_4\" class=\"wrap_inline_mp3j\" style=\"font-weight:700;\"><span class=\"gfxbutton_mp3j play-mjp\" id=\"playpause_mp3j_4\" style=\"font-size:14px;\">&nbsp;&nbsp;&nbsp;&nbsp;&nbsp;<\/span>&nbsp;<span class=\"group_wrap\"><span class=\"bars_mp3j\"><span class=\"loadB_mp3j\" id=\"load_mp3j_4\"><\/span><span class=\"posbarB_mp3j\" id=\"posbar_mp3j_4\"><\/span><\/span><span class=\"T_mp3j\" id=\"T_mp3j_4\" style=\"font-size:14px;\">Taide ja yhteiskunnallinen vaikuttaminen, osa 4<\/span><span class=\"indi_mp3j\" style=\"font-size:9.8px;\" id=\"statusMI_4\"><\/span><\/span><span class=\"vol_mp3j flipped\" id=\"vol_mp3j_4\"><\/span><\/span><\/div><span class=\"s-nosolution\" id=\"mp3j_nosolution_4\" style=\"display:none;\"><\/span><script>\nMP3jPLAYLISTS.inline_4 = [\n\t{ name: \"yhteiskunnallinentaidekeskustelu-osa4\", formats: [\"mp3\"], mp3: \"aHR0cDovL3N0cmVhbS52YWRlbG1hLm9yZzo2MTk3NC9rb3JwcGlyYWRpby95aHRlaXNrdW5uYWxsaW5lbnRhaWRla2Vza3VzdGVsdS1vc2E0Lm1wMw==\", counterpart:\"\", artist: \"\", image: \"\", imgurl: \"\" }\n];\n<\/script>\n\n<script>MP3jPLAYERS[4] = { list: MP3jPLAYLISTS.inline_4, tr:0, type:'single', lstate:'', loop:false, play_txt:'&nbsp;&nbsp;&nbsp;&nbsp;&nbsp;', pause_txt:'&nbsp;&nbsp;&nbsp;&nbsp;&nbsp;', pp_title:'', autoplay:false, download:false, vol:76, height:'' };<\/script><\/code><\/p>\n<p>Keskustelun aiheina: #taidekokemus #pariisi #luovuus #tuho #petervonbagh #theetempleovpsychickyouth #h\u00e4iri\u00f6 #opencall #h\u00f6pin\u00e4\u00e4 #mikkionviel\u00e4auki #muumipeikko #mannerheim<\/p>\n<p><code><div id=\"mp3jWrap_5\" class=\"mjp-s-wrapper s-graphic unsel-mjp smaller2 gill-mjp\" style=\"font-size:14px;\"><span id=\"playpause_wrap_mp3j_5\" class=\"wrap_inline_mp3j\" style=\"font-weight:700;\"><span class=\"gfxbutton_mp3j play-mjp\" id=\"playpause_mp3j_5\" style=\"font-size:14px;\">&nbsp;&nbsp;&nbsp;&nbsp;&nbsp;<\/span>&nbsp;<span class=\"group_wrap\"><span class=\"bars_mp3j\"><span class=\"loadB_mp3j\" id=\"load_mp3j_5\"><\/span><span class=\"posbarB_mp3j\" id=\"posbar_mp3j_5\"><\/span><\/span><span class=\"T_mp3j\" id=\"T_mp3j_5\" style=\"font-size:14px;\">Taide ja yhteiskunnallinen vaikuttaminen, osa 5<\/span><span class=\"indi_mp3j\" style=\"font-size:9.8px;\" id=\"statusMI_5\"><\/span><\/span><span class=\"vol_mp3j flipped\" id=\"vol_mp3j_5\"><\/span><\/span><\/div><span class=\"s-nosolution\" id=\"mp3j_nosolution_5\" style=\"display:none;\"><\/span><script>\nMP3jPLAYLISTS.inline_5 = [\n\t{ name: \"yhteiskunnallinentaidekeskustelu-osa5\", formats: [\"mp3\"], mp3: \"aHR0cDovL3N0cmVhbS52YWRlbG1hLm9yZzo2MTk3NC9rb3JwcGlyYWRpby95aHRlaXNrdW5uYWxsaW5lbnRhaWRla2Vza3VzdGVsdS1vc2E1Lm1wMw==\", counterpart:\"\", artist: \"\", image: \"\", imgurl: \"\" }\n];\n<\/script>\n\n<script>MP3jPLAYERS[5] = { list: MP3jPLAYLISTS.inline_5, tr:0, type:'single', lstate:'', loop:false, play_txt:'&nbsp;&nbsp;&nbsp;&nbsp;&nbsp;', pause_txt:'&nbsp;&nbsp;&nbsp;&nbsp;&nbsp;', pp_title:'', autoplay:false, download:false, vol:76, height:'' };<\/script><\/code><\/p>\n<hr \/>\n<h4>Holy &amp; Hot &#8211; taidetta, kulttuuria, keskustelua ja jammailua Korppistudiolta 4. marraskuuta 2017.<\/h4>\n<p><code><div id=\"mp3jWrap_6\" class=\"mjp-s-wrapper s-graphic unsel-mjp smaller2 gill-mjp\" style=\"font-size:14px;\"><span id=\"playpause_wrap_mp3j_6\" class=\"wrap_inline_mp3j\" style=\"font-weight:700;\"><span class=\"gfxbutton_mp3j play-mjp\" id=\"playpause_mp3j_6\" style=\"font-size:14px;\">&nbsp;&nbsp;&nbsp;&nbsp;&nbsp;<\/span>&nbsp;<span class=\"group_wrap\"><span class=\"bars_mp3j\"><span class=\"loadB_mp3j\" id=\"load_mp3j_6\"><\/span><span class=\"posbarB_mp3j\" id=\"posbar_mp3j_6\"><\/span><\/span><span class=\"T_mp3j\" id=\"T_mp3j_6\" style=\"font-size:14px;\">Holy &amp; Hot, osa 1<\/span><span class=\"indi_mp3j\" style=\"font-size:9.8px;\" id=\"statusMI_6\"><\/span><\/span><span class=\"vol_mp3j flipped\" id=\"vol_mp3j_6\"><\/span><\/span><\/div><span class=\"s-nosolution\" id=\"mp3j_nosolution_6\" style=\"display:none;\"><\/span><script>\nMP3jPLAYLISTS.inline_6 = [\n\t{ name: \"holy-hot-1\", formats: [\"mp3\"], mp3: \"aHR0cDovL3N0cmVhbS52YWRlbG1hLm9yZzo2MTk3NC9rb3JwcGlyYWRpby9ob2x5LWhvdC0xLm1wMw==\", counterpart:\"\", artist: \"\", image: \"\", imgurl: \"\" }\n];\n<\/script>\n\n<script>MP3jPLAYERS[6] = { list: MP3jPLAYLISTS.inline_6, tr:0, type:'single', lstate:'', loop:false, play_txt:'&nbsp;&nbsp;&nbsp;&nbsp;&nbsp;', pause_txt:'&nbsp;&nbsp;&nbsp;&nbsp;&nbsp;', pp_title:'', autoplay:false, download:false, vol:76, height:'' };<\/script><\/code><\/p>\n<p><code><div id=\"mp3jWrap_7\" class=\"mjp-s-wrapper s-graphic unsel-mjp smaller2 gill-mjp\" style=\"font-size:14px;\"><span id=\"playpause_wrap_mp3j_7\" class=\"wrap_inline_mp3j\" style=\"font-weight:700;\"><span class=\"gfxbutton_mp3j play-mjp\" id=\"playpause_mp3j_7\" style=\"font-size:14px;\">&nbsp;&nbsp;&nbsp;&nbsp;&nbsp;<\/span>&nbsp;<span class=\"group_wrap\"><span class=\"bars_mp3j\"><span class=\"loadB_mp3j\" id=\"load_mp3j_7\"><\/span><span class=\"posbarB_mp3j\" id=\"posbar_mp3j_7\"><\/span><\/span><span class=\"T_mp3j\" id=\"T_mp3j_7\" style=\"font-size:14px;\">Holy &amp; Hot, osa 2<\/span><span class=\"indi_mp3j\" style=\"font-size:9.8px;\" id=\"statusMI_7\"><\/span><\/span><span class=\"vol_mp3j flipped\" id=\"vol_mp3j_7\"><\/span><\/span><\/div><span class=\"s-nosolution\" id=\"mp3j_nosolution_7\" style=\"display:none;\"><\/span><script>\nMP3jPLAYLISTS.inline_7 = [\n\t{ name: \"holy-hot-2\", formats: [\"mp3\"], mp3: \"aHR0cDovL3N0cmVhbS52YWRlbG1hLm9yZzo2MTk3NC9rb3JwcGlyYWRpby9ob2x5LWhvdC0yLm1wMw==\", counterpart:\"\", artist: \"\", image: \"\", imgurl: \"\" }\n];\n<\/script>\n\n<script>MP3jPLAYERS[7] = { list: MP3jPLAYLISTS.inline_7, tr:0, type:'single', lstate:'', loop:false, play_txt:'&nbsp;&nbsp;&nbsp;&nbsp;&nbsp;', pause_txt:'&nbsp;&nbsp;&nbsp;&nbsp;&nbsp;', pp_title:'', autoplay:false, download:false, vol:76, height:'' };<\/script><\/code><\/p>\n<p><code><div id=\"mp3jWrap_8\" class=\"mjp-s-wrapper s-graphic unsel-mjp smaller2 gill-mjp\" style=\"font-size:14px;\"><span id=\"playpause_wrap_mp3j_8\" class=\"wrap_inline_mp3j\" style=\"font-weight:700;\"><span class=\"gfxbutton_mp3j play-mjp\" id=\"playpause_mp3j_8\" style=\"font-size:14px;\">&nbsp;&nbsp;&nbsp;&nbsp;&nbsp;<\/span>&nbsp;<span class=\"group_wrap\"><span class=\"bars_mp3j\"><span class=\"loadB_mp3j\" id=\"load_mp3j_8\"><\/span><span class=\"posbarB_mp3j\" id=\"posbar_mp3j_8\"><\/span><\/span><span class=\"T_mp3j\" id=\"T_mp3j_8\" style=\"font-size:14px;\">Holy &amp; Hot, osa 3<\/span><span class=\"indi_mp3j\" style=\"font-size:9.8px;\" id=\"statusMI_8\"><\/span><\/span><span class=\"vol_mp3j flipped\" id=\"vol_mp3j_8\"><\/span><\/span><\/div><span class=\"s-nosolution\" id=\"mp3j_nosolution_8\" style=\"display:none;\"><\/span><script>\nMP3jPLAYLISTS.inline_8 = [\n\t{ name: \"holy-hot-3\", formats: [\"mp3\"], mp3: \"aHR0cDovL3N0cmVhbS52YWRlbG1hLm9yZzo2MTk3NC9rb3JwcGlyYWRpby9ob2x5LWhvdC0zLm1wMw==\", counterpart:\"\", artist: \"\", image: \"\", imgurl: \"\" }\n];\n<\/script>\n\n<script>MP3jPLAYERS[8] = { list: MP3jPLAYLISTS.inline_8, tr:0, type:'single', lstate:'', loop:false, play_txt:'&nbsp;&nbsp;&nbsp;&nbsp;&nbsp;', pause_txt:'&nbsp;&nbsp;&nbsp;&nbsp;&nbsp;', pp_title:'', autoplay:false, download:false, vol:76, height:'' };<\/script><\/code><\/p>\n<p><code><div id=\"mp3jWrap_9\" class=\"mjp-s-wrapper s-graphic unsel-mjp smaller2 gill-mjp\" style=\"font-size:14px;\"><span id=\"playpause_wrap_mp3j_9\" class=\"wrap_inline_mp3j\" style=\"font-weight:700;\"><span class=\"gfxbutton_mp3j play-mjp\" id=\"playpause_mp3j_9\" style=\"font-size:14px;\">&nbsp;&nbsp;&nbsp;&nbsp;&nbsp;<\/span>&nbsp;<span class=\"group_wrap\"><span class=\"bars_mp3j\"><span class=\"loadB_mp3j\" id=\"load_mp3j_9\"><\/span><span class=\"posbarB_mp3j\" id=\"posbar_mp3j_9\"><\/span><\/span><span class=\"T_mp3j\" id=\"T_mp3j_9\" style=\"font-size:14px;\">Holy &amp; Hot, osa 4<\/span><span class=\"indi_mp3j\" style=\"font-size:9.8px;\" id=\"statusMI_9\"><\/span><\/span><span class=\"vol_mp3j flipped\" id=\"vol_mp3j_9\"><\/span><\/span><\/div><span class=\"s-nosolution\" id=\"mp3j_nosolution_9\" style=\"display:none;\"><\/span><script>\nMP3jPLAYLISTS.inline_9 = [\n\t{ name: \"holy-hot-4\", formats: [\"mp3\"], mp3: \"aHR0cDovL3N0cmVhbS52YWRlbG1hLm9yZzo2MTk3NC9rb3JwcGlyYWRpby9ob2x5LWhvdC00Lm1wMw==\", counterpart:\"\", artist: \"\", image: \"\", imgurl: \"\" }\n];\n<\/script>\n\n<script>MP3jPLAYERS[9] = { list: MP3jPLAYLISTS.inline_9, tr:0, type:'single', lstate:'', loop:false, play_txt:'&nbsp;&nbsp;&nbsp;&nbsp;&nbsp;', pause_txt:'&nbsp;&nbsp;&nbsp;&nbsp;&nbsp;', pp_title:'', autoplay:false, download:false, vol:76, height:'' };<\/script><\/code><\/p>\n<hr \/>\n<p><strong>Kulttuurikanttarelli &#8211; SOUNDSCAPES &#8211; Nousevaa \u00e4\u00e4nitaidetta Tanskasta ja Ranskasta.<br \/>\n<\/strong><\/p>\n<p><code><div id=\"mp3jWrap_10\" class=\"mjp-s-wrapper s-graphic unsel-mjp smaller2 gill-mjp\" style=\"font-size:14px;\"><span id=\"playpause_wrap_mp3j_10\" class=\"wrap_inline_mp3j\" style=\"font-weight:700;\"><span class=\"gfxbutton_mp3j play-mjp\" id=\"playpause_mp3j_10\" style=\"font-size:14px;\">&nbsp;&nbsp;&nbsp;&nbsp;&nbsp;<\/span>&nbsp;<span class=\"group_wrap\"><span class=\"bars_mp3j\"><span class=\"loadB_mp3j\" id=\"load_mp3j_10\"><\/span><span class=\"posbarB_mp3j\" id=\"posbar_mp3j_10\"><\/span><\/span><span class=\"T_mp3j\" id=\"T_mp3j_10\" style=\"font-size:14px;\">Kulttuurikanttarelli: Soundscapes (26.9.2014)<\/span><span class=\"indi_mp3j\" style=\"font-size:9.8px;\" id=\"statusMI_10\"><\/span><\/span><span class=\"vol_mp3j flipped\" id=\"vol_mp3j_10\"><\/span><\/span><\/div><span class=\"s-nosolution\" id=\"mp3j_nosolution_10\" style=\"display:none;\"><\/span><script>\nMP3jPLAYLISTS.inline_10 = [\n\t{ name: \"kulttuurikanttarelli_soundscape260914\", formats: [\"mp3\"], mp3: \"aHR0cDovL3N0cmVhbS52YWRlbG1hLm9yZzo2MTk3NC9rb3JwcGlyYWRpby9rdWx0dHV1cmlrYW50dGFyZWxsaV9zb3VuZHNjYXBlMjYwOTE0Lm1wMw==\", counterpart:\"\", artist: \"\", image: \"\", imgurl: \"\" }\n];\n<\/script>\n\n<script>MP3jPLAYERS[10] = { list: MP3jPLAYLISTS.inline_10, tr:0, type:'single', lstate:'', loop:false, play_txt:'&nbsp;&nbsp;&nbsp;&nbsp;&nbsp;', pause_txt:'&nbsp;&nbsp;&nbsp;&nbsp;&nbsp;', pp_title:'', autoplay:false, download:false, vol:76, height:'' };<\/script><\/code><\/p>\n<p><strong>Kulttuurikanttarelli &#8211; <\/strong><a href=\"http:\/\/roskalavapaviljonki.blogspot.fi\/\" target=\"_blank\" rel=\"noopener noreferrer\">Roskalavapaviljongilla<\/a>:<\/p>\n<p><code><div id=\"mp3jWrap_11\" class=\"mjp-s-wrapper s-graphic unsel-mjp smaller2 gill-mjp\" style=\"font-size:14px;\"><span id=\"playpause_wrap_mp3j_11\" class=\"wrap_inline_mp3j\" style=\"font-weight:700;\"><span class=\"gfxbutton_mp3j play-mjp\" id=\"playpause_mp3j_11\" style=\"font-size:14px;\">&nbsp;&nbsp;&nbsp;&nbsp;&nbsp;<\/span>&nbsp;<span class=\"group_wrap\"><span class=\"bars_mp3j\"><span class=\"loadB_mp3j\" id=\"load_mp3j_11\"><\/span><span class=\"posbarB_mp3j\" id=\"posbar_mp3j_11\"><\/span><\/span><span class=\"T_mp3j\" id=\"T_mp3j_11\" style=\"font-size:14px;\">Kulttuurikanttarelli: Roskalavapaviljonki<\/span><span class=\"indi_mp3j\" style=\"font-size:9.8px;\" id=\"statusMI_11\"><\/span><\/span><span class=\"vol_mp3j flipped\" id=\"vol_mp3j_11\"><\/span><\/span><\/div><span class=\"s-nosolution\" id=\"mp3j_nosolution_11\" style=\"display:none;\"><\/span><script>\nMP3jPLAYLISTS.inline_11 = [\n\t{ name: \"Kulttuurikanttarelli_Roskalavapaviljonki\", formats: [\"mp3\"], mp3: \"aHR0cDovL3N0cmVhbS52YWRlbG1hLm9yZzo2MTk3NC9rb3JwcGlyYWRpby9LdWx0dHV1cmlrYW50dGFyZWxsaV9Sb3NrYWxhdmFwYXZpbGpvbmtpLm1wMw==\", counterpart:\"\", artist: \"\", image: \"\", imgurl: \"\" }\n];\n<\/script>\n\n<script>MP3jPLAYERS[11] = { list: MP3jPLAYLISTS.inline_11, tr:0, type:'single', lstate:'', loop:false, play_txt:'&nbsp;&nbsp;&nbsp;&nbsp;&nbsp;', pause_txt:'&nbsp;&nbsp;&nbsp;&nbsp;&nbsp;', pp_title:'', autoplay:false, download:false, vol:76, height:'' };<\/script><\/code><\/p>\n<p><strong>Kulttuurikanttarelli &#8211; <\/strong>We did it &#8211; (mieli)kuvia dissosiaation reunamilta Herttoniemen Helmi-talolla:<\/p>\n<p><code><div id=\"mp3jWrap_12\" class=\"mjp-s-wrapper s-graphic unsel-mjp smaller2 gill-mjp\" style=\"font-size:14px;\"><span id=\"playpause_wrap_mp3j_12\" class=\"wrap_inline_mp3j\" style=\"font-weight:700;\"><span class=\"gfxbutton_mp3j play-mjp\" id=\"playpause_mp3j_12\" style=\"font-size:14px;\">&nbsp;&nbsp;&nbsp;&nbsp;&nbsp;<\/span>&nbsp;<span class=\"group_wrap\"><span class=\"bars_mp3j\"><span class=\"loadB_mp3j\" id=\"load_mp3j_12\"><\/span><span class=\"posbarB_mp3j\" id=\"posbar_mp3j_12\"><\/span><\/span><span class=\"T_mp3j\" id=\"T_mp3j_12\" style=\"font-size:14px;\">Kulttuurikanttarelli: Wedidit<\/span><span class=\"indi_mp3j\" style=\"font-size:9.8px;\" id=\"statusMI_12\"><\/span><\/span><span class=\"vol_mp3j flipped\" id=\"vol_mp3j_12\"><\/span><\/span><\/div><span class=\"s-nosolution\" id=\"mp3j_nosolution_12\" style=\"display:none;\"><\/span><script>\nMP3jPLAYLISTS.inline_12 = [\n\t{ name: \"Kulttuurikanttarelli_Wedidit\", formats: [\"mp3\"], mp3: \"aHR0cDovL3N0cmVhbS52YWRlbG1hLm9yZzo2MTk3NC9rb3JwcGlyYWRpby9LdWx0dHV1cmlrYW50dGFyZWxsaV9XZWRpZGl0Lm1wMw==\", counterpart:\"\", artist: \"\", image: \"\", imgurl: \"\" }\n];\n<\/script>\n\n<script>MP3jPLAYERS[12] = { list: MP3jPLAYLISTS.inline_12, tr:0, type:'single', lstate:'', loop:false, play_txt:'&nbsp;&nbsp;&nbsp;&nbsp;&nbsp;', pause_txt:'&nbsp;&nbsp;&nbsp;&nbsp;&nbsp;', pp_title:'', autoplay:false, download:false, vol:76, height:'' };<\/script><\/code><\/p>\n<p><strong>Kulttuurikanttarelli &#8211; <\/strong>Jean Tinguely Amos Andersonin taidemuseossa (l\u00e4hetetty 23.4.2014):<\/p>\n<p><code><div id=\"mp3jWrap_13\" class=\"mjp-s-wrapper s-graphic unsel-mjp smaller2 gill-mjp\" style=\"font-size:14px;\"><span id=\"playpause_wrap_mp3j_13\" class=\"wrap_inline_mp3j\" style=\"font-weight:700;\"><span class=\"gfxbutton_mp3j play-mjp\" id=\"playpause_mp3j_13\" style=\"font-size:14px;\">&nbsp;&nbsp;&nbsp;&nbsp;&nbsp;<\/span>&nbsp;<span class=\"group_wrap\"><span class=\"bars_mp3j\"><span class=\"loadB_mp3j\" id=\"load_mp3j_13\"><\/span><span class=\"posbarB_mp3j\" id=\"posbar_mp3j_13\"><\/span><\/span><span class=\"T_mp3j\" id=\"T_mp3j_13\" style=\"font-size:14px;\">Kulttuurikanttarelli: Tinguely<\/span><span class=\"indi_mp3j\" style=\"font-size:9.8px;\" id=\"statusMI_13\"><\/span><\/span><span class=\"vol_mp3j flipped\" id=\"vol_mp3j_13\"><\/span><\/span><\/div><span class=\"s-nosolution\" id=\"mp3j_nosolution_13\" style=\"display:none;\"><\/span><script>\nMP3jPLAYLISTS.inline_13 = [\n\t{ name: \"Kulttuurikanttarelli_Tinguely\", formats: [\"mp3\"], mp3: \"aHR0cDovL3N0cmVhbS52YWRlbG1hLm9yZzo2MTk3NC9rb3JwcGlyYWRpby9LdWx0dHV1cmlrYW50dGFyZWxsaV9UaW5ndWVseS5tcDM=\", counterpart:\"\", artist: \"\", image: \"\", imgurl: \"\" }\n];\n<\/script>\n\n<script>MP3jPLAYERS[13] = { list: MP3jPLAYLISTS.inline_13, tr:0, type:'single', lstate:'', loop:false, play_txt:'&nbsp;&nbsp;&nbsp;&nbsp;&nbsp;', pause_txt:'&nbsp;&nbsp;&nbsp;&nbsp;&nbsp;', pp_title:'', autoplay:false, download:false, vol:76, height:'' };<\/script><\/code><\/p>\n<p><strong>Kulttuurikanttarelli Studio &#8211;<\/strong> Odo Maran &#8211; sis\u00e4inen Udmurtia Galleria Huudossa J\u00e4tk\u00e4saaressa (l\u00e4hetetty sunnuntaina 9.3.2014):<\/p>\n<p><code><div id=\"mp3jWrap_14\" class=\"mjp-s-wrapper s-graphic unsel-mjp smaller2 gill-mjp\" style=\"font-size:14px;\"><span id=\"playpause_wrap_mp3j_14\" class=\"wrap_inline_mp3j\" style=\"font-weight:700;\"><span class=\"gfxbutton_mp3j play-mjp\" id=\"playpause_mp3j_14\" style=\"font-size:14px;\">&nbsp;&nbsp;&nbsp;&nbsp;&nbsp;<\/span>&nbsp;<span class=\"group_wrap\"><span class=\"bars_mp3j\"><span class=\"loadB_mp3j\" id=\"load_mp3j_14\"><\/span><span class=\"posbarB_mp3j\" id=\"posbar_mp3j_14\"><\/span><\/span><span class=\"T_mp3j\" id=\"T_mp3j_14\" style=\"font-size:14px;\">Kulttuurikanttarelli: Udmurti<\/span><span class=\"indi_mp3j\" style=\"font-size:9.8px;\" id=\"statusMI_14\"><\/span><\/span><span class=\"vol_mp3j flipped\" id=\"vol_mp3j_14\"><\/span><\/span><\/div><span class=\"s-nosolution\" id=\"mp3j_nosolution_14\" style=\"display:none;\"><\/span><script>\nMP3jPLAYLISTS.inline_14 = [\n\t{ name: \"Kulttuurikanttarelli_Sudmurtis\", formats: [\"mp3\"], mp3: \"aHR0cDovL3N0cmVhbS52YWRlbG1hLm9yZzo2MTk3NC9rb3JwcGlyYWRpby9LdWx0dHV1cmlrYW50dGFyZWxsaV9TdWRtdXJ0aXMubXAz\", counterpart:\"\", artist: \"\", image: \"\", imgurl: \"\" }\n];\n<\/script>\n\n<script>MP3jPLAYERS[14] = { list: MP3jPLAYLISTS.inline_14, tr:0, type:'single', lstate:'', loop:false, play_txt:'&nbsp;&nbsp;&nbsp;&nbsp;&nbsp;', pause_txt:'&nbsp;&nbsp;&nbsp;&nbsp;&nbsp;', pp_title:'', autoplay:false, download:false, vol:76, height:'' };<\/script><\/code><\/p>\n<p><strong>Kulttuurikanttarelli Studio &#8211;<\/strong> Syv\u00e4 syy -n\u00e4yttely Art Kaarisillassa sek\u00e4 Taina Riikosen Skin Archive Akusmatassa (l\u00e4hetetty suununtaina 9.3.2014):<\/p>\n<p><code><div id=\"mp3jWrap_15\" class=\"mjp-s-wrapper s-graphic unsel-mjp smaller2 gill-mjp\" style=\"font-size:14px;\"><span id=\"playpause_wrap_mp3j_15\" class=\"wrap_inline_mp3j\" style=\"font-weight:700;\"><span class=\"gfxbutton_mp3j play-mjp\" id=\"playpause_mp3j_15\" style=\"font-size:14px;\">&nbsp;&nbsp;&nbsp;&nbsp;&nbsp;<\/span>&nbsp;<span class=\"group_wrap\"><span class=\"bars_mp3j\"><span class=\"loadB_mp3j\" id=\"load_mp3j_15\"><\/span><span class=\"posbarB_mp3j\" id=\"posbar_mp3j_15\"><\/span><\/span><span class=\"T_mp3j\" id=\"T_mp3j_15\" style=\"font-size:14px;\">Kulttuurikanttarelli: Akusmata<\/span><span class=\"indi_mp3j\" style=\"font-size:9.8px;\" id=\"statusMI_15\"><\/span><\/span><span class=\"vol_mp3j flipped\" id=\"vol_mp3j_15\"><\/span><\/span><\/div><span class=\"s-nosolution\" id=\"mp3j_nosolution_15\" style=\"display:none;\"><\/span><script>\nMP3jPLAYLISTS.inline_15 = [\n\t{ name: \"Kulttuurikanttarelli_Akusmata\", formats: [\"mp3\"], mp3: \"aHR0cDovL3N0cmVhbS52YWRlbG1hLm9yZzo2MTk3NC9rb3JwcGlyYWRpby9LdWx0dHV1cmlrYW50dGFyZWxsaV9Ba3VzbWF0YS5tcDM=\", counterpart:\"\", artist: \"\", image: \"\", imgurl: \"\" }\n];\n<\/script>\n\n<script>MP3jPLAYERS[15] = { list: MP3jPLAYLISTS.inline_15, tr:0, type:'single', lstate:'', loop:false, play_txt:'&nbsp;&nbsp;&nbsp;&nbsp;&nbsp;', pause_txt:'&nbsp;&nbsp;&nbsp;&nbsp;&nbsp;', pp_title:'', autoplay:false, download:false, vol:76, height:'' };<\/script><\/code><\/p>\n<p><strong>Kulttuurikanttarelli Studio &#8211; <\/strong>Korppiradion uuden studion tupaantuliaisissa ja Taiteen Syntym\u00e4p\u00e4ivill\u00e4 (l\u00e4hetetty sunnuntaina 19.1.2014 &#8211; 1 h 08 min):<\/p>\n<p><code><div id=\"mp3jWrap_16\" class=\"mjp-s-wrapper s-graphic unsel-mjp smaller2 gill-mjp\" style=\"font-size:14px;\"><span id=\"playpause_wrap_mp3j_16\" class=\"wrap_inline_mp3j\" style=\"font-weight:700;\"><span class=\"gfxbutton_mp3j play-mjp\" id=\"playpause_mp3j_16\" style=\"font-size:14px;\">&nbsp;&nbsp;&nbsp;&nbsp;&nbsp;<\/span>&nbsp;<span class=\"group_wrap\"><span class=\"bars_mp3j\"><span class=\"loadB_mp3j\" id=\"load_mp3j_16\"><\/span><span class=\"posbarB_mp3j\" id=\"posbar_mp3j_16\"><\/span><\/span><span class=\"T_mp3j\" id=\"T_mp3j_16\" style=\"font-size:14px;\">Kulttuurikanttarelli: Tuparit<\/span><span class=\"indi_mp3j\" style=\"font-size:9.8px;\" id=\"statusMI_16\"><\/span><\/span><span class=\"vol_mp3j flipped\" id=\"vol_mp3j_16\"><\/span><\/span><\/div><span class=\"s-nosolution\" id=\"mp3j_nosolution_16\" style=\"display:none;\"><\/span><script>\nMP3jPLAYLISTS.inline_16 = [\n\t{ name: \"Kulttuurikanttarelli_Tuparit\", formats: [\"mp3\"], mp3: \"aHR0cDovL3N0cmVhbS52YWRlbG1hLm9yZzo2MTk3NC9rb3JwcGlyYWRpby9LdWx0dHV1cmlrYW50dGFyZWxsaV9UdXBhcml0Lm1wMw==\", counterpart:\"\", artist: \"\", image: \"\", imgurl: \"\" }\n];\n<\/script>\n\n<script>MP3jPLAYERS[16] = { list: MP3jPLAYLISTS.inline_16, tr:0, type:'single', lstate:'', loop:false, play_txt:'&nbsp;&nbsp;&nbsp;&nbsp;&nbsp;', pause_txt:'&nbsp;&nbsp;&nbsp;&nbsp;&nbsp;', pp_title:'', autoplay:false, download:false, vol:76, height:'' };<\/script><\/code><\/p>\n<p><strong>Kulttuurikanttarelli &#8211; <\/strong>Kurenniemi ja Taanila Kiasmassa, Nuoret 2013 Taidehallissa, P\u00e4iv\u00e4 paketissa kansalaistorilla (l\u00e4hetetty 5.1.2014 &#8211; 29 min 26 s)<\/p>\n<p><code><div id=\"mp3jWrap_17\" class=\"mjp-s-wrapper s-graphic unsel-mjp smaller2 gill-mjp\" style=\"font-size:14px;\"><span id=\"playpause_wrap_mp3j_17\" class=\"wrap_inline_mp3j\" style=\"font-weight:700;\"><span class=\"gfxbutton_mp3j play-mjp\" id=\"playpause_mp3j_17\" style=\"font-size:14px;\">&nbsp;&nbsp;&nbsp;&nbsp;&nbsp;<\/span>&nbsp;<span class=\"group_wrap\"><span class=\"bars_mp3j\"><span class=\"loadB_mp3j\" id=\"load_mp3j_17\"><\/span><span class=\"posbarB_mp3j\" id=\"posbar_mp3j_17\"><\/span><\/span><span class=\"T_mp3j\" id=\"T_mp3j_17\" style=\"font-size:14px;\">Kulttuurikanttarelli: Kurenniemi ja Taanila<\/span><span class=\"indi_mp3j\" style=\"font-size:9.8px;\" id=\"statusMI_17\"><\/span><\/span><span class=\"vol_mp3j flipped\" id=\"vol_mp3j_17\"><\/span><\/span><\/div><span class=\"s-nosolution\" id=\"mp3j_nosolution_17\" style=\"display:none;\"><\/span><script>\nMP3jPLAYLISTS.inline_17 = [\n\t{ name: \"Kulttuurikanttarelli_4k\", formats: [\"mp3\"], mp3: \"aHR0cDovL3N0cmVhbS52YWRlbG1hLm9yZzo2MTk3NC9rb3JwcGlyYWRpby9LdWx0dHV1cmlrYW50dGFyZWxsaV80ay5tcDM=\", counterpart:\"\", artist: \"\", image: \"\", imgurl: \"\" }\n];\n<\/script>\n\n<script>MP3jPLAYERS[17] = { list: MP3jPLAYLISTS.inline_17, tr:0, type:'single', lstate:'', loop:false, play_txt:'&nbsp;&nbsp;&nbsp;&nbsp;&nbsp;', pause_txt:'&nbsp;&nbsp;&nbsp;&nbsp;&nbsp;', pp_title:'', autoplay:false, download:false, vol:76, height:'' };<\/script><\/code><\/p>\n<p><strong>Kulttuurikanttarelli &#8211; Sunnuntaistudio \/ Long Play (2 h) &#8211; <\/strong><br \/>\nP\u00e4iv\u00e4 paketissa. Ensimm\u00e4isess\u00e4 Korppiradion omasta uudesta kellaripes\u00e4st\u00e4 tehdyss\u00e4 ohjelmassa palaamme viett\u00e4m\u00e4\u00e4n tuokioita Aikeen edist\u00e4miskeskukseen ja keskustelemme kulttuurista, taiteesta ja kiireest\u00e4 (l\u00e4hetetty 12.1.2014):<\/p>\n<p><code><div id=\"mp3jWrap_18\" class=\"mjp-s-wrapper s-graphic unsel-mjp smaller2 gill-mjp\" style=\"font-size:14px;\"><span id=\"playpause_wrap_mp3j_18\" class=\"wrap_inline_mp3j\" style=\"font-weight:700;\"><span class=\"gfxbutton_mp3j play-mjp\" id=\"playpause_mp3j_18\" style=\"font-size:14px;\">&nbsp;&nbsp;&nbsp;&nbsp;&nbsp;<\/span>&nbsp;<span class=\"group_wrap\"><span class=\"bars_mp3j\"><span class=\"loadB_mp3j\" id=\"load_mp3j_18\"><\/span><span class=\"posbarB_mp3j\" id=\"posbar_mp3j_18\"><\/span><\/span><span class=\"T_mp3j\" id=\"T_mp3j_18\" style=\"font-size:14px;\">Kulttuurikanttarelli: Osa 1<\/span><span class=\"indi_mp3j\" style=\"font-size:9.8px;\" id=\"statusMI_18\"><\/span><\/span><span class=\"vol_mp3j flipped\" id=\"vol_mp3j_18\"><\/span><\/span><\/div><span class=\"s-nosolution\" id=\"mp3j_nosolution_18\" style=\"display:none;\"><\/span><script>\nMP3jPLAYLISTS.inline_18 = [\n\t{ name: \"Kulttuurikanttarelli_1\", formats: [\"mp3\"], mp3: \"aHR0cDovL3N0cmVhbS52YWRlbG1hLm9yZzo2MTk3NC9rb3JwcGlyYWRpby9LdWx0dHV1cmlrYW50dGFyZWxsaV8xLm1wMw==\", counterpart:\"\", artist: \"\", image: \"\", imgurl: \"\" }\n];\n<\/script>\n\n<script>MP3jPLAYERS[18] = { list: MP3jPLAYLISTS.inline_18, tr:0, type:'single', lstate:'', loop:false, play_txt:'&nbsp;&nbsp;&nbsp;&nbsp;&nbsp;', pause_txt:'&nbsp;&nbsp;&nbsp;&nbsp;&nbsp;', pp_title:'', autoplay:false, download:false, vol:76, height:'' };<\/script><\/code><\/p>\n<p>Kulttuurikanttarelli &#8211; Lux. Video. Single Play (10 min 58 s) audiovisuaaliset kanavat: <a href=\"http:\/\/m2hz.tv\">m2hz<\/a><\/p>\n","protected":false},"excerpt":{"rendered":"<p>Kanttarelli on makoisa paistettuna ja niiss\u00e4 on harvoin toukkia. Kulttuurikanttarelli tarjoilee keltaisissa heltoissaan ja helmoissaan keikkoja, n\u00e4yttelyit\u00e4, kulttuuriantia kaupungissa, taajamissa ja tienposkilla. Meille voit vinkata omista tai kaverin tapahtumista, keikoista, n\u00e4yttelyist\u00e4, paikoista, asioista. Kutsu meid\u00e4t paikalle! korppi (at) korppiradio. net Nauhoitetut jaksot: Ajan henki \/ paikan henki &#8211; keskustelu Korppistudiolla 27.11.2018 Keskustelemassa: Jenni Luhta, Simo&hellip;<\/p>\n","protected":false},"author":1,"featured_media":0,"parent":0,"menu_order":0,"comment_status":"closed","ping_status":"closed","template":"","meta":{"footnotes":""},"class_list":["post-1162","page","type-page","status-publish","hentry"],"_links":{"self":[{"href":"https:\/\/www.vadelma.org\/korppiradio\/wp-json\/wp\/v2\/pages\/1162","targetHints":{"allow":["GET"]}}],"collection":[{"href":"https:\/\/www.vadelma.org\/korppiradio\/wp-json\/wp\/v2\/pages"}],"about":[{"href":"https:\/\/www.vadelma.org\/korppiradio\/wp-json\/wp\/v2\/types\/page"}],"author":[{"embeddable":true,"href":"https:\/\/www.vadelma.org\/korppiradio\/wp-json\/wp\/v2\/users\/1"}],"replies":[{"embeddable":true,"href":"https:\/\/www.vadelma.org\/korppiradio\/wp-json\/wp\/v2\/comments?post=1162"}],"version-history":[{"count":0,"href":"https:\/\/www.vadelma.org\/korppiradio\/wp-json\/wp\/v2\/pages\/1162\/revisions"}],"wp:attachment":[{"href":"https:\/\/www.vadelma.org\/korppiradio\/wp-json\/wp\/v2\/media?parent=1162"}],"curies":[{"name":"wp","href":"https:\/\/api.w.org\/{rel}","templated":true}]}}