{"id":1283,"date":"2014-01-24T10:46:08","date_gmt":"2014-01-24T08:46:08","guid":{"rendered":"http:\/\/vadelma.org\/korppiradio\/?page_id=1283"},"modified":"2019-03-04T11:28:30","modified_gmt":"2019-03-04T09:28:30","slug":"metsamorfoosi","status":"publish","type":"page","link":"https:\/\/www.vadelma.org\/korppiradio\/ohjelma-arkisto\/metsamorfoosi\/","title":{"rendered":"Mets\u00e4morfoosi"},"content":{"rendered":"<p><strong>Mets\u00e4morfoosi \/ Forestmorphosis<\/strong><\/p>\n<p>Mets\u00e4morfoosi XL taidetilassa on p\u00e4\u00e4ttynyt, mutta t\u00e4ll\u00e4 sivulla julkaistaan kev\u00e4\u00e4n kuluessa projektiin liittyvi\u00e4 audio- ja videoteoksia sek\u00e4 dokumentaatiota prosessista.<\/p>\n<p>25.1.\u20131.3.2014<\/p>\n<p><a href=\"http:\/\/xlartspace.tumblr.com\/\" target=\"_blank\" rel=\"noopener noreferrer\">XL Art Space<\/a>, Vuorikatu 22, Helsinki<\/p>\n<p>Avoinna: ti\u2013pe 12\u201320, la 12\u201318. \/ Open: Tue\u2013Fri 12\u201320, Sat 12\u201318.<\/p>\n<p><em>N\u00e4yttely-, tapahtuma- ja radiotila tulee n\u00e4iden viiden viikon ajan toimimaan my\u00f6s Korppiradion kaikille avoimena tilallisena k\u00e4ytt\u00f6liittym\u00e4n\u00e4, jossa tehd\u00e4\u00e4n ohjelmia, k\u00e4yd\u00e4\u00e4n kriittist\u00e4 keskustelua vakavista aiheista, ja johon voi kokoontua kuuntelemaan ohjelmia yhdess\u00e4. Koko ajan p\u00e4ivittyv\u00e4 aikataulu Mets\u00e4morfoosin l\u00e4hetysten ja tapahtumien osalta on n\u00e4ht\u00e4vill\u00e4 Korppiradion <a href=\"http:\/\/vadelma.org\/korppiradio\/kalenteri\">kalenterissa<\/a>. Teemoista ja tapahtumista tulee infoa my\u00f6s t\u00e4lle sivulle.<\/em><\/p>\n<p style=\"padding-left: 30px;\">Perjantaina 24.1. klo 18-21 Avajaiset, ohjelmassa mm. Jenni Markkanen: &#8221;Uusi yritys&#8221; (performanssi), Ruslan (musiikkia), vj hypericum : &#8221;maailma on mets\u00e4&#8221; (projisointi ja video)<\/p>\n<p>Ensimm\u00e4inen viikko.<\/p>\n<p style=\"padding-left: 30px;\"><div class=\"popout-wrap-mjp unsel-mjp\" id=\"mp3j_popout_0\"><img decoding=\"async\" class=\"popout-image-mjp-custom\" src=\"http:\/\/vadelma.org\/korppiradio\/wp-content\/uploads\/2014\/01\/korppiplayer_02ppp1.jpg\" \/><div class=\"popout-text-mjp\"><p>popup player (beta)<\/p><\/div><\/div><script>\nMP3jPLAYLISTS.popout_0 = [\n\t{ name: \"paskiaiskeskustelu\", formats: [\"mp3\"], mp3: \"aHR0cDovL3N0cmVhbS52YWRlbG1hLm9yZzo2MTk3NC9rb3JwcGlyYWRpby9wYXNraWFpc2tlc2t1c3RlbHUubXAz\", counterpart:\"\", artist: \"\", image: \"true\", imgurl: \"\" }\n];\n<\/script>\n\n<script>MP3jPLAYERS[0] = { list: MP3jPLAYLISTS.popout_0, tr:0, type:'popout', lstate:true, loop:true, play_txt:'Play', pause_txt:'Pause', pp_title:'Korppiradio', autoplay:true, download:false, vol:76, height:false, cssclass: 'fullbars, nopopupbutton, nopn, nolistbutton noscreen nostop', popout_css:{ enabled:true, \t\t\tcolours: [\"#fff\", \"rgba(230, 28, 28, 0.93)\", \"rgb(107, 197, 191)\", \"rgba(0, 48, 255, 0.7)\", \"rgba(143, 0, 0, 0.8)\", \"#000000\", \"#000000\", \"#261506\", \"#000000\", \"#fcc50b\", \"#377724\", \"http:\/\/korppiradio.net\/wp-content\/uploads\/2015\/09\/korppiradio_logo-box-wbb.jpg\", 459, 200 ],\n\t\t\tcssInterface: { \"color\": \"#261506\" },\n\t\t\tcssTitle: { \"left\": \"16px\", \"right\":\"144px\", \"top\":\"33px\" },\n\t\t\tcssImage: { \"overflow\": \"visible\", \"width\":\"auto\", \"height\":\"0px\"  },\n\t\t\tcssFontSize: { \"title\": \"32px\", \"caption\": \"22.4px\", \"list\": \"12px\" },\n\t\t\tclasses: { interface:' gill-mjp', title:' left-mjp bold-mjp plain-mjp childNorm-mjp childPlain-mjp', image:' Himg centre-mjp', poscol:' softenT-mjp', ul:' lighten2-mjp light-mjp childNorm-mjp childPlain-mjp left-mjp' }} };<\/script>\n\n<\/p>\n<p style=\"padding-left: 30px;\">Tiistaina 28.1. klo 18-20 Olemme paskiaisia, avoin itsekriittinen keskustelu.<\/p>\n<p style=\"padding-left: 30px;\"><div class=\"popout-wrap-mjp unsel-mjp\" id=\"mp3j_popout_1\"><img decoding=\"async\" class=\"popout-image-mjp-custom\" src=\"http:\/\/vadelma.org\/korppiradio\/wp-content\/uploads\/2014\/01\/korppiplayer_02ppp1.jpg\" \/><div class=\"popout-text-mjp\"><p>popup player (beta)<\/p><\/div><\/div><script>\nMP3jPLAYLISTS.popout_1 = [\n\t{ name: \"metsamorfoosi_pyhakeskustelu\", formats: [\"mp3\"], mp3: \"aHR0cDovL3N0cmVhbS52YWRlbG1hLm9yZzo2MTk3NC9rb3JwcGlyYWRpby9tZXRzYW1vcmZvb3NpX3B5aGFrZXNrdXN0ZWx1Lm1wMw==\", counterpart:\"\", artist: \"\", image: \"true\", imgurl: \"\" }\n];\n<\/script>\n\n<script>MP3jPLAYERS[1] = { list: MP3jPLAYLISTS.popout_1, tr:0, type:'popout', lstate:true, loop:true, play_txt:'Play', pause_txt:'Pause', pp_title:'Korppiradio', autoplay:true, download:false, vol:76, height:false, cssclass: 'fullbars, nopopupbutton, nopn, nolistbutton noscreen nostop', popout_css:{ enabled:true, \t\t\tcolours: [\"#fff\", \"rgba(230, 28, 28, 0.93)\", \"rgb(107, 197, 191)\", \"rgba(0, 48, 255, 0.7)\", \"rgba(143, 0, 0, 0.8)\", \"#000000\", \"#000000\", \"#261506\", \"#000000\", \"#fcc50b\", \"#377724\", \"http:\/\/korppiradio.net\/wp-content\/uploads\/2015\/09\/korppiradio_logo-box-wbb.jpg\", 459, 200 ],\n\t\t\tcssInterface: { \"color\": \"#261506\" },\n\t\t\tcssTitle: { \"left\": \"16px\", \"right\":\"144px\", \"top\":\"33px\" },\n\t\t\tcssImage: { \"overflow\": \"visible\", \"width\":\"auto\", \"height\":\"0px\"  },\n\t\t\tcssFontSize: { \"title\": \"32px\", \"caption\": \"22.4px\", \"list\": \"12px\" },\n\t\t\tclasses: { interface:' gill-mjp', title:' left-mjp bold-mjp plain-mjp childNorm-mjp childPlain-mjp', image:' Himg centre-mjp', poscol:' softenT-mjp', ul:' lighten2-mjp light-mjp childNorm-mjp childPlain-mjp left-mjp' }} };<\/script>\n\n<\/p>\n<p style=\"padding-left: 30px;\">Keskiviikkona 29.1. klo 16-19 Pyh\u00e4n rajat, kriittinen keskustelu.<\/p>\n<p style=\"padding-left: 30px;\"><div class=\"popout-wrap-mjp unsel-mjp\" id=\"mp3j_popout_2\"><img decoding=\"async\" class=\"popout-image-mjp-custom\" src=\"http:\/\/vadelma.org\/korppiradio\/wp-content\/uploads\/2014\/01\/korppiplayer_02ppp1.jpg\" \/><div class=\"popout-text-mjp\"><p>popup player (beta)<\/p><\/div><\/div><script>\nMP3jPLAYLISTS.popout_2 = [\n\t{ name: \"metsamorfoosi_sahastra\", formats: [\"mp3\"], mp3: \"aHR0cDovL3N0cmVhbS52YWRlbG1hLm9yZzo2MTk3NC9rb3JwcGlyYWRpby9tZXRzYW1vcmZvb3NpX3NhaGFzdHJhLm1wMw==\", counterpart:\"\", artist: \"\", image: \"true\", imgurl: \"\" }\n];\n<\/script>\n\n<script>MP3jPLAYERS[2] = { list: MP3jPLAYLISTS.popout_2, tr:0, type:'popout', lstate:true, loop:true, play_txt:'Play', pause_txt:'Pause', pp_title:'Korppiradio', autoplay:true, download:false, vol:76, height:false, cssclass: 'fullbars, nopopupbutton, nopn, nolistbutton noscreen nostop', popout_css:{ enabled:true, \t\t\tcolours: [\"#fff\", \"rgba(230, 28, 28, 0.93)\", \"rgb(107, 197, 191)\", \"rgba(0, 48, 255, 0.7)\", \"rgba(143, 0, 0, 0.8)\", \"#000000\", \"#000000\", \"#261506\", \"#000000\", \"#fcc50b\", \"#377724\", \"http:\/\/korppiradio.net\/wp-content\/uploads\/2015\/09\/korppiradio_logo-box-wbb.jpg\", 459, 200 ],\n\t\t\tcssInterface: { \"color\": \"#261506\" },\n\t\t\tcssTitle: { \"left\": \"16px\", \"right\":\"144px\", \"top\":\"33px\" },\n\t\t\tcssImage: { \"overflow\": \"visible\", \"width\":\"auto\", \"height\":\"0px\"  },\n\t\t\tcssFontSize: { \"title\": \"32px\", \"caption\": \"22.4px\", \"list\": \"12px\" },\n\t\t\tclasses: { interface:' gill-mjp', title:' left-mjp bold-mjp plain-mjp childNorm-mjp childPlain-mjp', image:' Himg centre-mjp', poscol:' softenT-mjp', ul:' lighten2-mjp light-mjp childNorm-mjp childPlain-mjp left-mjp' }} };<\/script>\n\n<\/p>\n<p style=\"padding-left: 30px;\">Perjantaina 31.1. klo 18-20 Mets\u00e4morfoosi Live :&nbsp; Sahastra &amp; VJ KSNK<\/p>\n<p style=\"padding-left: 30px;\"><div class=\"popout-wrap-mjp unsel-mjp\" id=\"mp3j_popout_3\"><img decoding=\"async\" class=\"popout-image-mjp-custom\" src=\"http:\/\/vadelma.org\/korppiradio\/wp-content\/uploads\/2014\/01\/korppiplayer_02ppp1.jpg\" \/><div class=\"popout-text-mjp\"><p>popup player (beta)<\/p><\/div><\/div><script>\nMP3jPLAYLISTS.popout_3 = [\n\t{ name: \"DrummerVSnightingale1\", formats: [\"mp3\"], mp3: \"aHR0cDovL3N0cmVhbS52YWRlbG1hLm9yZzo2MTk3NC9rb3JwcGlyYWRpby9EcnVtbWVyVlNuaWdodGluZ2FsZTEubXAz\", counterpart:\"\", artist: \"\", image: \"true\", imgurl: \"\" }\n];\n<\/script>\n\n<script>MP3jPLAYERS[3] = { list: MP3jPLAYLISTS.popout_3, tr:0, type:'popout', lstate:true, loop:true, play_txt:'Play', pause_txt:'Pause', pp_title:'Korppiradio', autoplay:true, download:false, vol:76, height:false, cssclass: 'fullbars, nopopupbutton, nopn, nolistbutton noscreen nostop', popout_css:{ enabled:true, \t\t\tcolours: [\"#fff\", \"rgba(230, 28, 28, 0.93)\", \"rgb(107, 197, 191)\", \"rgba(0, 48, 255, 0.7)\", \"rgba(143, 0, 0, 0.8)\", \"#000000\", \"#000000\", \"#261506\", \"#000000\", \"#fcc50b\", \"#377724\", \"http:\/\/korppiradio.net\/wp-content\/uploads\/2015\/09\/korppiradio_logo-box-wbb.jpg\", 459, 200 ],\n\t\t\tcssInterface: { \"color\": \"#261506\" },\n\t\t\tcssTitle: { \"left\": \"16px\", \"right\":\"144px\", \"top\":\"33px\" },\n\t\t\tcssImage: { \"overflow\": \"visible\", \"width\":\"auto\", \"height\":\"0px\"  },\n\t\t\tcssFontSize: { \"title\": \"32px\", \"caption\": \"22.4px\", \"list\": \"12px\" },\n\t\t\tclasses: { interface:' gill-mjp', title:' left-mjp bold-mjp plain-mjp childNorm-mjp childPlain-mjp', image:' Himg centre-mjp', poscol:' softenT-mjp', ul:' lighten2-mjp light-mjp childNorm-mjp childPlain-mjp left-mjp' }} };<\/script>\n\n<\/p>\n<p style=\"padding-left: 30px;\">Tatu R\u00f6nkk\u00f6 ja Satakieli.<strong><br \/>\n<\/strong><\/p>\n<p style=\"padding-left: 30px;\">vj kosmas (hypericum) : maailma on mets\u00e4 (2014, interaktiivinen video, n 15min) ja 8mm projisointi (2012, super8-filmi, n 15m)<\/p>\n<p>Toinen viikko.<\/p>\n<p style=\"padding-left: 30px;\">Tuulia Kasonen: Messias &nbsp;interaktiivinen installaatio, radio, muotokuva, s\u00e4hk\u00f6<\/p>\n<p style=\"padding-left: 30px;\">Sisko Maria Pajari:&nbsp; Edelt\u00e4 menneet \u2015 They went away&nbsp;&nbsp; 4. \u2013 8.2. 2014<\/p>\n<p style=\"padding-left: 30px;\">Taiteilija tavattavissa \/ l\u00e4hetykset Korppiradiossa p\u00e4ivitt\u00e4in klo 20<br \/>\nTi 4.2. klo 18-19<br \/>\nKe 5.2. 16\u201218<br \/>\nTo 6.2. 13\u201215<br \/>\nPe 7.2. 14\u201216<br \/>\nLa 8.2. 14\u201218<\/p>\n<p style=\"padding-left: 30px;\"><div class=\"popout-wrap-mjp unsel-mjp\" id=\"mp3j_popout_4\"><img decoding=\"async\" class=\"popout-image-mjp-custom\" src=\"http:\/\/vadelma.org\/korppiradio\/wp-content\/uploads\/2014\/01\/korppiplayer_02ppp1.jpg\" \/><div class=\"popout-text-mjp\"><p>popup player (beta)<\/p><\/div><\/div><script>\nMP3jPLAYLISTS.popout_4 = [\n\t{ name: \"metsamorfoosi_edeltamenneet1\", formats: [\"mp3\"], mp3: \"aHR0cDovL3N0cmVhbS52YWRlbG1hLm9yZzo2MTk3NC9rb3JwcGlyYWRpby9tZXRzYW1vcmZvb3NpX2VkZWx0YW1lbm5lZXQxLm1wMw==\", counterpart:\"\", artist: \"\", image: \"true\", imgurl: \"\" }\n];\n<\/script>\n\n<script>MP3jPLAYERS[4] = { list: MP3jPLAYLISTS.popout_4, tr:0, type:'popout', lstate:true, loop:true, play_txt:'Play', pause_txt:'Pause', pp_title:'Korppiradio', autoplay:true, download:false, vol:76, height:false, cssclass: 'fullbars, nopopupbutton, nopn, nolistbutton noscreen nostop', popout_css:{ enabled:true, \t\t\tcolours: [\"#fff\", \"rgba(230, 28, 28, 0.93)\", \"rgb(107, 197, 191)\", \"rgba(0, 48, 255, 0.7)\", \"rgba(143, 0, 0, 0.8)\", \"#000000\", \"#000000\", \"#261506\", \"#000000\", \"#fcc50b\", \"#377724\", \"http:\/\/korppiradio.net\/wp-content\/uploads\/2015\/09\/korppiradio_logo-box-wbb.jpg\", 459, 200 ],\n\t\t\tcssInterface: { \"color\": \"#261506\" },\n\t\t\tcssTitle: { \"left\": \"16px\", \"right\":\"144px\", \"top\":\"33px\" },\n\t\t\tcssImage: { \"overflow\": \"visible\", \"width\":\"auto\", \"height\":\"0px\"  },\n\t\t\tcssFontSize: { \"title\": \"32px\", \"caption\": \"22.4px\", \"list\": \"12px\" },\n\t\t\tclasses: { interface:' gill-mjp', title:' left-mjp bold-mjp plain-mjp childNorm-mjp childPlain-mjp', image:' Himg centre-mjp', poscol:' softenT-mjp', ul:' lighten2-mjp light-mjp childNorm-mjp childPlain-mjp left-mjp' }} };<\/script>\n\n<\/p>\n<p>Edelt\u00e4 menneet 1<\/p>\n<p>Pohdintoja h\u00e4m\u00e4r\u00e4ss\u00e4, keskustelua kellarista, s\u00e4ngyn kasaamista, kellonly\u00f6mi\u00e4, lyriikkaa &#8211; kantavana teemana kuolema.<\/p>\n<p style=\"padding-left: 30px;\"><div class=\"popout-wrap-mjp unsel-mjp\" id=\"mp3j_popout_5\"><img decoding=\"async\" class=\"popout-image-mjp-custom\" src=\"http:\/\/vadelma.org\/korppiradio\/wp-content\/uploads\/2014\/01\/korppiplayer_02ppp1.jpg\" \/><div class=\"popout-text-mjp\"><p>popup player (beta)<\/p><\/div><\/div><script>\nMP3jPLAYLISTS.popout_5 = [\n\t{ name: \"metsamorfoosi_edeltamenneet2\", formats: [\"mp3\"], mp3: \"aHR0cDovL3N0cmVhbS52YWRlbG1hLm9yZzo2MTk3NC9rb3JwcGlyYWRpby9tZXRzYW1vcmZvb3NpX2VkZWx0YW1lbm5lZXQyLm1wMw==\", counterpart:\"\", artist: \"\", image: \"true\", imgurl: \"\" }\n];\n<\/script>\n\n<script>MP3jPLAYERS[5] = { list: MP3jPLAYLISTS.popout_5, tr:0, type:'popout', lstate:true, loop:true, play_txt:'Play', pause_txt:'Pause', pp_title:'Korppiradio', autoplay:true, download:false, vol:76, height:false, cssclass: 'fullbars, nopopupbutton, nopn, nolistbutton noscreen nostop', popout_css:{ enabled:true, \t\t\tcolours: [\"#fff\", \"rgba(230, 28, 28, 0.93)\", \"rgb(107, 197, 191)\", \"rgba(0, 48, 255, 0.7)\", \"rgba(143, 0, 0, 0.8)\", \"#000000\", \"#000000\", \"#261506\", \"#000000\", \"#fcc50b\", \"#377724\", \"http:\/\/korppiradio.net\/wp-content\/uploads\/2015\/09\/korppiradio_logo-box-wbb.jpg\", 459, 200 ],\n\t\t\tcssInterface: { \"color\": \"#261506\" },\n\t\t\tcssTitle: { \"left\": \"16px\", \"right\":\"144px\", \"top\":\"33px\" },\n\t\t\tcssImage: { \"overflow\": \"visible\", \"width\":\"auto\", \"height\":\"0px\"  },\n\t\t\tcssFontSize: { \"title\": \"32px\", \"caption\": \"22.4px\", \"list\": \"12px\" },\n\t\t\tclasses: { interface:' gill-mjp', title:' left-mjp bold-mjp plain-mjp childNorm-mjp childPlain-mjp', image:' Himg centre-mjp', poscol:' softenT-mjp', ul:' lighten2-mjp light-mjp childNorm-mjp childPlain-mjp left-mjp' }} };<\/script>\n\n<\/p>\n<p>Edelt\u00e4 menneet 2<\/p>\n<p>Kuolemakulttuurin muutos nykyisen Suomen alueella mesoliittisesta kivikaudesta meid\u00e4n p\u00e4iviimme. Teemoja, ajatuksia, runoja, musiikkia.<\/p>\n<div class=\"popout-wrap-mjp unsel-mjp\" id=\"mp3j_popout_6\"><img decoding=\"async\" class=\"popout-image-mjp-custom\" src=\"http:\/\/vadelma.org\/korppiradio\/wp-content\/uploads\/2014\/01\/korppiplayer_02ppp1.jpg\" \/><div class=\"popout-text-mjp\"><p>popup player (beta)<\/p><\/div><\/div><script>\nMP3jPLAYLISTS.popout_6 = [\n\t{ name: \"metsamorfoosi_edeltamenneet3\", formats: [\"mp3\"], mp3: \"aHR0cDovL3N0cmVhbS52YWRlbG1hLm9yZzo2MTk3NC9rb3JwcGlyYWRpby9tZXRzYW1vcmZvb3NpX2VkZWx0YW1lbm5lZXQzLm1wMw==\", counterpart:\"\", artist: \"\", image: \"true\", imgurl: \"\" }\n];\n<\/script>\n\n<script>MP3jPLAYERS[6] = { list: MP3jPLAYLISTS.popout_6, tr:0, type:'popout', lstate:true, loop:true, play_txt:'Play', pause_txt:'Pause', pp_title:'Korppiradio', autoplay:true, download:false, vol:76, height:false, cssclass: 'fullbars, nopopupbutton, nopn, nolistbutton noscreen nostop', popout_css:{ enabled:true, \t\t\tcolours: [\"#fff\", \"rgba(230, 28, 28, 0.93)\", \"rgb(107, 197, 191)\", \"rgba(0, 48, 255, 0.7)\", \"rgba(143, 0, 0, 0.8)\", \"#000000\", \"#000000\", \"#261506\", \"#000000\", \"#fcc50b\", \"#377724\", \"http:\/\/korppiradio.net\/wp-content\/uploads\/2015\/09\/korppiradio_logo-box-wbb.jpg\", 459, 200 ],\n\t\t\tcssInterface: { \"color\": \"#261506\" },\n\t\t\tcssTitle: { \"left\": \"16px\", \"right\":\"144px\", \"top\":\"33px\" },\n\t\t\tcssImage: { \"overflow\": \"visible\", \"width\":\"auto\", \"height\":\"0px\"  },\n\t\t\tcssFontSize: { \"title\": \"32px\", \"caption\": \"22.4px\", \"list\": \"12px\" },\n\t\t\tclasses: { interface:' gill-mjp', title:' left-mjp bold-mjp plain-mjp childNorm-mjp childPlain-mjp', image:' Himg centre-mjp', poscol:' softenT-mjp', ul:' lighten2-mjp light-mjp childNorm-mjp childPlain-mjp left-mjp' }} };<\/script>\n\n\n<p>Edelt\u00e4 menneet 3<\/p>\n<p>Uskontotieteilij\u00e4 Risto Pulkkinen kertoo k\u00e4sityksist\u00e4\u00e4n kuolemakulttuurista. Musiikista vastaa Ruslan. Lis\u00e4ksi runoja ja hajamietelmi\u00e4.<\/p>\n<p style=\"padding-left: 30px;\">vj naakuman : kotimets\u00e4 (2014, audio+video, n 15min)<\/p>\n<p>Kolmas viikko.<\/p>\n<p style=\"padding-left: 30px;\">Keskiviikkona 12.2. <a href=\"http:\/\/etnoaalto.blogspot.fi\/\" target=\"_blank\" rel=\"noopener noreferrer\">Aalto <\/a>-yhtyeen Mets\u00e4taloush\u00f6\u00f6mei -musiikkivideon ensiesitys klo 19:30.<\/p>\n<p style=\"padding-left: 30px;\">Torstaina 13.2. Videoperformanssipaja. Spontaani vaellusperformanssi halki urbanian ja ihmisryteik\u00f6n. L\u00e4hde mukaan! Kokoontuminen XL taidetilassa klo 12:20.<\/p>\n<p style=\"padding-left: 30px;\">Perjantaina 14.2. Yst\u00e4v\u00e4np\u00e4iv\u00e4n Vadelma-jamit. Suora l\u00e4hetys klo 17-20.<\/p>\n<p style=\"padding-left: 30px;\">Olga Palom\u00e4ki : Parallel Landscape (2013, audio+video, 4min 48s)<\/p>\n<p>Nelj\u00e4s viikko.<\/p>\n<p style=\"padding-left: 30px;\">Torstaina 20.2. Videoperformanssipaja. Vaellusperformanssi urbaniassa jatkuu.<\/p>\n<p style=\"padding-left: 30px;\">Lauantaina 22.2. Random Doctors &amp; Friends, audiovisuaaliset jamit.<\/p>\n<p style=\"padding-left: 30px;\">Jonne Pitk\u00e4nen : Mating Time (audio+video)<\/p>\n<p>Viides viikko.<\/p>\n<p style=\"padding-left: 30px;\">Lauantaina 1.3. Mets\u00e4morfoosin p\u00e4\u00e4t\u00f6stapahtuma klo 15-18.<\/p>\n<p><strong>Mets\u00e4morfoosi<\/strong> on viisi viikkoa kest\u00e4v\u00e4 kollektiivisesti koottava teosten, kuvien, \u00e4\u00e4nten ja tilanteiden yhdistelm\u00e4, joka kutsuu kaikki mukaan vuorovaikutukseen.<\/p>\n<p>Taiteilija-yleis\u00f6positiot ovat asenteita joihin voi liitty\u00e4 hierarkiaa, erillisyytt\u00e4 ja valtaa. Onneksi asenteita on mahdollista haastaa ja muuttaa tiedostamalla ne. Tekij\u00e4\u00e4 ja katsojaa yhdist\u00e4\u00e4 ihmisen osa itse\u00e4\u00e4n suuremmalta tuntuvien kysymysten \u00e4\u00e4rell\u00e4.<\/p>\n<p>Taiteilijan ja katsojan v\u00e4linen suhde on dialogi \u2013 kommunikaatiota, joka muuttuu merkityksett\u00f6m\u00e4ksi jos jompikumpi osapuoli j\u00e4tt\u00e4\u00e4 uskomatta t\u00e4h\u00e4n prosessiin.<\/p>\n<p>T\u00e4ss\u00e4 yhteisty\u00f6projektissa keskeist\u00e4 on kokeileva tilank\u00e4ytt\u00f6 ja autonomisuuden etsint\u00e4. Vaikka autonomia suhteessa vallitsevaan yhteiskunnalliseen- ja rahatalousj\u00e4rjestelm\u00e4\u00e4n ei olisi mahdollista, pakoreittej\u00e4 ja vastustuksen muotoja on etsitt\u00e4v\u00e4. Valtamedian, koulutusj\u00e4rjestelm\u00e4n ja taidelaitosten tarjoamat todellisuudenkuvaukset ovat osittaisia ja riitt\u00e4m\u00e4tt\u00f6mi\u00e4. Yksi n\u00e4yttelyn teemoista on mets\u00e4.<\/p>\n<p>mukana: Emily Hart, Antti Hintsa, Meri Hietala, Tuulia Kasonen, Kalle Kuisma, Laura Lukkarila, Jenni Markkanen, Sisko Pajari, Olga Palom\u00e4ki, Milla Paloniemi, Katri Tuulia Pelander, Jonne Pitk\u00e4nen, Random Doctors, Antti Silvekoski, Hanna Vainio, Jermu Wright + muita korppeja sek\u00e4 vadelmalaisia, kuraattorina Toni Ledentsa.<\/p>\n<p><em>&#8221;Monet meist\u00e4 rakastavat mets\u00e4n kansaa yht\u00e4 paljon kuin mit\u00e4 mets\u00e4n kansa rakastaa itse itse\u00e4\u00e4n. Sanoisin, ett\u00e4 se on meiss\u00e4 jokseenkin synnynn\u00e4ist\u00e4.&#8221;<\/em> *<\/p>\n<p>Suomalaisten luontosuhteen erityisyytt\u00e4 painotetaan usein. Onko suhteemme luontoon viel\u00e4 tosi, l\u00e4sn\u00e4 oleva tai kunnioittava? Vai ovatko vieraantuneisuus, v\u00e4linpit\u00e4m\u00e4tt\u00f6myys, mukavuudenhalu ja laiskuus aiheuttaneet sen, ettemme en\u00e4\u00e4 edes tied\u00e4 millainen suhteemme luontoon tai yleens\u00e4 todellisuuteen on? Jokaisen on avattava itse omat silm\u00e4ns\u00e4.<\/p>\n<div>Yhteisty\u00f6ss\u00e4: Korppiradio, visuaalisen taiteen ja el\u00e4v\u00e4n musiikin yhdistys<a href=\"http:\/\/vadelma.org\" target=\"_blank\" rel=\"noopener noreferrer\"> Vadelma<\/a> ry, <a href=\"http:\/\/randomdoctors.com\" target=\"_blank\" rel=\"noopener noreferrer\">Random Doctors<\/a><\/div>\n<div><\/div>\n<div><\/div>\n<div><\/div>\n<p>&nbsp;<\/p>\n<p><strong>Forestmorphosis<\/strong> is a processual exhibition project that lives and changes weekly. A collectively assembled combination of images, sounds and situations invites everyone into interaction.<\/p>\n<p>The artist-audience positions are attitudes which can involve hierarchy, separation and power. Fortunately, attitudes can be challenged and changed through acknowledging them. The creator and the viewer often share the same questions. The relationship between the artist and the viewer is a dialogue &#8211; communication that becomes meaningless if either participant does not believe in the process.<\/p>\n<p>This collaborative project explores experimental uses of space and the search for autonomy. Although autonomy in regards to the established social and economic system would not be possible, it is pertinent to search for escape routes and forms of resistance. The mainstream media, education systems and art institutions offer partial and inadequate representations of reality. One of the themes of the exhibition is the forest.<\/p>\n<p><em>&#8221;Many of us love the forest folk as much as the forest folk love themselves. I would say it is somewhat innate for us.&#8221;<\/em> *<\/p>\n<p>The specialty of Finnish people\u2019s relationship to nature is often emphasized. Is our relationship to nature still true, present and respectful? Or have alienation, indifference, self-indulgence and laziness led us to not even know how our relationship to nature and reality at large is? Everyone is responsible for opening their own eyes.<\/p>\n<p>*(Quote from Korppiradio\u2019s radio play \u201cKorppitarina\u201d.)<\/p>\n<p>Collaboration of Korppiradio, <a href=\" http:\/\/www.vadelma.org\/\" target=\"_blank\" rel=\"noopener noreferrer\">Vadelma association of visual arts and live music,<\/a> <a href=\"http:\/\/randomdoctors.com\/\" target=\"_blank\" rel=\"noopener noreferrer\">Random Doctors VJ Collective<\/a>.<\/p>\n<p>&nbsp;<\/p>\n<p><a href=\"http:\/\/www.facebook.com\/events\/1460335157522825\/\" target=\"_blank\" rel=\"noopener noreferrer\">fb<\/a>.<\/p>\n","protected":false},"excerpt":{"rendered":"<p>Mets\u00e4morfoosi \/ Forestmorphosis Mets\u00e4morfoosi XL taidetilassa on p\u00e4\u00e4ttynyt, mutta t\u00e4ll\u00e4 sivulla julkaistaan kev\u00e4\u00e4n kuluessa projektiin liittyvi\u00e4 audio- ja videoteoksia sek\u00e4 dokumentaatiota prosessista. 25.1.\u20131.3.2014 XL Art Space, Vuorikatu 22, Helsinki Avoinna: ti\u2013pe 12\u201320, la 12\u201318. \/ Open: Tue\u2013Fri 12\u201320, Sat 12\u201318. N\u00e4yttely-, tapahtuma- ja radiotila tulee n\u00e4iden viiden viikon ajan toimimaan my\u00f6s Korppiradion kaikille avoimena tilallisena&hellip;<\/p>\n","protected":false},"author":1,"featured_media":0,"parent":932,"menu_order":0,"comment_status":"closed","ping_status":"closed","template":"","meta":{"footnotes":""},"class_list":["post-1283","page","type-page","status-publish","hentry"],"_links":{"self":[{"href":"https:\/\/www.vadelma.org\/korppiradio\/wp-json\/wp\/v2\/pages\/1283","targetHints":{"allow":["GET"]}}],"collection":[{"href":"https:\/\/www.vadelma.org\/korppiradio\/wp-json\/wp\/v2\/pages"}],"about":[{"href":"https:\/\/www.vadelma.org\/korppiradio\/wp-json\/wp\/v2\/types\/page"}],"author":[{"embeddable":true,"href":"https:\/\/www.vadelma.org\/korppiradio\/wp-json\/wp\/v2\/users\/1"}],"replies":[{"embeddable":true,"href":"https:\/\/www.vadelma.org\/korppiradio\/wp-json\/wp\/v2\/comments?post=1283"}],"version-history":[{"count":0,"href":"https:\/\/www.vadelma.org\/korppiradio\/wp-json\/wp\/v2\/pages\/1283\/revisions"}],"up":[{"embeddable":true,"href":"https:\/\/www.vadelma.org\/korppiradio\/wp-json\/wp\/v2\/pages\/932"}],"wp:attachment":[{"href":"https:\/\/www.vadelma.org\/korppiradio\/wp-json\/wp\/v2\/media?parent=1283"}],"curies":[{"name":"wp","href":"https:\/\/api.w.org\/{rel}","templated":true}]}}