{"id":2630,"date":"2015-08-31T15:18:38","date_gmt":"2015-08-31T12:18:38","guid":{"rendered":"http:\/\/vadelma.org\/korppiradio\/?page_id=2630"},"modified":"2019-03-04T11:07:01","modified_gmt":"2019-03-04T09:07:01","slug":"workshop","status":"publish","type":"page","link":"https:\/\/www.vadelma.org\/korppiradio\/workshop\/","title":{"rendered":"Workshop"},"content":{"rendered":"<p><em>Media kuuluu kaikille, siksi Korppiradio j\u00e4rjest\u00e4\u00e4 ty\u00f6pajoja yleisen radioaktivismin lis\u00e4\u00e4miseksi. T\u00e4ss\u00e4 muutamia alustavia ty\u00f6pajakokonaisuuksia (micro fm- ja arduino -pajoille etsit\u00e4\u00e4n vet\u00e4j\u00e4\u00e4). Lis\u00e4tietoja ty\u00f6pajoista antaa Kalle (p. 0503674583).<\/em><\/p>\n<p><em>Ty\u00f6pajojen tueksi ollaan my\u00f6s laatimassa ruohonjuuriradioaktivistin k\u00e4sikirjaa eli <a href=\"http:\/\/vadelma.org\/korppiradio\/korppimanuaali\/\">korppimanuaalia<\/a>.<\/em><\/p>\n<hr>\n<h6 class=\"pre\">VADELMARADIO ty\u00f6paja #2 : OHJELMAPAJA ja TIEDOTUSPAJA<br \/>\nmaanantaina ja tiistaina 17.-18.7.2017 klo 13-17 bunkkerilla<\/h6>\n<div class=\"pre\">\n<ul>\n<li>ohjelmien ideointi tulevan syksyn (elokuu-marraskuu) radiol\u00e4hetysjaksoa varten.<\/li>\n<li>toimittajat, dj:t, juontajat, s\u00e4velt\u00e4j\u00e4t, editoijat ja l\u00e4hetysteknikot ilmoittautukoot \u2013 oma kiinnostus ja halu osallistua on t\u00e4rke\u00e4mp\u00e4\u00e4 kuin osaaminen.<\/li>\n<li>omaehtoinen (anarkistinen) ja yhteis\u00f6llinen prosessi \u2013 on hyv\u00e4 jos ohjelmien ymp\u00e4rille muodostuu \u201cb\u00e4ndi\u201d, jossa jokainen l\u00f6yt\u00e4\u00e4 itselleen sopivan roolin, mutta my\u00f6s t\u00e4ysin itsen\u00e4inen ty\u00f6skentely on mahdollista.<\/li>\n<li>perusohjelmaformaatit, esim: tapahtumat (l\u00e4hetykset konserteista ja runotapahtumista yms), musavieras (livesoittoa ja keskustelua kutsuvieraiden kanssa), vadelma talk (keskustelua mm. taiteesta, musiikista,kulttuurista), vadelmajamit (poikkitaiteelliset sessiot radiostudiolla).<\/li>\n<li>muut omat ohjelmaideat.<\/li>\n<li>ideasta toteutukseen -&gt; tuotannon aikataulutus ja s\u00e4\u00e4nn\u00f6lliset ohjelmapaikat l\u00e4hetyskalenteriin<\/li>\n<li>sovitaan tarpeelliset ty\u00f6pajat uusien ohjelmien tiimoilta.<\/li>\n<li>tiistain ty\u00f6pajassa keskityt\u00e4\u00e4n k\u00e4yt\u00e4nn\u00f6n tekemiseen.<\/li>\n<\/ul>\n<p><em> <strong>TIEDOTUSPAJA (voidaan pit\u00e4\u00e4 osittain samanaikaisesti ohjelmapajan kanssa)<\/strong><\/em><\/p>\n<\/div>\n<div class=\"pre\">\n<ul>\n<li>suunnitellaan tiedotusstrategia ja verkostoituminen alueen toimijoiden kanssa<\/li>\n<li>taideryhm\u00e4 suunnittelee VadelmaRadion graafisen ilmeen ja julisteen<\/li>\n<li>tehd\u00e4\u00e4n julisteita, flyereit\u00e4 ja muita oheistuotteita (tarrat, kangaskassit yms)<\/li>\n<\/ul>\n<p>Tervetuloa mukaan! tiedustelut ja ilmoittautumiset: kalle (at) vadelma .org<\/p>\n<hr>\n<\/div>\n<h3>korppiradio\/tuotanto workshop<\/h3>\n<ul>\n<li>ohjelman tarve ja idea &#8211; tekij\u00e4kierros<\/li>\n<li>perusformaattien ymm\u00e4rt\u00e4minen laajuudessaan <a href=\"http:\/\/vadelma.org\/korppiradio\/formaatit\">*<\/a>)<\/li>\n<li>tuotannon osa-alueet ja vaiheet, osallistujien luontevat roolit, b\u00e4nditys <a href=\"http:\/\/vadelma.org\/korppiradio\/roolit\/\">*<\/a>)<\/li>\n<li>valitaan ideoista paras\/parhaat yhteisesti<\/li>\n<li>perus\u00e4\u00e4nitystekniikka ja muun tarvittavan tekniikan opettelu ohjelmia tehdess\u00e4<\/li>\n<li>nopea tuotantomalli ja hiottu tuotantomalli<\/li>\n<li>ohjelmien julkaisu ja arkistointi, lisensointi<\/li>\n<li>tiedotus ja yhteiskuuntelutilaisuus (ensi-ilta)<\/li>\n<\/ul>\n<h3>korppiradio airtime workshop<\/h3>\n<ul>\n<li>commonal radio station management<\/li>\n<li>scheduling and meddling<\/li>\n<li>live streaming and advertising<\/li>\n<li>editing, tagging, uploading<\/li>\n<li>broadcaster forum and gatherings<\/li>\n<li>creative commons &amp; remix culture<\/li>\n<\/ul>\n<p style=\"padding-left: 30px;\"><strong>Airtime basics workshop 1.10.2015 klo 17-21 @bunkkeri&nbsp;<\/strong><\/p>\n<ul>\n<li>\n<ul>\n<li>ohjelmavirta, palikat ja k\u00e4ytt\u00f6liittym\u00e4<\/li>\n<li>kirjautuminen ja ohjelmointi<\/li>\n<li>tiedoston t\u00e4g\u00e4ys ja lataaminen<\/li>\n<li>suorat l\u00e4hetykset<\/li>\n<li>tiedotus ja k\u00e4yt\u00e4nt\u00f6jen viilaaminen<\/li>\n<\/ul>\n<\/li>\n<\/ul>\n<h3>mobile studio basics workshop<\/h3>\n<ul>\n<li>mikitys ja miksaus<\/li>\n<li>monitorointi<\/li>\n<li>l\u00e4hetys ja tallennus<\/li>\n<li>softaresurssit<\/li>\n<li>telefonin mahdollisuudet ja muuta k\u00e4yt\u00e4nn\u00f6llist\u00e4<\/li>\n<\/ul>\n<h3>mixxx live dj workshop<\/h3>\n<ul>\n<li>l\u00e4hetet\u00e4\u00e4n oma dj show suorana<\/li>\n<li>ohjelmoidaan midikontrolleriohjaus<\/li>\n<li>tsekataan vapaat arkistot (fma, freesound, ym) ja yhteisarkisto (korpit)<\/li>\n<li>nauhoitetaan l\u00e4hetyssessio ja laitetaan se t\u00e4g\u00e4ttyn\u00e4 korppiradion airtime palvelimelle<\/li>\n<li>tarpeet : linux tai mac, mikrofoni, kuulokkeet, + midi-kontrolleri (esim nanoKontrol)<\/li>\n<\/ul>\n<h3>arduino midikontroller workshop<\/h3>\n<ul>\n<li>diy-kontrollerity\u00f6paja<\/li>\n<\/ul>\n<h3>micro fm workshop<\/h3>\n<ul>\n<li>diy radiol\u00e4hetinty\u00f6paja<\/li>\n<li>kuuntelutilan\/tilojen j\u00e4rjest\u00e4minen (radiotaidetila \/ kuunteluhuone)<\/li>\n<li>l\u00e4hettimen vahvistaminen ja l\u00e4hetyksen kattavuus (kartta)<\/li>\n<\/ul>\n<h3>kierr\u00e4tys ja huolto &#8211; ty\u00f6paja<\/h3>\n<ul>\n<li>laitekierr\u00e4tys vastaanottaa toimivat ty\u00f6asemat, ulkoiset \u00e4\u00e4nikortit, mikit<\/li>\n<\/ul>\n","protected":false},"excerpt":{"rendered":"<p>Media kuuluu kaikille, siksi Korppiradio j\u00e4rjest\u00e4\u00e4 ty\u00f6pajoja yleisen radioaktivismin lis\u00e4\u00e4miseksi. T\u00e4ss\u00e4 muutamia alustavia ty\u00f6pajakokonaisuuksia (micro fm- ja arduino -pajoille etsit\u00e4\u00e4n vet\u00e4j\u00e4\u00e4). Lis\u00e4tietoja ty\u00f6pajoista antaa Kalle (p. 0503674583). Ty\u00f6pajojen tueksi ollaan my\u00f6s laatimassa ruohonjuuriradioaktivistin k\u00e4sikirjaa eli korppimanuaalia. VADELMARADIO ty\u00f6paja #2 : OHJELMAPAJA ja TIEDOTUSPAJA maanantaina ja tiistaina 17.-18.7.2017 klo 13-17 bunkkerilla ohjelmien ideointi tulevan syksyn (elokuu-marraskuu)&hellip;<\/p>\n","protected":false},"author":1,"featured_media":0,"parent":0,"menu_order":0,"comment_status":"closed","ping_status":"closed","template":"","meta":{"footnotes":""},"class_list":["post-2630","page","type-page","status-publish","hentry"],"_links":{"self":[{"href":"https:\/\/www.vadelma.org\/korppiradio\/wp-json\/wp\/v2\/pages\/2630","targetHints":{"allow":["GET"]}}],"collection":[{"href":"https:\/\/www.vadelma.org\/korppiradio\/wp-json\/wp\/v2\/pages"}],"about":[{"href":"https:\/\/www.vadelma.org\/korppiradio\/wp-json\/wp\/v2\/types\/page"}],"author":[{"embeddable":true,"href":"https:\/\/www.vadelma.org\/korppiradio\/wp-json\/wp\/v2\/users\/1"}],"replies":[{"embeddable":true,"href":"https:\/\/www.vadelma.org\/korppiradio\/wp-json\/wp\/v2\/comments?post=2630"}],"version-history":[{"count":0,"href":"https:\/\/www.vadelma.org\/korppiradio\/wp-json\/wp\/v2\/pages\/2630\/revisions"}],"wp:attachment":[{"href":"https:\/\/www.vadelma.org\/korppiradio\/wp-json\/wp\/v2\/media?parent=2630"}],"curies":[{"name":"wp","href":"https:\/\/api.w.org\/{rel}","templated":true}]}}