{"id":28,"date":"2013-10-09T14:39:56","date_gmt":"2013-10-09T12:39:56","guid":{"rendered":"http:\/\/korppiradio.wordpress.com\/?page_id=28"},"modified":"2024-10-17T10:49:12","modified_gmt":"2024-10-17T07:49:12","slug":"errorkraut","status":"publish","type":"page","link":"https:\/\/www.vadelma.org\/korppiradio\/errorkraut\/","title":{"rendered":"Errorkraut"},"content":{"rendered":"<p><em><strong>(tauolla) <\/strong><\/em><strong>Errorkraut : Maanantai-iltainen, monip\u00e4inen marginaalimusiikin erikoisohjelma!<\/strong><br \/>\nJoel Errorkraut jatkaa Errorkraut-blogin aloittamaa saagaa radioformaatissa. Alunperin kaveriporukan tekemisten dokumentointiin suunniteltu blogi siirtyi pian k\u00e4sittelem\u00e4\u00e4n kotimaista vaihtoehtomusiikkia kokonaisuudessaan. Muutaman vuoden intohimon ja apatian sekaisin kirjoittelun ja murskaavan kriiseilyn j\u00e4lkeen Joel p\u00e4\u00e4tti siirt\u00e4\u00e4 blogin telakalle radio-ohjelman tielt\u00e4.<\/p>\n<p>Liev\u00e4n kasvukivun j\u00e4lkeen Joel ahdistui j\u00e4lleen itsens\u00e4 asettamien rajoituksien johdosta. Tuntui mahdottomalta tehd\u00e4 pelk\u00e4st\u00e4\u00e4n kotimaiseen musiikkiin keskittyv\u00e4\u00e4 ohjelmaa, mutta toisaalta el\u00e4m\u00e4 tuntui liian lyhyelt\u00e4 tekem\u00e4\u00e4n ohjelmia\u00a0vain kuukausittain. N\u00e4in syntyi Errorkrautin nykyinen konsepti: Temaattisten ohjelmien sarja.<\/p>\n<p>Errorkrautin toistuviin teemoihin lukeutuu esim. Musiikkia syv\u00e4lt\u00e4-ohjelmasarja, jossa keskityt\u00e4\u00e4n kulttiartistien tuotantoon studiovieraiden kanssa, \u00e4\u00e4nekk\u00e4\u00e4seen musiikkiin keskittyv\u00e4 Metelimaanantai tai pyh\u00e4\u00e4n melankoliaan keskittyv\u00e4 Masennusmaanantai. Muita teemoja on luvassa ja tietenkin tasaisin v\u00e4liajoin<\/p>\n<p>Se Perinteinen kotimaista undergroundia ja vaihtoehtomusiikkia tarjoava Errorkraut.<\/p>\n<p>Errorkraut l\u00e4hetet\u00e4\u00e4n p\u00e4\u00e4asiassa maanantaisin. L\u00e4hetykset alkavat seitsem\u00e4n paikkeilla, jolloin kuunnellaan musiikkia ja mahdollisia kuulumisia. P\u00e4\u00e4asiaan, eli illan teemaan, siirryt\u00e4\u00e4n yleens\u00e4 noin klo 20:00. L\u00e4hetykset loppuvat kymmenen paikkeilla.<\/p>\n<p>HUOM!<br \/>\nOhjelmia EI lis\u00e4t\u00e4 Korppiradion sivuille Podcasteina, eli j\u00e4lkik\u00e4teen kuultaviksi. T\u00e4h\u00e4n on erin\u00e4isi\u00e4 syit\u00e4, joita toimitus ei katso tarpeelliseksi selitt\u00e4\u00e4 erikseen. Alla olevat ensimm\u00e4iset jaksot j\u00e4\u00e4v\u00e4t kuultaviksi historiallisina artefakteina ohjelman haparoivista ensiaskeleista!<\/p>\n<p><strong>Nauhoitettuja jaksoja:<\/strong><\/p>\n<p><strong>Errorkraut #2<\/strong>. Varropas-live, soittolistalla mm. Re-Clip, Nuslux, Puiset Heilat, Tulasi yms. (L\u00e4hetetty lauantaina 21.12.2013)<\/p>\n<p><code><div id=\"mp3jWrap_0\" class=\"mjp-s-wrapper s-graphic unsel-mjp  gill-mjp\" style=\"font-size:14px;\"><span id=\"playpause_wrap_mp3j_0\" class=\"wrap_inline_mp3j\" style=\"font-weight:700;\"><span class=\"group_wrap\"><span class=\"bars_mp3j\"><span class=\"loadB_mp3j\" id=\"load_mp3j_0\"><\/span><span class=\"posbarB_mp3j\" id=\"posbar_mp3j_0\"><\/span><\/span><span class=\"T_mp3j\" id=\"T_mp3j_0\" style=\"font-size:14px;\">Errorkraut_2<\/span><span class=\"indi_mp3j\" style=\"font-size:9.8px;\" id=\"statusMI_0\"><\/span><\/span><span class=\"gfxbutton_mp3j play-mjp\" id=\"playpause_mp3j_0\" style=\"font-size:14px;\">&nbsp;&nbsp;&nbsp;&nbsp;&nbsp;<\/span><span class=\"vol_mp3j\" id=\"vol_mp3j_0\"><\/span><\/span><\/div><span class=\"s-nosolution\" id=\"mp3j_nosolution_0\" style=\"display:none;\"><\/span><script>\nMP3jPLAYLISTS.inline_0 = [\n\t{ name: \"Errorkraut_2\", formats: [\"mp3\"], mp3: \"aHR0cDovL3N0cmVhbS52YWRlbG1hLm9yZzo2MTk3NC9rb3JwcGlyYWRpby9FcnJvcmtyYXV0XzIubXAz\", counterpart:\"\", artist: \"\", image: \"\", imgurl: \"\" }\n];\n<\/script>\n\n<script>MP3jPLAYERS[0] = { list: MP3jPLAYLISTS.inline_0, tr:0, type:'single', lstate:'', loop:false, play_txt:'&nbsp;&nbsp;&nbsp;&nbsp;&nbsp;', pause_txt:'&nbsp;&nbsp;&nbsp;&nbsp;&nbsp;', pp_title:'', autoplay:false, download:false, vol:76, height:'' };<\/script><\/code><\/p>\n<p>***** ***** ***** ***** ***** ***** *****<\/p>\n<p><strong>Errorkraut #1<\/strong>. Vieraana Lokit, soittolistalla mm. Mustat Kalsarit, Vindi Karlos, Woude, Noitalinna Huraa yms yms. (L\u00e4hetetty 7.12.2013):<\/p>\n<p><code><div id=\"mp3jWrap_1\" class=\"mjp-s-wrapper s-graphic unsel-mjp bigger2 gill-mjp\" style=\"font-size:14px;\"><span id=\"playpause_wrap_mp3j_1\" class=\"wrap_inline_mp3j\" style=\"font-weight:700;\"><span class=\"gfxbutton_mp3j play-mjp\" id=\"playpause_mp3j_1\" style=\"font-size:14px;\">&nbsp;&nbsp;&nbsp;&nbsp;&nbsp;<\/span>&nbsp;<span class=\"group_wrap\"><span class=\"bars_mp3j\"><span class=\"loadB_mp3j\" id=\"load_mp3j_1\"><\/span><span class=\"posbarB_mp3j\" id=\"posbar_mp3j_1\"><\/span><\/span><span class=\"T_mp3j\" id=\"T_mp3j_1\" style=\"font-size:14px;\">Errorkraut_1<\/span><span class=\"indi_mp3j\" style=\"font-size:9.8px;\" id=\"statusMI_1\"><\/span><\/span><span class=\"vol_mp3j flipped\" id=\"vol_mp3j_1\"><\/span><\/span><\/div><span class=\"s-nosolution\" id=\"mp3j_nosolution_1\" style=\"display:none;\"><\/span><script>\nMP3jPLAYLISTS.inline_1 = [\n\t{ name: \"Errorkraut_1\", formats: [\"mp3\"], mp3: \"aHR0cDovL3N0cmVhbS52YWRlbG1hLm9yZzo2MTk3NC9rb3JwcGlyYWRpby9FcnJvcmtyYXV0XzEubXAz\", counterpart:\"\", artist: \"\", image: \"\", imgurl: \"\" }\n];\n<\/script>\n\n<script>MP3jPLAYERS[1] = { list: MP3jPLAYLISTS.inline_1, tr:0, type:'single', lstate:'', loop:false, play_txt:'&nbsp;&nbsp;&nbsp;&nbsp;&nbsp;', pause_txt:'&nbsp;&nbsp;&nbsp;&nbsp;&nbsp;', pp_title:'', autoplay:false, download:false, vol:76, height:'' };<\/script><\/code><\/p>\n<figure id=\"attachment_728\" aria-describedby=\"caption-attachment-728\" style=\"width: 500px\" class=\"wp-caption alignnone\"><a href=\"http:\/\/vadelma.org\/korppiradio\/wp-content\/uploads\/2013\/12\/errorkraut001_A.jpg\"><img loading=\"lazy\" decoding=\"async\" class=\"size-medium wp-image-728\" src=\"http:\/\/vadelma.org\/korppiradio\/wp-content\/uploads\/2013\/12\/errorkraut001_A-500x273.jpg\" alt=\"Errorkraut, Joel Kupiaisen vieraana Lokit. \u00c4\u00e4nitarkkailijana Jani HIetanen.\" width=\"500\" height=\"273\" srcset=\"https:\/\/www.vadelma.org\/korppiradio\/wp-content\/uploads\/2013\/12\/errorkraut001_A-500x273.jpg 500w, https:\/\/www.vadelma.org\/korppiradio\/wp-content\/uploads\/2013\/12\/errorkraut001_A-274x150.jpg 274w, https:\/\/www.vadelma.org\/korppiradio\/wp-content\/uploads\/2013\/12\/errorkraut001_A.jpg 900w\" sizes=\"auto, (max-width: 500px) 100vw, 500px\" \/><\/a><figcaption id=\"caption-attachment-728\" class=\"wp-caption-text\">Errorkraut, Joel Kupiaisen vieraana Lokit. \u00c4\u00e4nitarkkailijana Jani Hietanen.<\/figcaption><\/figure>\n<p><strong>Errorkrautin esittelyjakso <\/strong>(l\u00e4hetetty 17.11.2013):<\/p>\n<p><code><div id=\"mp3jWrap_2\" class=\"mjp-s-wrapper s-graphic unsel-mjp bigger2 gill-mjp\" style=\"font-size:14px;\"><span id=\"playpause_wrap_mp3j_2\" class=\"wrap_inline_mp3j\" style=\"font-weight:700;\"><span class=\"gfxbutton_mp3j play-mjp\" id=\"playpause_mp3j_2\" style=\"font-size:14px;\">&nbsp;&nbsp;&nbsp;&nbsp;&nbsp;<\/span>&nbsp;<span class=\"group_wrap\"><span class=\"bars_mp3j\"><span class=\"loadB_mp3j\" id=\"load_mp3j_2\"><\/span><span class=\"posbarB_mp3j\" id=\"posbar_mp3j_2\"><\/span><\/span><span class=\"T_mp3j\" id=\"T_mp3j_2\" style=\"font-size:14px;\">Avajaiset_Errorkraut<\/span><span class=\"indi_mp3j\" style=\"font-size:9.8px;\" id=\"statusMI_2\"><\/span><\/span><span class=\"vol_mp3j flipped\" id=\"vol_mp3j_2\"><\/span><\/span><\/div><span class=\"s-nosolution\" id=\"mp3j_nosolution_2\" style=\"display:none;\"><\/span><script>\nMP3jPLAYLISTS.inline_2 = [\n\t{ name: \"Avajaiset_Errorkraut\", formats: [\"mp3\"], mp3: \"aHR0cDovL3N0cmVhbS52YWRlbG1hLm9yZzo2MTk3NC9rb3JwcGlyYWRpby9BdmFqYWlzZXRfRXJyb3JrcmF1dC5tcDM=\", counterpart:\"\", artist: \"\", image: \"\", imgurl: \"\" }\n];\n<\/script>\n\n<script>MP3jPLAYERS[2] = { list: MP3jPLAYLISTS.inline_2, tr:0, type:'single', lstate:'', loop:false, play_txt:'&nbsp;&nbsp;&nbsp;&nbsp;&nbsp;', pause_txt:'&nbsp;&nbsp;&nbsp;&nbsp;&nbsp;', pp_title:'', autoplay:false, download:false, vol:76, height:'' };<\/script><\/code><\/p>\n","protected":false},"excerpt":{"rendered":"<p>(tauolla) Errorkraut : Maanantai-iltainen, monip\u00e4inen marginaalimusiikin erikoisohjelma! Joel Errorkraut jatkaa Errorkraut-blogin aloittamaa saagaa radioformaatissa. Alunperin kaveriporukan tekemisten dokumentointiin suunniteltu blogi siirtyi pian k\u00e4sittelem\u00e4\u00e4n kotimaista vaihtoehtomusiikkia kokonaisuudessaan. Muutaman vuoden intohimon ja apatian sekaisin kirjoittelun ja murskaavan kriiseilyn j\u00e4lkeen Joel p\u00e4\u00e4tti siirt\u00e4\u00e4 blogin telakalle radio-ohjelman tielt\u00e4. Liev\u00e4n kasvukivun j\u00e4lkeen Joel ahdistui j\u00e4lleen itsens\u00e4 asettamien rajoituksien johdosta. Tuntui&hellip;<\/p>\n","protected":false},"author":4,"featured_media":0,"parent":0,"menu_order":3,"comment_status":"closed","ping_status":"closed","template":"","meta":{"footnotes":""},"class_list":["post-28","page","type-page","status-publish","hentry"],"_links":{"self":[{"href":"https:\/\/www.vadelma.org\/korppiradio\/wp-json\/wp\/v2\/pages\/28","targetHints":{"allow":["GET"]}}],"collection":[{"href":"https:\/\/www.vadelma.org\/korppiradio\/wp-json\/wp\/v2\/pages"}],"about":[{"href":"https:\/\/www.vadelma.org\/korppiradio\/wp-json\/wp\/v2\/types\/page"}],"author":[{"embeddable":true,"href":"https:\/\/www.vadelma.org\/korppiradio\/wp-json\/wp\/v2\/users\/4"}],"replies":[{"embeddable":true,"href":"https:\/\/www.vadelma.org\/korppiradio\/wp-json\/wp\/v2\/comments?post=28"}],"version-history":[{"count":3,"href":"https:\/\/www.vadelma.org\/korppiradio\/wp-json\/wp\/v2\/pages\/28\/revisions"}],"predecessor-version":[{"id":4654,"href":"https:\/\/www.vadelma.org\/korppiradio\/wp-json\/wp\/v2\/pages\/28\/revisions\/4654"}],"wp:attachment":[{"href":"https:\/\/www.vadelma.org\/korppiradio\/wp-json\/wp\/v2\/media?parent=28"}],"curies":[{"name":"wp","href":"https:\/\/api.w.org\/{rel}","templated":true}]}}