{"id":3296,"date":"2017-11-07T09:26:43","date_gmt":"2017-11-07T07:26:43","guid":{"rendered":"http:\/\/vadelma.org\/korppiradio\/?page_id=3296"},"modified":"2019-03-04T11:08:44","modified_gmt":"2019-03-04T09:08:44","slug":"yhteiskunnallista-liiketta","status":"publish","type":"page","link":"https:\/\/www.vadelma.org\/korppiradio\/yhteiskunnallista-liiketta\/","title":{"rendered":"Yhteiskunnallista liikett\u00e4"},"content":{"rendered":"<p><strong>Yhteiskunnallista liikett\u00e4<\/strong>m\u00e4\u00e4ritt\u00e4\u00e4 mielenosoittamista uusiksi ja tutkii poliitisen toiminnan uusia keinoja my\u00f6s Korppiradiossa.<\/p>\n<p>Se on l\u00f6yh\u00e4 taiteellisen aktivismin sek\u00e4 taiteen ja aktivismin alusta joka juhlii moninaisuutta sek\u00e4 etsii ja luo tiloja olla yhteydess\u00e4. Yhteiskunnallista liikett\u00e4 oli 31-p\u00e4iv\u00e4n jatkumo joulukuussa 2017 ja se jatkuu rihmastona jossa kaikki toimivat itsen\u00e4isin\u00e4 toimijoina, ei yhten\u00e4 tiukkana ryhm\u00e4n\u00e4.<\/p>\n<p>Mit\u00e4 sin\u00e4 haluaisit tehd\u00e4? Mink\u00e4 asian puolesta? Vaikka raami on l\u00f6yh\u00e4, on alusta tietenkin antirasistinen ja antifasistinen. Painopiste ei ole vastustamisessa vaan vahvistumisessa, uusien yhteyksien l\u00f6yt\u00e4misess\u00e4 ja solmimisessa sek\u00e4 kaiken poliittisuudessa.<\/p>\n<p>T\u00e4ll\u00e4 hetkell\u00e4 ohjelmisto koostuu \u00e4\u00e4niteoksista, musiikista, luennoista, niiden taltioinneista Korppiradion kautta ja esityksist\u00e4 (mm. Baltic Circless\u00e4) sek\u00e4 performansseista ja tanssista.<\/p>\n<p>#yhteiskunnallistaliikett\u00e4 on yhdist\u00e4v\u00e4 linkki eri tapahtumien v\u00e4lill\u00e4 ja voit k\u00e4ytt\u00e4\u00e4 h\u00e4st\u00e4gi\u00e4 mik\u00e4li tunnet tekev\u00e4si yhteiskunnallista liikett\u00e4 ja mik\u00e4li t\u00e4m\u00e4 kiinnostaa sinua. Toivomme ett\u00e4 l\u00e4het\u00e4t meille my\u00f6s tietoa omista liikkeist\u00e4si.<\/p>\n<p>&nbsp;<\/p>\n<p>lis\u00e4tietoja:<br \/>\nLaura Murtomaa: laura.murtomaa (at) gmail.com<\/p>\n<p><strong>Tulevat ohjelmat:<\/strong><\/p>\n<p><strong>3.3.2018 Community arts, a critical look -trilogy:<\/strong> the first part introduces the theme of community arts and critique to it with Vuk Cosik and Pascal Guilen. In collaboration with NeMe Arts Centre &#8211; NeMe.org.<\/p>\n<p><strong>10.3.2018 Community arts, a critical look -trilogy: <\/strong>the second part of the trilogy deepens the understanding of community media and arts in an interview with Nico Carpentier. In collaboration with NeMe Arts Centre &#8211; NeMe.org.<\/p>\n<p><strong>17.3.2018 Community arts, a critical look -trilogy: <\/strong>in the third part of the trilogy Helen Hahmann from Corax-radio and Sakari Laurila form Korppiradio take to the streets to discover what community media and arts mean in the actuality. In collaboration with NeMe Arts Centre &#8211; NeMe.org.<\/p>\n<p>&nbsp;<\/p>\n","protected":false},"excerpt":{"rendered":"<p>Yhteiskunnallista liikett\u00e4m\u00e4\u00e4ritt\u00e4\u00e4 mielenosoittamista uusiksi ja tutkii poliitisen toiminnan uusia keinoja my\u00f6s Korppiradiossa. Se on l\u00f6yh\u00e4 taiteellisen aktivismin sek\u00e4 taiteen ja aktivismin alusta joka juhlii moninaisuutta sek\u00e4 etsii ja luo tiloja olla yhteydess\u00e4. Yhteiskunnallista liikett\u00e4 oli 31-p\u00e4iv\u00e4n jatkumo joulukuussa 2017 ja se jatkuu rihmastona jossa kaikki toimivat itsen\u00e4isin\u00e4 toimijoina, ei yhten\u00e4 tiukkana ryhm\u00e4n\u00e4. Mit\u00e4 sin\u00e4 haluaisit&hellip;<\/p>\n","protected":false},"author":1,"featured_media":0,"parent":0,"menu_order":0,"comment_status":"closed","ping_status":"closed","template":"","meta":{"footnotes":""},"class_list":["post-3296","page","type-page","status-publish","hentry"],"_links":{"self":[{"href":"https:\/\/www.vadelma.org\/korppiradio\/wp-json\/wp\/v2\/pages\/3296","targetHints":{"allow":["GET"]}}],"collection":[{"href":"https:\/\/www.vadelma.org\/korppiradio\/wp-json\/wp\/v2\/pages"}],"about":[{"href":"https:\/\/www.vadelma.org\/korppiradio\/wp-json\/wp\/v2\/types\/page"}],"author":[{"embeddable":true,"href":"https:\/\/www.vadelma.org\/korppiradio\/wp-json\/wp\/v2\/users\/1"}],"replies":[{"embeddable":true,"href":"https:\/\/www.vadelma.org\/korppiradio\/wp-json\/wp\/v2\/comments?post=3296"}],"version-history":[{"count":0,"href":"https:\/\/www.vadelma.org\/korppiradio\/wp-json\/wp\/v2\/pages\/3296\/revisions"}],"wp:attachment":[{"href":"https:\/\/www.vadelma.org\/korppiradio\/wp-json\/wp\/v2\/media?parent=3296"}],"curies":[{"name":"wp","href":"https:\/\/api.w.org\/{rel}","templated":true}]}}