{"id":932,"date":"2013-12-27T22:50:05","date_gmt":"2013-12-27T20:50:05","guid":{"rendered":"http:\/\/vadelma.org\/korppiradio\/?page_id=932"},"modified":"2019-03-04T11:28:12","modified_gmt":"2019-03-04T09:28:12","slug":"ohjelma-arkisto","status":"publish","type":"page","link":"https:\/\/www.vadelma.org\/korppiradio\/ohjelma-arkisto\/","title":{"rendered":"Ohjelma-arkisto"},"content":{"rendered":"<p><strong>Ohjelma-arkistosta l\u00f6ytyy Korppiradiossa julkaistuja ohjelmia, juhlal\u00e4hetyksi\u00e4, keskusteluita, kuvia ym. jotka eiv\u00e4t ole erityisten ohjelmanimikkeiden alla.<\/strong> Itse ohjelmien nauhoitukset l\u00f6ytyv\u00e4t ohjelmien omilta sivuilta.<\/p>\n<p><em>\/\/ <strong>This is the general archive of Korppiradio.<\/strong> Here you can find historical broadcasts that are not part of any particular program. Enjoy.<\/em><\/p>\n<hr>\n<hr>\n<hr>\n<p><em><strong>P\u00f6ntt\u00f6 sekaisin! &#8211; p\u00e4ihteiden k\u00e4yt\u00f6n historiaa ajan alusta nykyp\u00e4iv\u00e4\u00e4n, osa 1<\/strong><\/em><\/p>\n<p><em>P\u00f6ntt\u00f6 sekaisin! on avoin luentosarja, joka tarjoaa katsauksen erilaisten p\u00e4ihteiden k\u00e4yt\u00f6n historiaan aina esihistoriasta nykyp\u00e4iv\u00e4\u00e4n asti. Luennot ovat kevyehk\u00f6j\u00e4 sek\u00e4 viihdytt\u00e4vi\u00e4, ja ne on tarkoitettu kaikille, joten erityist\u00e4 asiantuntemusta tai akateemista ymm\u00e4rryst\u00e4 ei tarvita. Yleisluontoisuudestaan huolimatta luennot tarjoavat kiinnostavia n\u00e4k\u00f6kulmia my\u00f6s aiheeseen perehtyneille.<\/em><\/p>\n<p><em>Luennoitsija, Lauri Lattu, on antropologi, joka on perehtynyt p\u00e4ihteisiin kulttuurisena ilmi\u00f6n\u00e4. Luennon j\u00e4lkeen yleis\u00f6ll\u00e4 on mahdollisuus kysymyksiin ja keskusteluun. <\/em><\/p>\n<p><em>\u00c4\u00e4nitetty Joensuun Laiturilla 4.7.2018<\/em><\/p>\n<p><code><div id=\"mp3jWrap_0\" class=\"mjp-s-wrapper s-graphic unsel-mjp smaller gill-mjp\" style=\"font-size:14px;\"><span id=\"playpause_wrap_mp3j_0\" class=\"wrap_inline_mp3j\" style=\"font-weight:700;\"><span class=\"gfxbutton_mp3j play-mjp\" id=\"playpause_mp3j_0\" style=\"font-size:14px;\">&nbsp;&nbsp;&nbsp;&nbsp;&nbsp;<\/span>&nbsp;<span class=\"group_wrap\"><span class=\"bars_mp3j\"><span class=\"loadB_mp3j\" id=\"load_mp3j_0\"><\/span><span class=\"posbarB_mp3j\" id=\"posbar_mp3j_0\"><\/span><\/span><span class=\"T_mp3j\" id=\"T_mp3j_0\" style=\"font-size:14px;\">P\u00f6ntt\u00f6 sekaisin 1<\/span><span class=\"indi_mp3j\" style=\"font-size:9.8px;\" id=\"statusMI_0\"><\/span><\/span><span class=\"vol_mp3j flipped\" id=\"vol_mp3j_0\"><\/span><\/span><\/div><span class=\"s-nosolution\" id=\"mp3j_nosolution_0\" style=\"display:none;\"><\/span><script>\nMP3jPLAYLISTS.inline_0 = [\n\t{ name: \"ponttosekaisin1\", formats: [\"mp3\"], mp3: \"aHR0cDovL3N0cmVhbS52YWRlbG1hLm9yZzo2MTk3NC9rb3JwcGlyYWRpby9wb250dG9zZWthaXNpbjEubXAz\", counterpart:\"\", artist: \"\", image: \"\", imgurl: \"\" }\n];\n<\/script>\n\n<script>MP3jPLAYERS[0] = { list: MP3jPLAYLISTS.inline_0, tr:0, type:'single', lstate:'', loop:false, play_txt:'&nbsp;&nbsp;&nbsp;&nbsp;&nbsp;', pause_txt:'&nbsp;&nbsp;&nbsp;&nbsp;&nbsp;', pp_title:'', autoplay:false, download:false, vol:76, height:'' };<\/script><\/code><\/p>\n<hr>\n<p><em><strong>Maan muisti 27.1.2018<\/strong><\/em><\/p>\n<p><code><div id=\"mp3jWrap_1\" class=\"mjp-s-wrapper s-graphic unsel-mjp smaller gill-mjp\" style=\"font-size:14px;\"><span id=\"playpause_wrap_mp3j_1\" class=\"wrap_inline_mp3j\" style=\"font-weight:700;\"><span class=\"gfxbutton_mp3j play-mjp\" id=\"playpause_mp3j_1\" style=\"font-size:14px;\">&nbsp;&nbsp;&nbsp;&nbsp;&nbsp;<\/span>&nbsp;<span class=\"group_wrap\"><span class=\"bars_mp3j\"><span class=\"loadB_mp3j\" id=\"load_mp3j_1\"><\/span><span class=\"posbarB_mp3j\" id=\"posbar_mp3j_1\"><\/span><\/span><span class=\"T_mp3j\" id=\"T_mp3j_1\" style=\"font-size:14px;\">Maan muisti -alustus<\/span><span class=\"indi_mp3j\" style=\"font-size:9.8px;\" id=\"statusMI_1\"><\/span><\/span><span class=\"vol_mp3j flipped\" id=\"vol_mp3j_1\"><\/span><\/span><\/div><span class=\"s-nosolution\" id=\"mp3j_nosolution_1\" style=\"display:none;\"><\/span><script>\nMP3jPLAYLISTS.inline_1 = [\n\t{ name: \"maan-muisti-alustus\", formats: [\"mp3\"], mp3: \"aHR0cDovL3N0cmVhbS52YWRlbG1hLm9yZzo2MTk3NC9rb3JwcGlyYWRpby9tYWFuLW11aXN0aS1hbHVzdHVzLm1wMw==\", counterpart:\"\", artist: \"\", image: \"\", imgurl: \"\" }\n];\n<\/script>\n\n<script>MP3jPLAYERS[1] = { list: MP3jPLAYLISTS.inline_1, tr:0, type:'single', lstate:'', loop:false, play_txt:'&nbsp;&nbsp;&nbsp;&nbsp;&nbsp;', pause_txt:'&nbsp;&nbsp;&nbsp;&nbsp;&nbsp;', pp_title:'', autoplay:false, download:false, vol:76, height:'' };<\/script><\/code><\/p>\n<p><code><div id=\"mp3jWrap_2\" class=\"mjp-s-wrapper s-graphic unsel-mjp smaller gill-mjp\" style=\"font-size:14px;\"><span id=\"playpause_wrap_mp3j_2\" class=\"wrap_inline_mp3j\" style=\"font-weight:700;\"><span class=\"gfxbutton_mp3j play-mjp\" id=\"playpause_mp3j_2\" style=\"font-size:14px;\">&nbsp;&nbsp;&nbsp;&nbsp;&nbsp;<\/span>&nbsp;<span class=\"group_wrap\"><span class=\"bars_mp3j\"><span class=\"loadB_mp3j\" id=\"load_mp3j_2\"><\/span><span class=\"posbarB_mp3j\" id=\"posbar_mp3j_2\"><\/span><\/span><span class=\"T_mp3j\" id=\"T_mp3j_2\" style=\"font-size:14px;\">Maan muisti (radioteos)<\/span><span class=\"indi_mp3j\" style=\"font-size:9.8px;\" id=\"statusMI_2\"><\/span><\/span><span class=\"vol_mp3j flipped\" id=\"vol_mp3j_2\"><\/span><\/span><\/div><span class=\"s-nosolution\" id=\"mp3j_nosolution_2\" style=\"display:none;\"><\/span><script>\nMP3jPLAYLISTS.inline_2 = [\n\t{ name: \"maan-muisti\", formats: [\"mp3\"], mp3: \"aHR0cDovL3N0cmVhbS52YWRlbG1hLm9yZzo2MTk3NC9rb3JwcGlyYWRpby9tYWFuLW11aXN0aS5tcDM=\", counterpart:\"\", artist: \"\", image: \"\", imgurl: \"\" }\n];\n<\/script>\n\n<script>MP3jPLAYERS[2] = { list: MP3jPLAYLISTS.inline_2, tr:0, type:'single', lstate:'', loop:false, play_txt:'&nbsp;&nbsp;&nbsp;&nbsp;&nbsp;', pause_txt:'&nbsp;&nbsp;&nbsp;&nbsp;&nbsp;', pp_title:'', autoplay:false, download:false, vol:76, height:'' };<\/script><\/code><\/p>\n<p><em><a href=\"http:\/\/siskopajari.fi\/maanmuisti\" target=\"_blank\" rel=\"noopener noreferrer\">Teoksen<\/a> ensi-ilta oli 27.1.2018 Suomen Sis\u00e4llissodan syttymisen satavuotisp\u00e4iv\u00e4n\u00e4 Korppiradiossa klo 12 ja se l\u00e4hetettiin saman aikaisesti kaiuttimista ulos mets\u00e4\u00e4n Lappeenrannassa ymp\u00e4rist\u00f6taideteoksen paikalla.<\/em><\/p>\n<p><em>Lukijoina: Kalle Kuisma, Jermu Lakka, Sisko Pajari. Editointi ja musiikki: Kalle Kuisma.<\/em><code><\/code><code><\/code><\/p>\n<hr>\n<p><em><strong>Rasismikeskustelu @ Caisa 1.10.2016 &#8211; panel discussion about racism in English :: <a href=\"http:\/\/raster.fi\">raster.fi<\/a><\/strong><\/em><\/p>\n<p><code><div id=\"mp3jWrap_3\" class=\"mjp-s-wrapper s-graphic unsel-mjp smaller gill-mjp\" style=\"font-size:14px;\"><span id=\"playpause_wrap_mp3j_3\" class=\"wrap_inline_mp3j\" style=\"font-weight:700;\"><span class=\"gfxbutton_mp3j play-mjp\" id=\"playpause_mp3j_3\" style=\"font-size:14px;\">&nbsp;&nbsp;&nbsp;&nbsp;&nbsp;<\/span>&nbsp;<span class=\"group_wrap\"><span class=\"bars_mp3j\"><span class=\"loadB_mp3j\" id=\"load_mp3j_3\"><\/span><span class=\"posbarB_mp3j\" id=\"posbar_mp3j_3\"><\/span><\/span><span class=\"T_mp3j\" id=\"T_mp3j_3\" style=\"font-size:14px;\">Antiracist activism and challenging normative whiteness<\/span><span class=\"indi_mp3j\" style=\"font-size:9.8px;\" id=\"statusMI_3\"><\/span><\/span><span class=\"vol_mp3j flipped\" id=\"vol_mp3j_3\"><\/span><\/span><\/div><span class=\"s-nosolution\" id=\"mp3j_nosolution_3\" style=\"display:none;\"><\/span><script>\nMP3jPLAYLISTS.inline_3 = [\n\t{ name: \"rasismikeskustelu-011016-1\", formats: [\"mp3\"], mp3: \"aHR0cDovL3N0cmVhbS52YWRlbG1hLm9yZzo2MTk3NC9rb3JwcGlyYWRpby9yYXNpc21pa2Vza3VzdGVsdS0wMTEwMTYtMS5tcDM=\", counterpart:\"\", artist: \"\", image: \"\", imgurl: \"\" }\n];\n<\/script>\n\n<script>MP3jPLAYERS[3] = { list: MP3jPLAYLISTS.inline_3, tr:0, type:'single', lstate:'', loop:false, play_txt:'&nbsp;&nbsp;&nbsp;&nbsp;&nbsp;', pause_txt:'&nbsp;&nbsp;&nbsp;&nbsp;&nbsp;', pp_title:'', autoplay:false, download:false, vol:76, height:'' };<\/script><\/code><\/p>\n<p><code><div id=\"mp3jWrap_4\" class=\"mjp-s-wrapper s-graphic unsel-mjp smaller2 gill-mjp\" style=\"font-size:14px;\"><span id=\"playpause_wrap_mp3j_4\" class=\"wrap_inline_mp3j\" style=\"font-weight:700;\"><span class=\"gfxbutton_mp3j play-mjp\" id=\"playpause_mp3j_4\" style=\"font-size:14px;\">&nbsp;&nbsp;&nbsp;&nbsp;&nbsp;<\/span>&nbsp;<span class=\"group_wrap\"><span class=\"bars_mp3j\"><span class=\"loadB_mp3j\" id=\"load_mp3j_4\"><\/span><span class=\"posbarB_mp3j\" id=\"posbar_mp3j_4\"><\/span><\/span><span class=\"T_mp3j\" id=\"T_mp3j_4\" style=\"font-size:14px;\">The question of white privelege and anti-racism<\/span><span class=\"indi_mp3j\" style=\"font-size:9.8px;\" id=\"statusMI_4\"><\/span><\/span><span class=\"vol_mp3j flipped\" id=\"vol_mp3j_4\"><\/span><\/span><\/div><span class=\"s-nosolution\" id=\"mp3j_nosolution_4\" style=\"display:none;\"><\/span><script>\nMP3jPLAYLISTS.inline_4 = [\n\t{ name: \"rasismikeskustelu-011016-2\", formats: [\"mp3\"], mp3: \"aHR0cDovL3N0cmVhbS52YWRlbG1hLm9yZzo2MTk3NC9rb3JwcGlyYWRpby9yYXNpc21pa2Vza3VzdGVsdS0wMTEwMTYtMi5tcDM=\", counterpart:\"\", artist: \"\", image: \"\", imgurl: \"\" }\n];\n<\/script>\n\n<script>MP3jPLAYERS[4] = { list: MP3jPLAYLISTS.inline_4, tr:0, type:'single', lstate:'', loop:false, play_txt:'&nbsp;&nbsp;&nbsp;&nbsp;&nbsp;', pause_txt:'&nbsp;&nbsp;&nbsp;&nbsp;&nbsp;', pp_title:'', autoplay:false, download:false, vol:76, height:'' };<\/script><\/code><\/p>\n<div>\n<p><em><strong>Rasismi ja sen haastaminen nykyp\u00e4iv\u00e4n Suomessa :: 15.10.2015 :: raster.fi<br \/>\n<\/strong><\/em><\/p>\n<\/div>\n<p><em>Onko rasismi vain yksitt\u00e4isten ihmisten ennakkoluuloja ja tiedon<\/em><br \/>\n<em> puutetta? Miten rasismia voidaan ymm\u00e4rt\u00e4\u00e4 yhteiskuntaamme laajemmin<\/em><br \/>\n<em> kuvaavana ilmi\u00f6n\u00e4? Keskustelutilaisuudessa pohditaan, mit\u00e4 rasismi<\/em><br \/>\n<em> oikeastaan on ja miten sit\u00e4 voidaan haastaa ja kyseenalaistaa.<\/em><br \/>\n<em> Millaista rasismia Suomessa esiintyy ja mill\u00e4 keinoin<\/em><br \/>\n<em> kansalaisaktiivit, julkiseen keskusteluun osallistuvat kirjoittajat ja<\/em><br \/>\n<em> tutkijat sit\u00e4 toimillaan pyrkiv\u00e4t purkamaan?<\/em><\/p>\n<p><code><div id=\"mp3jWrap_5\" class=\"mjp-s-wrapper s-graphic unsel-mjp smaller2 gill-mjp\" style=\"font-size:14px;\"><span id=\"playpause_wrap_mp3j_5\" class=\"wrap_inline_mp3j\" style=\"font-weight:700;\"><span class=\"gfxbutton_mp3j play-mjp\" id=\"playpause_mp3j_5\" style=\"font-size:14px;\">&nbsp;&nbsp;&nbsp;&nbsp;&nbsp;<\/span>&nbsp;<span class=\"group_wrap\"><span class=\"bars_mp3j\"><span class=\"loadB_mp3j\" id=\"load_mp3j_5\"><\/span><span class=\"posbarB_mp3j\" id=\"posbar_mp3j_5\"><\/span><\/span><span class=\"T_mp3j\" id=\"T_mp3j_5\" style=\"font-size:14px;\">Rasismi ja sen haastaminen nykyp\u00e4iv\u00e4n Suomessa<\/span><span class=\"indi_mp3j\" style=\"font-size:9.8px;\" id=\"statusMI_5\"><\/span><\/span><span class=\"vol_mp3j flipped\" id=\"vol_mp3j_5\"><\/span><\/span><\/div><span class=\"s-nosolution\" id=\"mp3j_nosolution_5\" style=\"display:none;\"><\/span><script>\nMP3jPLAYLISTS.inline_5 = [\n\t{ name: \"rasismikeskustelu-15102015\", formats: [\"mp3\"], mp3: \"aHR0cDovL3N0cmVhbS52YWRlbG1hLm9yZzo2MTk3NC9rb3JwcGlyYWRpby9yYXNpc21pa2Vza3VzdGVsdS0xNTEwMjAxNS5tcDM=\", counterpart:\"\", artist: \"\", image: \"\", imgurl: \"\" }\n];\n<\/script>\n\n<script>MP3jPLAYERS[5] = { list: MP3jPLAYLISTS.inline_5, tr:0, type:'single', lstate:'', loop:false, play_txt:'&nbsp;&nbsp;&nbsp;&nbsp;&nbsp;', pause_txt:'&nbsp;&nbsp;&nbsp;&nbsp;&nbsp;', pp_title:'', autoplay:false, download:false, vol:76, height:'' };<\/script><\/code><br \/>\n<em> Keskustelijoina:<\/em><br \/>\n<em> Maryan Abdulkarim, kirjoittaja-aktivisti<\/em><br \/>\n<em> Ahmed Al-Nawas, monikulttuurisuus- ja taideasiantuntija, kirjoittaja<\/em><br \/>\n<em> Veronika Honkasalo, tutkijatohtori, Nuorisotutkimusseura<\/em><br \/>\n<em> Koko Hubara, blogikirjoittaja ja toimittaja<\/em><br \/>\n<em> Kari Saari, tutkija, Mikkelin ammattikorkeakoulu<\/em><\/p>\n<p><em> Moderaattori: Minna Seikkula<\/em><\/p>\n<hr>\n<p><em><strong>Korppistudio LIVE: 20000 Hz &#8211; kasettijulkkarikeikka bunkkerilla<\/strong><\/em><\/p>\n<p><code><div id=\"mp3jWrap_6\" class=\"mjp-s-wrapper s-graphic unsel-mjp smaller2 gill-mjp\" style=\"font-size:14px;\"><span id=\"playpause_wrap_mp3j_6\" class=\"wrap_inline_mp3j\" style=\"font-weight:700;\"><span class=\"gfxbutton_mp3j play-mjp\" id=\"playpause_mp3j_6\" style=\"font-size:14px;\">&nbsp;&nbsp;&nbsp;&nbsp;&nbsp;<\/span>&nbsp;<span class=\"group_wrap\"><span class=\"bars_mp3j\"><span class=\"loadB_mp3j\" id=\"load_mp3j_6\"><\/span><span class=\"posbarB_mp3j\" id=\"posbar_mp3j_6\"><\/span><\/span><span class=\"T_mp3j\" id=\"T_mp3j_6\" style=\"font-size:14px;\">Bunkkeri Live: 20000 Hz (16.4.2016)<\/span><span class=\"indi_mp3j\" style=\"font-size:9.8px;\" id=\"statusMI_6\"><\/span><\/span><span class=\"vol_mp3j flipped\" id=\"vol_mp3j_6\"><\/span><\/span><\/div><span class=\"s-nosolution\" id=\"mp3j_nosolution_6\" style=\"display:none;\"><\/span><script>\nMP3jPLAYLISTS.inline_6 = [\n\t{ name: \"20000Hz-Korppibunkkeri-16042016\", formats: [\"mp3\"], mp3: \"aHR0cDovL3N0cmVhbS52YWRlbG1hLm9yZzo2MTk3NC9rb3JwcGlyYWRpby8yMDAwMEh6LUtvcnBwaWJ1bmtrZXJpLTE2MDQyMDE2Lm1wMw==\", counterpart:\"\", artist: \"\", image: \"\", imgurl: \"\" }\n];\n<\/script>\n\n<script>MP3jPLAYERS[6] = { list: MP3jPLAYLISTS.inline_6, tr:0, type:'single', lstate:'', loop:false, play_txt:'&nbsp;&nbsp;&nbsp;&nbsp;&nbsp;', pause_txt:'&nbsp;&nbsp;&nbsp;&nbsp;&nbsp;', pp_title:'', autoplay:false, download:false, vol:76, height:'' };<\/script><\/code><\/p>\n<p>Uusi Hertsi-video ANTISOSIAALINEN PERSOONALLISUUSH\u00c4IRI\u00d6 ;<br \/>\nr\u00e4j\u00e4ht\u00e4v\u00e4 energialataus katsottavissa YouTubessa nyt:<br \/>\n<a href=\"https:\/\/youtu.be\/PwM4o296FZA\" target=\"_blank\" rel=\"nofollow noopener noreferrer\">https:\/\/youtu.be\/PwM4o296FZA<\/a><br \/>\nC-kasetti EP:t\u00e4 &#8221;kakskyttuhatta hertsi\u00e4&#8221; my\u00f6s myynniss\u00e4 nyt: K\u00e4dest\u00e4 k\u00e4teen 5\u20ac. Kauemmaksi postikulut p\u00e4\u00e4lle.<\/p>\n<div>\n<p>Nyt ollaan hyv\u00e4n ja pahan tuolla puolen; energian ja voiman alkul\u00e4hteill\u00e4 &#8211; unohda arki ja hypp\u00e4\u00e4 kyytiin, t\u00e4lt\u00e4 matkalta ei ole paluuta&#8230;<\/p>\n<\/div>\n<p>&nbsp;<\/p>\n<p>&nbsp;<\/p>\n<p><strong>Korppistudiossa: Asunnottomien y\u00f6 17.10.2015<\/strong><br \/>\nL\u00e4hetys pe 16.10. klo 17 ja uusintana la 17.10. klo 14<br \/>\nStudiossa haastateltavina Matias Toivonen, Arto Timonen ja Ulla Pyyvaara (Vailla vakinaista asuntoa ry:st\u00e4)<\/p>\n<p><code><div id=\"mp3jWrap_7\" class=\"mjp-s-wrapper s-graphic unsel-mjp smaller2 gill-mjp\" style=\"font-size:14px;\"><span id=\"playpause_wrap_mp3j_7\" class=\"wrap_inline_mp3j\" style=\"font-weight:700;\"><span class=\"gfxbutton_mp3j play-mjp\" id=\"playpause_mp3j_7\" style=\"font-size:14px;\">&nbsp;&nbsp;&nbsp;&nbsp;&nbsp;<\/span>&nbsp;<span class=\"group_wrap\"><span class=\"bars_mp3j\"><span class=\"loadB_mp3j\" id=\"load_mp3j_7\"><\/span><span class=\"posbarB_mp3j\" id=\"posbar_mp3j_7\"><\/span><\/span><span class=\"T_mp3j\" id=\"T_mp3j_7\" style=\"font-size:14px;\">Asunnottomien y\u00f6 -keskustelu<\/span><span class=\"indi_mp3j\" style=\"font-size:9.8px;\" id=\"statusMI_7\"><\/span><\/span><span class=\"vol_mp3j flipped\" id=\"vol_mp3j_7\"><\/span><\/span><\/div><span class=\"s-nosolution\" id=\"mp3j_nosolution_7\" style=\"display:none;\"><\/span><script>\nMP3jPLAYLISTS.inline_7 = [\n\t{ name: \"asunnottomien-yo-keskustelu-2015\", formats: [\"mp3\"], mp3: \"aHR0cDovL3N0cmVhbS52YWRlbG1hLm9yZzo2MTk3NC9rb3JwcGlyYWRpby9hc3Vubm90dG9taWVuLXlvLWtlc2t1c3RlbHUtMjAxNS5tcDM=\", counterpart:\"\", artist: \"\", image: \"\", imgurl: \"\" }\n];\n<\/script>\n\n<script>MP3jPLAYERS[7] = { list: MP3jPLAYLISTS.inline_7, tr:0, type:'single', lstate:'', loop:false, play_txt:'&nbsp;&nbsp;&nbsp;&nbsp;&nbsp;', pause_txt:'&nbsp;&nbsp;&nbsp;&nbsp;&nbsp;', pp_title:'', autoplay:false, download:false, vol:76, height:'' };<\/script><\/code><\/p>\n<hr>\n<p><strong>Relayer: Comeback <\/strong>Vantaan kaupunginmuseolla 4.10.2014 nauhoitus Hannu Aaltonen.<\/p>\n<p><code><div id=\"mp3jWrap_8\" class=\"mjp-s-wrapper s-graphic unsel-mjp smaller2 gill-mjp\" style=\"font-size:14px;\"><span id=\"playpause_wrap_mp3j_8\" class=\"wrap_inline_mp3j\" style=\"font-weight:700;\"><span class=\"gfxbutton_mp3j play-mjp\" id=\"playpause_mp3j_8\" style=\"font-size:14px;\">&nbsp;&nbsp;&nbsp;&nbsp;&nbsp;<\/span>&nbsp;<span class=\"group_wrap\"><span class=\"bars_mp3j\"><span class=\"loadB_mp3j\" id=\"load_mp3j_8\"><\/span><span class=\"posbarB_mp3j\" id=\"posbar_mp3j_8\"><\/span><\/span><span class=\"T_mp3j\" id=\"T_mp3j_8\" style=\"font-size:14px;\">Relayer comeback<\/span><span class=\"indi_mp3j\" style=\"font-size:9.8px;\" id=\"statusMI_8\"><\/span><\/span><span class=\"vol_mp3j flipped\" id=\"vol_mp3j_8\"><\/span><\/span><\/div><span class=\"s-nosolution\" id=\"mp3j_nosolution_8\" style=\"display:none;\"><\/span><script>\nMP3jPLAYLISTS.inline_8 = [\n\t{ name: \"relayer-live-04102014\", formats: [\"mp3\"], mp3: \"aHR0cDovL3N0cmVhbS52YWRlbG1hLm9yZzo2MTk3NC9yZWxheWVyL3JlbGF5ZXItbGl2ZS0wNDEwMjAxNC5tcDM=\", counterpart:\"\", artist: \"\", image: \"\", imgurl: \"\" }\n];\n<\/script>\n\n<script>MP3jPLAYERS[8] = { list: MP3jPLAYLISTS.inline_8, tr:0, type:'single', lstate:'', loop:false, play_txt:'&nbsp;&nbsp;&nbsp;&nbsp;&nbsp;', pause_txt:'&nbsp;&nbsp;&nbsp;&nbsp;&nbsp;', pp_title:'', autoplay:false, download:false, vol:76, height:'' };<\/script> \/ <\/code>Biisilista:<\/p>\n<p><em>One Journey<\/em><br \/>\n<em> Sunset Trilogia<\/em><br \/>\n<em> (i) In the Sun<\/em><br \/>\n<em> (ii) Alone Through the Sunset<\/em><br \/>\n<em> (iii) In the Grey Light<\/em><br \/>\n<em> Out of the Blue<\/em><br \/>\n<em> Me and the Moon<\/em><br \/>\n<em> Your Word<\/em><br \/>\n<em> Wish You Were Here<\/em><\/p>\n<hr>\n<p><strong>Mets\u00e4morfoosi &#8211; yhteisn\u00e4yttely.<\/strong> Edelt\u00e4 menneet, osa 4 (l\u00e4hetetty lauantaina 1.3.2014):<\/p>\n<p><code><div id=\"mp3jWrap_9\" class=\"mjp-s-wrapper s-graphic unsel-mjp smaller2 gill-mjp\" style=\"font-size:14px;\"><span id=\"playpause_wrap_mp3j_9\" class=\"wrap_inline_mp3j\" style=\"font-weight:700;\"><span class=\"gfxbutton_mp3j play-mjp\" id=\"playpause_mp3j_9\" style=\"font-size:14px;\">&nbsp;&nbsp;&nbsp;&nbsp;&nbsp;<\/span>&nbsp;<span class=\"group_wrap\"><span class=\"bars_mp3j\"><span class=\"loadB_mp3j\" id=\"load_mp3j_9\"><\/span><span class=\"posbarB_mp3j\" id=\"posbar_mp3j_9\"><\/span><\/span><span class=\"T_mp3j\" id=\"T_mp3j_9\" style=\"font-size:14px;\">Mets\u00e4morfoosi: Edelt\u00e4 menneet, osa 4<\/span><span class=\"indi_mp3j\" style=\"font-size:9.8px;\" id=\"statusMI_9\"><\/span><\/span><span class=\"vol_mp3j flipped\" id=\"vol_mp3j_9\"><\/span><\/span><\/div><span class=\"s-nosolution\" id=\"mp3j_nosolution_9\" style=\"display:none;\"><\/span><script>\nMP3jPLAYLISTS.inline_9 = [\n\t{ name: \"Metsamorfoosi_Edeltamenneet_4\", formats: [\"mp3\"], mp3: \"aHR0cDovL3N0cmVhbS52YWRlbG1hLm9yZzo2MTk3NC9rb3JwcGlyYWRpby9NZXRzYW1vcmZvb3NpX0VkZWx0YW1lbm5lZXRfNC5tcDM=\", counterpart:\"\", artist: \"\", image: \"\", imgurl: \"\" }\n];\n<\/script>\n\n<script>MP3jPLAYERS[9] = { list: MP3jPLAYLISTS.inline_9, tr:0, type:'single', lstate:'', loop:false, play_txt:'&nbsp;&nbsp;&nbsp;&nbsp;&nbsp;', pause_txt:'&nbsp;&nbsp;&nbsp;&nbsp;&nbsp;', pp_title:'', autoplay:false, download:false, vol:76, height:'' };<\/script><\/code><\/p>\n<p><strong>Mets\u00e4morfoosi &#8211; yhteisn\u00e4yttely.<\/strong> Edelt\u00e4 menneet, osa 3. Uskontotieteilij\u00e4 Risto Pulkkinen kertoo k\u00e4sityksist\u00e4\u00e4n kuolemakulttuurista. Musiikista vastaa Ruslan. Lis\u00e4ksi runoja ja hajamietelmi\u00e4:<\/p>\n<p><code><div id=\"mp3jWrap_10\" class=\"mjp-s-wrapper s-graphic unsel-mjp smaller2 gill-mjp\" style=\"font-size:14px;\"><span id=\"playpause_wrap_mp3j_10\" class=\"wrap_inline_mp3j\" style=\"font-weight:700;\"><span class=\"gfxbutton_mp3j play-mjp\" id=\"playpause_mp3j_10\" style=\"font-size:14px;\">&nbsp;&nbsp;&nbsp;&nbsp;&nbsp;<\/span>&nbsp;<span class=\"group_wrap\"><span class=\"bars_mp3j\"><span class=\"loadB_mp3j\" id=\"load_mp3j_10\"><\/span><span class=\"posbarB_mp3j\" id=\"posbar_mp3j_10\"><\/span><\/span><span class=\"T_mp3j\" id=\"T_mp3j_10\" style=\"font-size:14px;\">Mets\u00e4morfoosi: Edelt\u00e4 menneet, osa 3<\/span><span class=\"indi_mp3j\" style=\"font-size:9.8px;\" id=\"statusMI_10\"><\/span><\/span><span class=\"vol_mp3j flipped\" id=\"vol_mp3j_10\"><\/span><\/span><\/div><span class=\"s-nosolution\" id=\"mp3j_nosolution_10\" style=\"display:none;\"><\/span><script>\nMP3jPLAYLISTS.inline_10 = [\n\t{ name: \"Metsamorfoosi_Edeltamenneet_3\", formats: [\"mp3\"], mp3: \"aHR0cDovL3N0cmVhbS52YWRlbG1hLm9yZzo2MTk3NC9rb3JwcGlyYWRpby9NZXRzYW1vcmZvb3NpX0VkZWx0YW1lbm5lZXRfMy5tcDM=\", counterpart:\"\", artist: \"\", image: \"\", imgurl: \"\" }\n];\n<\/script>\n\n<script>MP3jPLAYERS[10] = { list: MP3jPLAYLISTS.inline_10, tr:0, type:'single', lstate:'', loop:false, play_txt:'&nbsp;&nbsp;&nbsp;&nbsp;&nbsp;', pause_txt:'&nbsp;&nbsp;&nbsp;&nbsp;&nbsp;', pp_title:'', autoplay:false, download:false, vol:76, height:'' };<\/script><\/code><\/p>\n<p><strong>Mets\u00e4morfoosi &#8211; yhteisn\u00e4yttely.<\/strong> Edelt\u00e4 menneet, osa 2. Kuolemakulttuurin muutos nykyisen Suomen alueella mesoliittisesta kivikaudesta meid\u00e4n p\u00e4iviimme. Teemoja, ajatuksia, runoja, musiikkia:<\/p>\n<p><code><div id=\"mp3jWrap_11\" class=\"mjp-s-wrapper s-graphic unsel-mjp smaller2 gill-mjp\" style=\"font-size:14px;\"><span id=\"playpause_wrap_mp3j_11\" class=\"wrap_inline_mp3j\" style=\"font-weight:700;\"><span class=\"gfxbutton_mp3j play-mjp\" id=\"playpause_mp3j_11\" style=\"font-size:14px;\">&nbsp;&nbsp;&nbsp;&nbsp;&nbsp;<\/span>&nbsp;<span class=\"group_wrap\"><span class=\"bars_mp3j\"><span class=\"loadB_mp3j\" id=\"load_mp3j_11\"><\/span><span class=\"posbarB_mp3j\" id=\"posbar_mp3j_11\"><\/span><\/span><span class=\"T_mp3j\" id=\"T_mp3j_11\" style=\"font-size:14px;\">Mets\u00e4morfoosi: Edelt\u00e4 menneet, osa 2<\/span><span class=\"indi_mp3j\" style=\"font-size:9.8px;\" id=\"statusMI_11\"><\/span><\/span><span class=\"vol_mp3j flipped\" id=\"vol_mp3j_11\"><\/span><\/span><\/div><span class=\"s-nosolution\" id=\"mp3j_nosolution_11\" style=\"display:none;\"><\/span><script>\nMP3jPLAYLISTS.inline_11 = [\n\t{ name: \"Metsamorfoosi_Edeltamenneet_2\", formats: [\"mp3\"], mp3: \"aHR0cDovL3N0cmVhbS52YWRlbG1hLm9yZzo2MTk3NC9rb3JwcGlyYWRpby9NZXRzYW1vcmZvb3NpX0VkZWx0YW1lbm5lZXRfMi5tcDM=\", counterpart:\"\", artist: \"\", image: \"\", imgurl: \"\" }\n];\n<\/script>\n\n<script>MP3jPLAYERS[11] = { list: MP3jPLAYLISTS.inline_11, tr:0, type:'single', lstate:'', loop:false, play_txt:'&nbsp;&nbsp;&nbsp;&nbsp;&nbsp;', pause_txt:'&nbsp;&nbsp;&nbsp;&nbsp;&nbsp;', pp_title:'', autoplay:false, download:false, vol:76, height:'' };<\/script><\/code><\/p>\n<p><strong>Mets\u00e4morfoosi &#8211; yhteisn\u00e4yttely.<\/strong> Edelt\u00e4 menneet, osa 1:<\/p>\n<p><code><div id=\"mp3jWrap_12\" class=\"mjp-s-wrapper s-graphic unsel-mjp smaller gill-mjp\" style=\"font-size:14px;\"><span id=\"playpause_wrap_mp3j_12\" class=\"wrap_inline_mp3j\" style=\"font-weight:700;\"><span class=\"gfxbutton_mp3j play-mjp\" id=\"playpause_mp3j_12\" style=\"font-size:14px;\">&nbsp;&nbsp;&nbsp;&nbsp;&nbsp;<\/span>&nbsp;<span class=\"group_wrap\"><span class=\"bars_mp3j\"><span class=\"loadB_mp3j\" id=\"load_mp3j_12\"><\/span><span class=\"posbarB_mp3j\" id=\"posbar_mp3j_12\"><\/span><\/span><span class=\"T_mp3j\" id=\"T_mp3j_12\" style=\"font-size:14px;\">Mets\u00e4morfoosi: Edelt\u00e4 menneet, osa 1<\/span><span class=\"indi_mp3j\" style=\"font-size:9.8px;\" id=\"statusMI_12\"><\/span><\/span><span class=\"vol_mp3j flipped\" id=\"vol_mp3j_12\"><\/span><\/span><\/div><span class=\"s-nosolution\" id=\"mp3j_nosolution_12\" style=\"display:none;\"><\/span><script>\nMP3jPLAYLISTS.inline_12 = [\n\t{ name: \"Metsamorfoosi_Edeltamenneet_1\", formats: [\"mp3\"], mp3: \"aHR0cDovL3N0cmVhbS52YWRlbG1hLm9yZzo2MTk3NC9rb3JwcGlyYWRpby9NZXRzYW1vcmZvb3NpX0VkZWx0YW1lbm5lZXRfMS5tcDM=\", counterpart:\"\", artist: \"\", image: \"\", imgurl: \"\" }\n];\n<\/script>\n\n<script>MP3jPLAYERS[12] = { list: MP3jPLAYLISTS.inline_12, tr:0, type:'single', lstate:'', loop:false, play_txt:'&nbsp;&nbsp;&nbsp;&nbsp;&nbsp;', pause_txt:'&nbsp;&nbsp;&nbsp;&nbsp;&nbsp;', pp_title:'', autoplay:false, download:false, vol:76, height:'' };<\/script><\/code><\/p>\n<hr>\n<p><strong>Vapaa sukupuoli.<\/strong> 1. jakso.&nbsp;Sambia Special : Green Living Movementin (http:\/\/www.glmglobal.org\/?lang=fi) vapaaehtoisty\u00f6ntekij\u00e4t Pieta (Pietan blogi: http:\/\/pi.wanderinganimals.com\/) ja Terhi kertovat kokemuksistaan Sambiassa. Puhutaan my\u00f6s globalisaatiosta, ilmastonmuutoksesta, k\u00f6yhyydest\u00e4, toiseen kulttuuriin sopeutumisesta, identiteetist\u00e4 ja valinnoista (l\u00e4hetetty 1.2.2014):<\/p>\n<p><code><div id=\"mp3jWrap_13\" class=\"mjp-s-wrapper s-graphic unsel-mjp smaller2 gill-mjp\" style=\"font-size:14px;\"><span id=\"playpause_wrap_mp3j_13\" class=\"wrap_inline_mp3j\" style=\"font-weight:700;\"><span class=\"gfxbutton_mp3j play-mjp\" id=\"playpause_mp3j_13\" style=\"font-size:14px;\">&nbsp;&nbsp;&nbsp;&nbsp;&nbsp;<\/span>&nbsp;<span class=\"group_wrap\"><span class=\"bars_mp3j\"><span class=\"loadB_mp3j\" id=\"load_mp3j_13\"><\/span><span class=\"posbarB_mp3j\" id=\"posbar_mp3j_13\"><\/span><\/span><span class=\"T_mp3j\" id=\"T_mp3j_13\" style=\"font-size:14px;\">Vapaa sukupuoli jakso 1\/1<\/span><span class=\"indi_mp3j\" style=\"font-size:9.8px;\" id=\"statusMI_13\"><\/span><\/span><span class=\"vol_mp3j flipped\" id=\"vol_mp3j_13\"><\/span><\/span><\/div><span class=\"s-nosolution\" id=\"mp3j_nosolution_13\" style=\"display:none;\"><\/span><script>\nMP3jPLAYLISTS.inline_13 = [\n\t{ name: \"VapaaSukupuoli_1\", formats: [\"mp3\"], mp3: \"aHR0cDovL3N0cmVhbS52YWRlbG1hLm9yZzo2MTk3NC9rb3JwcGlyYWRpby9WYXBhYVN1a3VwdW9saV8xLm1wMw==\", counterpart:\"\", artist: \"\", image: \"\", imgurl: \"\" }\n];\n<\/script>\n\n<script>MP3jPLAYERS[13] = { list: MP3jPLAYLISTS.inline_13, tr:0, type:'single', lstate:'', loop:false, play_txt:'&nbsp;&nbsp;&nbsp;&nbsp;&nbsp;', pause_txt:'&nbsp;&nbsp;&nbsp;&nbsp;&nbsp;', pp_title:'', autoplay:false, download:false, vol:76, height:'' };<\/script><\/code><\/p>\n<hr>\n<p><strong>Mets\u00e4morfoosi yhteisn\u00e4yttely &#8211;<\/strong> Sahastra Live (l\u00e4hetetty 31.1.2014):<\/p>\n<p><code><div id=\"mp3jWrap_14\" class=\"mjp-s-wrapper s-graphic unsel-mjp smaller2 gill-mjp\" style=\"font-size:14px;\"><span id=\"playpause_wrap_mp3j_14\" class=\"wrap_inline_mp3j\" style=\"font-weight:700;\"><span class=\"gfxbutton_mp3j play-mjp\" id=\"playpause_mp3j_14\" style=\"font-size:14px;\">&nbsp;&nbsp;&nbsp;&nbsp;&nbsp;<\/span>&nbsp;<span class=\"group_wrap\"><span class=\"bars_mp3j\"><span class=\"loadB_mp3j\" id=\"load_mp3j_14\"><\/span><span class=\"posbarB_mp3j\" id=\"posbar_mp3j_14\"><\/span><\/span><span class=\"T_mp3j\" id=\"T_mp3j_14\" style=\"font-size:14px;\">Mets\u00e4morfoosi: Sahastra saw orchestra LIVE<\/span><span class=\"indi_mp3j\" style=\"font-size:9.8px;\" id=\"statusMI_14\"><\/span><\/span><span class=\"vol_mp3j flipped\" id=\"vol_mp3j_14\"><\/span><\/span><\/div><span class=\"s-nosolution\" id=\"mp3j_nosolution_14\" style=\"display:none;\"><\/span><script>\nMP3jPLAYLISTS.inline_14 = [\n\t{ name: \"Metsamorfoosi_Sahastra\", formats: [\"mp3\"], mp3: \"aHR0cDovL3N0cmVhbS52YWRlbG1hLm9yZzo2MTk3NC9rb3JwcGlyYWRpby9NZXRzYW1vcmZvb3NpX1NhaGFzdHJhLm1wMw==\", counterpart:\"\", artist: \"\", image: \"\", imgurl: \"\" }\n];\n<\/script>\n\n<script>MP3jPLAYERS[14] = { list: MP3jPLAYLISTS.inline_14, tr:0, type:'single', lstate:'', loop:false, play_txt:'&nbsp;&nbsp;&nbsp;&nbsp;&nbsp;', pause_txt:'&nbsp;&nbsp;&nbsp;&nbsp;&nbsp;', pp_title:'', autoplay:false, download:false, vol:76, height:'' };<\/script><\/code><code><\/code><\/p>\n<p><strong>Mets\u00e4morfoosi yhteisn\u00e4yttely &#8211; <\/strong>Pyh\u00e4n rajat. Keskustelu XL taidetilassa (l\u00e4hetetty 29.1.2014 &#8211; osa 1\/2).<\/p>\n<p><code><div id=\"mp3jWrap_15\" class=\"mjp-s-wrapper s-graphic unsel-mjp smaller2 gill-mjp\" style=\"font-size:14px;\"><span id=\"playpause_wrap_mp3j_15\" class=\"wrap_inline_mp3j\" style=\"font-weight:700;\"><span class=\"gfxbutton_mp3j play-mjp\" id=\"playpause_mp3j_15\" style=\"font-size:14px;\">&nbsp;&nbsp;&nbsp;&nbsp;&nbsp;<\/span>&nbsp;<span class=\"group_wrap\"><span class=\"bars_mp3j\"><span class=\"loadB_mp3j\" id=\"load_mp3j_15\"><\/span><span class=\"posbarB_mp3j\" id=\"posbar_mp3j_15\"><\/span><\/span><span class=\"T_mp3j\" id=\"T_mp3j_15\" style=\"font-size:14px;\">Mets\u00e4morfoosi: Pyh\u00e4-keskustelu<\/span><span class=\"indi_mp3j\" style=\"font-size:9.8px;\" id=\"statusMI_15\"><\/span><\/span><span class=\"vol_mp3j flipped\" id=\"vol_mp3j_15\"><\/span><\/span><\/div><span class=\"s-nosolution\" id=\"mp3j_nosolution_15\" style=\"display:none;\"><\/span><script>\nMP3jPLAYLISTS.inline_15 = [\n\t{ name: \"Metsamorfoosi_Pyhakeskustelu\", formats: [\"mp3\"], mp3: \"aHR0cDovL3N0cmVhbS52YWRlbG1hLm9yZzo2MTk3NC9rb3JwcGlyYWRpby9NZXRzYW1vcmZvb3NpX1B5aGFrZXNrdXN0ZWx1Lm1wMw==\", counterpart:\"\", artist: \"\", image: \"\", imgurl: \"\" }\n];\n<\/script>\n\n<script>MP3jPLAYERS[15] = { list: MP3jPLAYLISTS.inline_15, tr:0, type:'single', lstate:'', loop:false, play_txt:'&nbsp;&nbsp;&nbsp;&nbsp;&nbsp;', pause_txt:'&nbsp;&nbsp;&nbsp;&nbsp;&nbsp;', pp_title:'', autoplay:false, download:false, vol:76, height:'' };<\/script><\/code><code><\/code><\/p>\n<p><strong>Mets\u00e4morfoosi yhteisn\u00e4yttely &#8211; <\/strong>Olemme paskiaisia. Itsekriittinen keskustelu XL taidetilassa (l\u00e4hetetty 28.1.2014):<\/p>\n<p><code><div id=\"mp3jWrap_16\" class=\"mjp-s-wrapper s-graphic unsel-mjp smaller2 gill-mjp\" style=\"font-size:14px;\"><span id=\"playpause_wrap_mp3j_16\" class=\"wrap_inline_mp3j\" style=\"font-weight:700;\"><span class=\"gfxbutton_mp3j play-mjp\" id=\"playpause_mp3j_16\" style=\"font-size:14px;\">&nbsp;&nbsp;&nbsp;&nbsp;&nbsp;<\/span>&nbsp;<span class=\"group_wrap\"><span class=\"bars_mp3j\"><span class=\"loadB_mp3j\" id=\"load_mp3j_16\"><\/span><span class=\"posbarB_mp3j\" id=\"posbar_mp3j_16\"><\/span><\/span><span class=\"T_mp3j\" id=\"T_mp3j_16\" style=\"font-size:14px;\">Mets\u00e4morfoosi: Paskiais-keskustelu<\/span><span class=\"indi_mp3j\" style=\"font-size:9.8px;\" id=\"statusMI_16\"><\/span><\/span><span class=\"vol_mp3j flipped\" id=\"vol_mp3j_16\"><\/span><\/span><\/div><span class=\"s-nosolution\" id=\"mp3j_nosolution_16\" style=\"display:none;\"><\/span><script>\nMP3jPLAYLISTS.inline_16 = [\n\t{ name: \"Metsamorfoosi_Paskiaiskeskustelu\", formats: [\"mp3\"], mp3: \"aHR0cDovL3N0cmVhbS52YWRlbG1hLm9yZzo2MTk3NC9rb3JwcGlyYWRpby9NZXRzYW1vcmZvb3NpX1Bhc2tpYWlza2Vza3VzdGVsdS5tcDM=\", counterpart:\"\", artist: \"\", image: \"\", imgurl: \"\" }\n];\n<\/script>\n\n<script>MP3jPLAYERS[16] = { list: MP3jPLAYLISTS.inline_16, tr:0, type:'single', lstate:'', loop:false, play_txt:'&nbsp;&nbsp;&nbsp;&nbsp;&nbsp;', pause_txt:'&nbsp;&nbsp;&nbsp;&nbsp;&nbsp;', pp_title:'', autoplay:false, download:false, vol:76, height:'' };<\/script><\/code><\/p>\n<hr>\n<p><strong>Korppistudio: Hampurin Rote Flora squatin tilanne ja keskustelu vapaasta tilasta.<\/strong><\/p>\n<p>Nauhoitettu keskustelu Rote Flora squatista, jossa sivutaan vallatun tilan historiaa, gentrifikaatiota, mielenosoituksia, ja kapitalistisen asuntologiikan kritiikki\u00e4. Sen j\u00e4lkeen keskustelu aiheista Korppistudiossa, vieraana saksalainen Ina:<\/p>\n<p><code><div id=\"mp3jWrap_17\" class=\"mjp-s-wrapper s-graphic unsel-mjp smaller2 gill-mjp\" style=\"font-size:14px;\"><span id=\"playpause_wrap_mp3j_17\" class=\"wrap_inline_mp3j\" style=\"font-weight:700;\"><span class=\"gfxbutton_mp3j play-mjp\" id=\"playpause_mp3j_17\" style=\"font-size:14px;\">&nbsp;&nbsp;&nbsp;&nbsp;&nbsp;<\/span>&nbsp;<span class=\"group_wrap\"><span class=\"bars_mp3j\"><span class=\"loadB_mp3j\" id=\"load_mp3j_17\"><\/span><span class=\"posbarB_mp3j\" id=\"posbar_mp3j_17\"><\/span><\/span><span class=\"T_mp3j\" id=\"T_mp3j_17\" style=\"font-size:14px;\">Korppistudio: Rote Flora ja kontrolli asuntojen avulla<\/span><span class=\"indi_mp3j\" style=\"font-size:9.8px;\" id=\"statusMI_17\"><\/span><\/span><span class=\"vol_mp3j flipped\" id=\"vol_mp3j_17\"><\/span><\/span><\/div><span class=\"s-nosolution\" id=\"mp3j_nosolution_17\" style=\"display:none;\"><\/span><script>\nMP3jPLAYLISTS.inline_17 = [\n\t{ name: \"Agora_Roteflora\", formats: [\"mp3\"], mp3: \"aHR0cDovL3N0cmVhbS52YWRlbG1hLm9yZzo2MTk3NC9rb3JwcGlyYWRpby9BZ29yYV9Sb3RlZmxvcmEubXAz\", counterpart:\"\", artist: \"\", image: \"\", imgurl: \"\" }\n];\n<\/script>\n\n<script>MP3jPLAYERS[17] = { list: MP3jPLAYLISTS.inline_17, tr:0, type:'single', lstate:'', loop:false, play_txt:'&nbsp;&nbsp;&nbsp;&nbsp;&nbsp;', pause_txt:'&nbsp;&nbsp;&nbsp;&nbsp;&nbsp;', pp_title:'', autoplay:false, download:false, vol:76, height:'' };<\/script><\/code><\/p>\n<hr>\n<p><strong>Korppiradion ensimm\u00e4isen kuukauden, vanhan vuoden <strong>sek\u00e4 todellisuuden tutkimuskeskuksen parin vuoden utopiaaiheen tutkimisen<\/strong> loppu, tietoa perunasta ja tinasta sek\u00e4 korppiradion vuoden 2014 ennustus<strong> teenlehdist\u00e4<\/strong>. <\/strong><span style=\"color: #000000;\">Sunnuntaina alkanut ttk:n vallankumouskeskustelu jatkuu. Todellisuuden tutkimuskeskus &#8211; kolme keskustelua utopiasta III : vallankumous. keskustelijoina Alan Prohm, Pilvi Porkola ja Eero Yli-Vakkuri, fasilitoijana Saara Hannula. Conversation is in English. <em>What does revolution mean today? Doe<\/em><em>s it exist and in what form? Can art generate revolutions? Hosted by Saara Hannula <\/em>(l\u00e4hetetty tiistaina 31.12.2013, studiossa v\u00e4syneet korpit K &amp; K, musiikki: FMA (cc) &lt;3 &lt;O):<\/span><\/p>\n<p><code><div id=\"mp3jWrap_18\" class=\"mjp-s-wrapper s-graphic unsel-mjp smaller2 gill-mjp\" style=\"font-size:14px;\"><span id=\"playpause_wrap_mp3j_18\" class=\"wrap_inline_mp3j\" style=\"font-weight:700;\"><span class=\"gfxbutton_mp3j play-mjp\" id=\"playpause_mp3j_18\" style=\"font-size:14px;\">&nbsp;&nbsp;&nbsp;&nbsp;&nbsp;<\/span>&nbsp;<span class=\"group_wrap\"><span class=\"bars_mp3j\"><span class=\"loadB_mp3j\" id=\"load_mp3j_18\"><\/span><span class=\"posbarB_mp3j\" id=\"posbar_mp3j_18\"><\/span><\/span><span class=\"T_mp3j\" id=\"T_mp3j_18\" style=\"font-size:14px;\">Korppistudio: 2013 viimeiset tunnit<\/span><span class=\"indi_mp3j\" style=\"font-size:9.8px;\" id=\"statusMI_18\"><\/span><\/span><span class=\"vol_mp3j flipped\" id=\"vol_mp3j_18\"><\/span><\/span><\/div><span class=\"s-nosolution\" id=\"mp3j_nosolution_18\" style=\"display:none;\"><\/span><script>\nMP3jPLAYLISTS.inline_18 = [\n\t{ name: \"2013_ViimeisetTunnit\", formats: [\"mp3\"], mp3: \"aHR0cDovL3N0cmVhbS52YWRlbG1hLm9yZzo2MTk3NC9rb3JwcGlyYWRpby8yMDEzX1ZpaW1laXNldFR1bm5pdC5tcDM=\", counterpart:\"\", artist: \"\", image: \"\", imgurl: \"\" }\n];\n<\/script>\n\n<script>MP3jPLAYERS[18] = { list: MP3jPLAYLISTS.inline_18, tr:0, type:'single', lstate:'', loop:false, play_txt:'&nbsp;&nbsp;&nbsp;&nbsp;&nbsp;', pause_txt:'&nbsp;&nbsp;&nbsp;&nbsp;&nbsp;', pp_title:'', autoplay:false, download:false, vol:76, height:'' };<\/script><\/code><\/p>\n<hr>\n<p><strong><span style=\"color: #000000;\">Korppistudio: Kumous, Osa 1 &#8211; intro ja korppikuunnelma &#8211;<\/span><\/strong><span style=\"color: #000000;\"> jatkokertomus<\/span><span style=\"color: #000000;\"> (l<\/span><span style=\"color: #000000;\">\u00e4hetetty sunnuntaina 29.12.2013):<\/span><\/p>\n<p><code><div id=\"mp3jWrap_19\" class=\"mjp-s-wrapper s-graphic unsel-mjp smaller2 gill-mjp\" style=\"font-size:14px;\"><span id=\"playpause_wrap_mp3j_19\" class=\"wrap_inline_mp3j\" style=\"font-weight:700;\"><span class=\"gfxbutton_mp3j play-mjp\" id=\"playpause_mp3j_19\" style=\"font-size:14px;\">&nbsp;&nbsp;&nbsp;&nbsp;&nbsp;<\/span>&nbsp;<span class=\"group_wrap\"><span class=\"bars_mp3j\"><span class=\"loadB_mp3j\" id=\"load_mp3j_19\"><\/span><span class=\"posbarB_mp3j\" id=\"posbar_mp3j_19\"><\/span><\/span><span class=\"T_mp3j\" id=\"T_mp3j_19\" style=\"font-size:14px;\">Korppistudio: Kumous - kuunnelma<\/span><span class=\"indi_mp3j\" style=\"font-size:9.8px;\" id=\"statusMI_19\"><\/span><\/span><span class=\"vol_mp3j flipped\" id=\"vol_mp3j_19\"><\/span><\/span><\/div><span class=\"s-nosolution\" id=\"mp3j_nosolution_19\" style=\"display:none;\"><\/span><script>\nMP3jPLAYLISTS.inline_19 = [\n\t{ name: \"Kumousshow_osa1\", formats: [\"mp3\"], mp3: \"aHR0cDovL3N0cmVhbS52YWRlbG1hLm9yZzo2MTk3NC9rb3JwcGlyYWRpby9LdW1vdXNzaG93X29zYTEubXAz\", counterpart:\"\", artist: \"\", image: \"\", imgurl: \"\" }\n];\n<\/script>\n\n<script>MP3jPLAYERS[19] = { list: MP3jPLAYLISTS.inline_19, tr:0, type:'single', lstate:'', loop:false, play_txt:'&nbsp;&nbsp;&nbsp;&nbsp;&nbsp;', pause_txt:'&nbsp;&nbsp;&nbsp;&nbsp;&nbsp;', pp_title:'', autoplay:false, download:false, vol:76, height:'' };<\/script><\/code><\/p>\n<p><span style=\"color: #000000;\"><strong>Korppistudio: Kumous, Osa 2 -Radiotaide:<\/strong><\/span><\/p>\n<p><code><div id=\"mp3jWrap_20\" class=\"mjp-s-wrapper s-graphic unsel-mjp smaller2 gill-mjp\" style=\"font-size:14px;\"><span id=\"playpause_wrap_mp3j_20\" class=\"wrap_inline_mp3j\" style=\"font-weight:700;\"><span class=\"gfxbutton_mp3j play-mjp\" id=\"playpause_mp3j_20\" style=\"font-size:14px;\">&nbsp;&nbsp;&nbsp;&nbsp;&nbsp;<\/span>&nbsp;<span class=\"group_wrap\"><span class=\"bars_mp3j\"><span class=\"loadB_mp3j\" id=\"load_mp3j_20\"><\/span><span class=\"posbarB_mp3j\" id=\"posbar_mp3j_20\"><\/span><\/span><span class=\"T_mp3j\" id=\"T_mp3j_20\" style=\"font-size:14px;\">Korppistudio: Kumous - Radiotaide<\/span><span class=\"indi_mp3j\" style=\"font-size:9.8px;\" id=\"statusMI_20\"><\/span><\/span><span class=\"vol_mp3j flipped\" id=\"vol_mp3j_20\"><\/span><\/span><\/div><span class=\"s-nosolution\" id=\"mp3j_nosolution_20\" style=\"display:none;\"><\/span><script>\nMP3jPLAYLISTS.inline_20 = [\n\t{ name: \"Kumousshow_osa2\", formats: [\"mp3\"], mp3: \"aHR0cDovL3N0cmVhbS52YWRlbG1hLm9yZzo2MTk3NC9rb3JwcGlyYWRpby9LdW1vdXNzaG93X29zYTIubXAz\", counterpart:\"\", artist: \"\", image: \"\", imgurl: \"\" }\n];\n<\/script>\n\n<script>MP3jPLAYERS[20] = { list: MP3jPLAYLISTS.inline_20, tr:0, type:'single', lstate:'', loop:false, play_txt:'&nbsp;&nbsp;&nbsp;&nbsp;&nbsp;', pause_txt:'&nbsp;&nbsp;&nbsp;&nbsp;&nbsp;', pp_title:'', autoplay:false, download:false, vol:76, height:'' };<\/script><\/code><\/p>\n<p><strong>Korppistudio: Kumous, Osa 3 &#8211; Vallankumous-keskustelut:<br \/>\n<\/strong><\/p>\n<p><code><div id=\"mp3jWrap_21\" class=\"mjp-s-wrapper s-graphic unsel-mjp smaller2 gill-mjp\" style=\"font-size:14px;\"><span id=\"playpause_wrap_mp3j_21\" class=\"wrap_inline_mp3j\" style=\"font-weight:700;\"><span class=\"gfxbutton_mp3j play-mjp\" id=\"playpause_mp3j_21\" style=\"font-size:14px;\">&nbsp;&nbsp;&nbsp;&nbsp;&nbsp;<\/span>&nbsp;<span class=\"group_wrap\"><span class=\"bars_mp3j\"><span class=\"loadB_mp3j\" id=\"load_mp3j_21\"><\/span><span class=\"posbarB_mp3j\" id=\"posbar_mp3j_21\"><\/span><\/span><span class=\"T_mp3j\" id=\"T_mp3j_21\" style=\"font-size:14px;\">Korppistudio: Kumous - Vallankumous-keskustelu<\/span><span class=\"indi_mp3j\" style=\"font-size:9.8px;\" id=\"statusMI_21\"><\/span><\/span><span class=\"vol_mp3j flipped\" id=\"vol_mp3j_21\"><\/span><\/span><\/div><span class=\"s-nosolution\" id=\"mp3j_nosolution_21\" style=\"display:none;\"><\/span><script>\nMP3jPLAYLISTS.inline_21 = [\n\t{ name: \"Kumousshow_osa3\", formats: [\"mp3\"], mp3: \"aHR0cDovL3N0cmVhbS52YWRlbG1hLm9yZzo2MTk3NC9rb3JwcGlyYWRpby9LdW1vdXNzaG93X29zYTMubXAz\", counterpart:\"\", artist: \"\", image: \"\", imgurl: \"\" }\n];\n<\/script>\n\n<script>MP3jPLAYERS[21] = { list: MP3jPLAYLISTS.inline_21, tr:0, type:'single', lstate:'', loop:false, play_txt:'&nbsp;&nbsp;&nbsp;&nbsp;&nbsp;', pause_txt:'&nbsp;&nbsp;&nbsp;&nbsp;&nbsp;', pp_title:'', autoplay:false, download:false, vol:76, height:'' };<\/script><\/code><\/p>\n<p><strong>Korppistudio: Kumous, Osa 4 &#8211; Vallankumous-keskustelu jatkuu, Berliinin korpit ja Vapaa maa:<br \/>\n<\/strong><\/p>\n<p><code><div id=\"mp3jWrap_22\" class=\"mjp-s-wrapper s-graphic unsel-mjp smaller2 gill-mjp\" style=\"font-size:14px;\"><span id=\"playpause_wrap_mp3j_22\" class=\"wrap_inline_mp3j\" style=\"font-weight:700;\"><span class=\"gfxbutton_mp3j play-mjp\" id=\"playpause_mp3j_22\" style=\"font-size:14px;\">&nbsp;&nbsp;&nbsp;&nbsp;&nbsp;<\/span>&nbsp;<span class=\"group_wrap\"><span class=\"bars_mp3j\"><span class=\"loadB_mp3j\" id=\"load_mp3j_22\"><\/span><span class=\"posbarB_mp3j\" id=\"posbar_mp3j_22\"><\/span><\/span><span class=\"T_mp3j\" id=\"T_mp3j_22\" style=\"font-size:14px;\">Korppistudio: Kumous - Vallankumous-keskustelu 2<\/span><span class=\"indi_mp3j\" style=\"font-size:9.8px;\" id=\"statusMI_22\"><\/span><\/span><span class=\"vol_mp3j flipped\" id=\"vol_mp3j_22\"><\/span><\/span><\/div><span class=\"s-nosolution\" id=\"mp3j_nosolution_22\" style=\"display:none;\"><\/span><script>\nMP3jPLAYLISTS.inline_22 = [\n\t{ name: \"Kumousshow_osa4\", formats: [\"mp3\"], mp3: \"aHR0cDovL3N0cmVhbS52YWRlbG1hLm9yZzo2MTk3NC9rb3JwcGlyYWRpby9LdW1vdXNzaG93X29zYTQubXAz\", counterpart:\"\", artist: \"\", image: \"\", imgurl: \"\" }\n];\n<\/script>\n\n<script>MP3jPLAYERS[22] = { list: MP3jPLAYLISTS.inline_22, tr:0, type:'single', lstate:'', loop:false, play_txt:'&nbsp;&nbsp;&nbsp;&nbsp;&nbsp;', pause_txt:'&nbsp;&nbsp;&nbsp;&nbsp;&nbsp;', pp_title:'', autoplay:false, download:false, vol:76, height:'' };<\/script><\/code><\/p>\n<p><strong>Korppistudio: Kumous, Osa 5 &#8211; Pornoradio:<\/strong><\/p>\n<p><code><div id=\"mp3jWrap_23\" class=\"mjp-s-wrapper s-graphic unsel-mjp smaller2 gill-mjp\" style=\"font-size:14px;\"><span id=\"playpause_wrap_mp3j_23\" class=\"wrap_inline_mp3j\" style=\"font-weight:700;\"><span class=\"gfxbutton_mp3j play-mjp\" id=\"playpause_mp3j_23\" style=\"font-size:14px;\">&nbsp;&nbsp;&nbsp;&nbsp;&nbsp;<\/span>&nbsp;<span class=\"group_wrap\"><span class=\"bars_mp3j\"><span class=\"loadB_mp3j\" id=\"load_mp3j_23\"><\/span><span class=\"posbarB_mp3j\" id=\"posbar_mp3j_23\"><\/span><\/span><span class=\"T_mp3j\" id=\"T_mp3j_23\" style=\"font-size:14px;\">Korppistudio: Kumous - Pornoradio<\/span><span class=\"indi_mp3j\" style=\"font-size:9.8px;\" id=\"statusMI_23\"><\/span><\/span><span class=\"vol_mp3j flipped\" id=\"vol_mp3j_23\"><\/span><\/span><\/div><span class=\"s-nosolution\" id=\"mp3j_nosolution_23\" style=\"display:none;\"><\/span><script>\nMP3jPLAYLISTS.inline_23 = [\n\t{ name: \"Kumousshow_osa5\", formats: [\"mp3\"], mp3: \"aHR0cDovL3N0cmVhbS52YWRlbG1hLm9yZzo2MTk3NC9rb3JwcGlyYWRpby9LdW1vdXNzaG93X29zYTUubXAz\", counterpart:\"\", artist: \"\", image: \"\", imgurl: \"\" }\n];\n<\/script>\n\n<script>MP3jPLAYERS[23] = { list: MP3jPLAYLISTS.inline_23, tr:0, type:'single', lstate:'', loop:false, play_txt:'&nbsp;&nbsp;&nbsp;&nbsp;&nbsp;', pause_txt:'&nbsp;&nbsp;&nbsp;&nbsp;&nbsp;', pp_title:'', autoplay:false, download:false, vol:76, height:'' };<\/script><\/code><\/p>\n<p><strong>Korppistudio: Kumous, Osa 6 &#8211; Vallankumouslauluja \/ Korppiradio House Band:<br \/>\n<\/strong><\/p>\n<p><code><div id=\"mp3jWrap_24\" class=\"mjp-s-wrapper s-graphic unsel-mjp smaller2 gill-mjp\" style=\"font-size:14px;\"><span id=\"playpause_wrap_mp3j_24\" class=\"wrap_inline_mp3j\" style=\"font-weight:700;\"><span class=\"gfxbutton_mp3j play-mjp\" id=\"playpause_mp3j_24\" style=\"font-size:14px;\">&nbsp;&nbsp;&nbsp;&nbsp;&nbsp;<\/span>&nbsp;<span class=\"group_wrap\"><span class=\"bars_mp3j\"><span class=\"loadB_mp3j\" id=\"load_mp3j_24\"><\/span><span class=\"posbarB_mp3j\" id=\"posbar_mp3j_24\"><\/span><\/span><span class=\"T_mp3j\" id=\"T_mp3j_24\" style=\"font-size:14px;\">Korppistudio: Kumous - Lauluja<\/span><span class=\"indi_mp3j\" style=\"font-size:9.8px;\" id=\"statusMI_24\"><\/span><\/span><span class=\"vol_mp3j flipped\" id=\"vol_mp3j_24\"><\/span><\/span><\/div><span class=\"s-nosolution\" id=\"mp3j_nosolution_24\" style=\"display:none;\"><\/span><script>\nMP3jPLAYLISTS.inline_24 = [\n\t{ name: \"Kumousshow_osa6\", formats: [\"mp3\"], mp3: \"aHR0cDovL3N0cmVhbS52YWRlbG1hLm9yZzo2MTk3NC9rb3JwcGlyYWRpby9LdW1vdXNzaG93X29zYTYubXAz\", counterpart:\"\", artist: \"\", image: \"\", imgurl: \"\" }\n];\n<\/script>\n\n<script>MP3jPLAYERS[24] = { list: MP3jPLAYLISTS.inline_24, tr:0, type:'single', lstate:'', loop:false, play_txt:'&nbsp;&nbsp;&nbsp;&nbsp;&nbsp;', pause_txt:'&nbsp;&nbsp;&nbsp;&nbsp;&nbsp;', pp_title:'', autoplay:false, download:false, vol:76, height:'' };<\/script><\/code><\/p>\n<hr>\n<p><strong>Ep\u00e4joulun j\u00e4lkipyykkil\u00e4hetys &#8211; <\/strong><span style=\"color: #000000;\">Materia-keskustelu, paskimmat joululahjat, korpit Berliiniss\u00e4, Korppikuunnelma, ym, ym.<\/span><\/p>\n<p><code><div id=\"mp3jWrap_25\" class=\"mjp-s-wrapper s-graphic unsel-mjp smaller2 gill-mjp\" style=\"font-size:14px;\"><span id=\"playpause_wrap_mp3j_25\" class=\"wrap_inline_mp3j\" style=\"font-weight:700;\"><span class=\"gfxbutton_mp3j play-mjp\" id=\"playpause_mp3j_25\" style=\"font-size:14px;\">&nbsp;&nbsp;&nbsp;&nbsp;&nbsp;<\/span>&nbsp;<span class=\"group_wrap\"><span class=\"bars_mp3j\"><span class=\"loadB_mp3j\" id=\"load_mp3j_25\"><\/span><span class=\"posbarB_mp3j\" id=\"posbar_mp3j_25\"><\/span><\/span><span class=\"T_mp3j\" id=\"T_mp3j_25\" style=\"font-size:14px;\">Korppistudio: Ep\u00e4joulu<\/span><span class=\"indi_mp3j\" style=\"font-size:9.8px;\" id=\"statusMI_25\"><\/span><\/span><span class=\"vol_mp3j flipped\" id=\"vol_mp3j_25\"><\/span><\/span><\/div><span class=\"s-nosolution\" id=\"mp3j_nosolution_25\" style=\"display:none;\"><\/span><script>\nMP3jPLAYLISTS.inline_25 = [\n\t{ name: \"Epajoulu\", formats: [\"mp3\"], mp3: \"aHR0cDovL3N0cmVhbS52YWRlbG1hLm9yZzo2MTk3NC9rb3JwcGlyYWRpby9FcGFqb3VsdS5tcDM=\", counterpart:\"\", artist: \"\", image: \"\", imgurl: \"\" }\n];\n<\/script>\n\n<script>MP3jPLAYERS[25] = { list: MP3jPLAYLISTS.inline_25, tr:0, type:'single', lstate:'', loop:false, play_txt:'&nbsp;&nbsp;&nbsp;&nbsp;&nbsp;', pause_txt:'&nbsp;&nbsp;&nbsp;&nbsp;&nbsp;', pp_title:'', autoplay:false, download:false, vol:76, height:'' };<\/script><\/code><\/p>\n<hr>\n<p><strong>Korppi seimess\u00e4 makaapi<\/strong><span style=\"color: #000000;\"> &#8211; korppikuunnelma (l\u00e4hetetty perjantaina 27.12.2013):<\/span><\/p>\n<p><code><div id=\"mp3jWrap_26\" class=\"mjp-s-wrapper s-graphic unsel-mjp smaller2 gill-mjp\" style=\"font-size:14px;\"><span id=\"playpause_wrap_mp3j_26\" class=\"wrap_inline_mp3j\" style=\"font-weight:700;\"><span class=\"gfxbutton_mp3j play-mjp\" id=\"playpause_mp3j_26\" style=\"font-size:14px;\">&nbsp;&nbsp;&nbsp;&nbsp;&nbsp;<\/span>&nbsp;<span class=\"group_wrap\"><span class=\"bars_mp3j\"><span class=\"loadB_mp3j\" id=\"load_mp3j_26\"><\/span><span class=\"posbarB_mp3j\" id=\"posbar_mp3j_26\"><\/span><\/span><span class=\"T_mp3j\" id=\"T_mp3j_26\" style=\"font-size:14px;\">Korppistudio: Korppikuunnelma<\/span><span class=\"indi_mp3j\" style=\"font-size:9.8px;\" id=\"statusMI_26\"><\/span><\/span><span class=\"vol_mp3j flipped\" id=\"vol_mp3j_26\"><\/span><\/span><\/div><span class=\"s-nosolution\" id=\"mp3j_nosolution_26\" style=\"display:none;\"><\/span><script>\nMP3jPLAYLISTS.inline_26 = [\n\t{ name: \"Korppikuunnelma\", formats: [\"mp3\"], mp3: \"aHR0cDovL3N0cmVhbS52YWRlbG1hLm9yZzo2MTk3NC9rb3JwcGlyYWRpby9Lb3JwcGlrdXVubmVsbWEubXAz\", counterpart:\"\", artist: \"\", image: \"\", imgurl: \"\" }\n];\n<\/script>\n\n<script>MP3jPLAYERS[26] = { list: MP3jPLAYLISTS.inline_26, tr:0, type:'single', lstate:'', loop:false, play_txt:'&nbsp;&nbsp;&nbsp;&nbsp;&nbsp;', pause_txt:'&nbsp;&nbsp;&nbsp;&nbsp;&nbsp;', pp_title:'', autoplay:false, download:false, vol:76, height:'' };<\/script><\/code><\/p>\n<hr>\n<p><span style=\"color: #000000;\"><strong>H\u00e4m\u00e4r\u00e4k\u00f6yh\u00e4 joulu<\/strong>&nbsp;&#8211; Jouluisaa? ep\u00e4jouluisaa? talvista? lumetonta? h\u00e4m\u00e4r\u00e4\u00e4? valaisevaa? setti\u00e4 Hurstin k\u00f6yhien joulusta sek\u00e4 kuolevaisuuden pohdintoja Hietaniemen hautausmaalta ja Baanan sillan alta. (l\u00e4hetetty 25.12.2013, kesto 1h 30min):<\/span><\/p>\n<p><code><div id=\"mp3jWrap_27\" class=\"mjp-s-wrapper s-graphic unsel-mjp smaller2 gill-mjp\" style=\"font-size:14px;\"><span id=\"playpause_wrap_mp3j_27\" class=\"wrap_inline_mp3j\" style=\"font-weight:700;\"><span class=\"gfxbutton_mp3j play-mjp\" id=\"playpause_mp3j_27\" style=\"font-size:14px;\">&nbsp;&nbsp;&nbsp;&nbsp;&nbsp;<\/span>&nbsp;<span class=\"group_wrap\"><span class=\"bars_mp3j\"><span class=\"loadB_mp3j\" id=\"load_mp3j_27\"><\/span><span class=\"posbarB_mp3j\" id=\"posbar_mp3j_27\"><\/span><\/span><span class=\"T_mp3j\" id=\"T_mp3j_27\" style=\"font-size:14px;\">Korppistudio: H\u00e4m\u00e4r\u00e4k\u00f6yh\u00e4joulu<\/span><span class=\"indi_mp3j\" style=\"font-size:9.8px;\" id=\"statusMI_27\"><\/span><\/span><span class=\"vol_mp3j flipped\" id=\"vol_mp3j_27\"><\/span><\/span><\/div><span class=\"s-nosolution\" id=\"mp3j_nosolution_27\" style=\"display:none;\"><\/span><script>\nMP3jPLAYLISTS.inline_27 = [\n\t{ name: \"Jouluohjelma\", formats: [\"mp3\"], mp3: \"aHR0cDovL3N0cmVhbS52YWRlbG1hLm9yZzo2MTk3NC9rb3JwcGlyYWRpby9Kb3VsdW9oamVsbWEubXAz\", counterpart:\"\", artist: \"\", image: \"\", imgurl: \"\" }\n];\n<\/script>\n\n<script>MP3jPLAYERS[27] = { list: MP3jPLAYLISTS.inline_27, tr:0, type:'single', lstate:'', loop:false, play_txt:'&nbsp;&nbsp;&nbsp;&nbsp;&nbsp;', pause_txt:'&nbsp;&nbsp;&nbsp;&nbsp;&nbsp;', pp_title:'', autoplay:false, download:false, vol:76, height:'' };<\/script><\/code><\/p>\n<p>&nbsp;<\/p>\n<p><span style=\"color: #000000;\"><strong>Hullun Huuto<\/strong> &#8211; <span style=\"color: #000000;\">Perjantaina 13.12.2013 eduskuntatalon edustalla huudettiin hullun huuto mielenterveyspalvelujen v\u00e4hent\u00e4misen vastustamiseksi. D<\/span>okumentaatiota tapahtumasta, keskustelua ja musiikkia. (l\u00e4hetetty 17.12.2013):<\/span><\/p>\n<p><img loading=\"lazy\" decoding=\"async\" src=\"http:\/\/vadelma.org\/korppiradio\/wp-content\/uploads\/2013\/12\/hullun_huuto_13122013-450x300.jpg\" alt=\"hullun_huuto_13122013\" width=\"450\" height=\"300\"><\/p>\n<p><code><div id=\"mp3jWrap_28\" class=\"mjp-s-wrapper s-graphic unsel-mjp smaller2 gill-mjp\" style=\"font-size:14px;\"><span id=\"playpause_wrap_mp3j_28\" class=\"wrap_inline_mp3j\" style=\"font-weight:700;\"><span class=\"gfxbutton_mp3j play-mjp\" id=\"playpause_mp3j_28\" style=\"font-size:14px;\">&nbsp;&nbsp;&nbsp;&nbsp;&nbsp;<\/span>&nbsp;<span class=\"group_wrap\"><span class=\"bars_mp3j\"><span class=\"loadB_mp3j\" id=\"load_mp3j_28\"><\/span><span class=\"posbarB_mp3j\" id=\"posbar_mp3j_28\"><\/span><\/span><span class=\"T_mp3j\" id=\"T_mp3j_28\" style=\"font-size:14px;\">Korppistudio: Hullun huuto -raportti<\/span><span class=\"indi_mp3j\" style=\"font-size:9.8px;\" id=\"statusMI_28\"><\/span><\/span><span class=\"vol_mp3j flipped\" id=\"vol_mp3j_28\"><\/span><\/span><\/div><span class=\"s-nosolution\" id=\"mp3j_nosolution_28\" style=\"display:none;\"><\/span><script>\nMP3jPLAYLISTS.inline_28 = [\n\t{ name: \"HullunHuuto\", formats: [\"mp3\"], mp3: \"aHR0cDovL3N0cmVhbS52YWRlbG1hLm9yZzo2MTk3NC9rb3JwcGlyYWRpby9IdWxsdW5IdXV0by5tcDM=\", counterpart:\"\", artist: \"\", image: \"\", imgurl: \"\" }\n];\n<\/script>\n\n<script>MP3jPLAYERS[28] = { list: MP3jPLAYLISTS.inline_28, tr:0, type:'single', lstate:'', loop:false, play_txt:'&nbsp;&nbsp;&nbsp;&nbsp;&nbsp;', pause_txt:'&nbsp;&nbsp;&nbsp;&nbsp;&nbsp;', pp_title:'', autoplay:false, download:false, vol:76, height:'' };<\/script><\/code><\/p>\n<hr>\n<p><span style=\"color: #000000;\"><strong>Korppistudio &#8211; Taistelu kaupunkimetsist\u00e4: <\/strong>kaupunkimets\u00e4keskustelussa puhutaan luonnon itseisarvosta, kaupunkilaisten aktiivisuudesta metsien puolesta ja mitk\u00e4 ovat aktivismin ajavat motiivit. Kesto n. 2h 25min.<\/span><\/p>\n<p><code><div id=\"mp3jWrap_29\" class=\"mjp-s-wrapper s-graphic unsel-mjp smaller2 gill-mjp\" style=\"font-size:14px;\"><span id=\"playpause_wrap_mp3j_29\" class=\"wrap_inline_mp3j\" style=\"font-weight:700;\"><span class=\"gfxbutton_mp3j play-mjp\" id=\"playpause_mp3j_29\" style=\"font-size:14px;\">&nbsp;&nbsp;&nbsp;&nbsp;&nbsp;<\/span>&nbsp;<span class=\"group_wrap\"><span class=\"bars_mp3j\"><span class=\"loadB_mp3j\" id=\"load_mp3j_29\"><\/span><span class=\"posbarB_mp3j\" id=\"posbar_mp3j_29\"><\/span><\/span><span class=\"T_mp3j\" id=\"T_mp3j_29\" style=\"font-size:14px;\">Korppistudio: Taistelu kaupunkimetsist\u00e4<\/span><span class=\"indi_mp3j\" style=\"font-size:9.8px;\" id=\"statusMI_29\"><\/span><\/span><span class=\"vol_mp3j flipped\" id=\"vol_mp3j_29\"><\/span><\/span><\/div><span class=\"s-nosolution\" id=\"mp3j_nosolution_29\" style=\"display:none;\"><\/span><script>\nMP3jPLAYLISTS.inline_29 = [\n\t{ name: \"Kaupunkimetsakeskustelu\", formats: [\"mp3\"], mp3: \"aHR0cDovL3N0cmVhbS52YWRlbG1hLm9yZzo2MTk3NC9rb3JwcGlyYWRpby9LYXVwdW5raW1ldHNha2Vza3VzdGVsdS5tcDM=\", counterpart:\"\", artist: \"\", image: \"\", imgurl: \"\" }\n];\n<\/script>\n\n<script>MP3jPLAYERS[29] = { list: MP3jPLAYLISTS.inline_29, tr:0, type:'single', lstate:'', loop:false, play_txt:'&nbsp;&nbsp;&nbsp;&nbsp;&nbsp;', pause_txt:'&nbsp;&nbsp;&nbsp;&nbsp;&nbsp;', pp_title:'', autoplay:false, download:false, vol:76, height:'' };<\/script><\/code><\/p>\n<hr>\n<p><strong><a href=\"http:\/\/vadelma.org\/korppiradio\/errorkraut\">Errorkraut &#8211;<\/a><\/strong> Joel Kupiaisen vieraana studiossa Lokit (7.12.2014):<\/p>\n<p><img loading=\"lazy\" decoding=\"async\" src=\"http:\/\/vadelma.org\/korppiradio\/wp-content\/uploads\/2013\/12\/errorkraut001_A-500x273.jpg\" alt=\"Errorkraut, Joel Kupiaisen vieraana Lokit. \u00c4\u00e4nitarkkailijana Jani HIetanen.\" width=\"500\" height=\"273\"><\/p>\n<hr>\n<p><strong>Korppiradion avajaiskarnevaali sunnuntaina 17.11.2013:<\/strong><\/p>\n<p><strong>14:22 Korppitarina, <a href=\"http:\/\/vadelma.org\/korppiradio\/vadelmapensas\">Vadelmapensas<\/a> ja Nelj\u00e4 keltaista hiirt\u00e4:<\/strong><\/p>\n<p><code><div id=\"mp3jWrap_30\" class=\"mjp-s-wrapper s-graphic unsel-mjp smaller2 gill-mjp\" style=\"font-size:14px;\"><span id=\"playpause_wrap_mp3j_30\" class=\"wrap_inline_mp3j\" style=\"font-weight:700;\"><span class=\"gfxbutton_mp3j play-mjp\" id=\"playpause_mp3j_30\" style=\"font-size:14px;\">&nbsp;&nbsp;&nbsp;&nbsp;&nbsp;<\/span>&nbsp;<span class=\"group_wrap\"><span class=\"bars_mp3j\"><span class=\"loadB_mp3j\" id=\"load_mp3j_30\"><\/span><span class=\"posbarB_mp3j\" id=\"posbar_mp3j_30\"><\/span><\/span><span class=\"T_mp3j\" id=\"T_mp3j_30\" style=\"font-size:14px;\">Avajaiset: Nelj\u00e4 hiirt\u00e4 -kuunnelma<\/span><span class=\"indi_mp3j\" style=\"font-size:9.8px;\" id=\"statusMI_30\"><\/span><\/span><span class=\"vol_mp3j flipped\" id=\"vol_mp3j_30\"><\/span><\/span><\/div><span class=\"s-nosolution\" id=\"mp3j_nosolution_30\" style=\"display:none;\"><\/span><script>\nMP3jPLAYLISTS.inline_30 = [\n\t{ name: \"Avajaiset_4hiirta\", formats: [\"mp3\"], mp3: \"aHR0cDovL3N0cmVhbS52YWRlbG1hLm9yZzo2MTk3NC9rb3JwcGlyYWRpby9BdmFqYWlzZXRfNGhpaXJ0YS5tcDM=\", counterpart:\"\", artist: \"\", image: \"\", imgurl: \"\" }\n];\n<\/script>\n\n<script>MP3jPLAYERS[30] = { list: MP3jPLAYLISTS.inline_30, tr:0, type:'single', lstate:'', loop:false, play_txt:'&nbsp;&nbsp;&nbsp;&nbsp;&nbsp;', pause_txt:'&nbsp;&nbsp;&nbsp;&nbsp;&nbsp;', pp_title:'', autoplay:false, download:false, vol:76, height:'' };<\/script><\/code><\/p>\n<p><strong>15:40 Aihe ja ihminen 1<\/strong>: El genero como experiencia en Finlandia y en Espa\u00f1a hoy en d\u00eda:<\/p>\n<p><code><div id=\"mp3jWrap_31\" class=\"mjp-s-wrapper s-graphic unsel-mjp smaller2 gill-mjp\" style=\"font-size:14px;\"><span id=\"playpause_wrap_mp3j_31\" class=\"wrap_inline_mp3j\" style=\"font-weight:700;\"><span class=\"gfxbutton_mp3j play-mjp\" id=\"playpause_mp3j_31\" style=\"font-size:14px;\">&nbsp;&nbsp;&nbsp;&nbsp;&nbsp;<\/span>&nbsp;<span class=\"group_wrap\"><span class=\"bars_mp3j\"><span class=\"loadB_mp3j\" id=\"load_mp3j_31\"><\/span><span class=\"posbarB_mp3j\" id=\"posbar_mp3j_31\"><\/span><\/span><span class=\"T_mp3j\" id=\"T_mp3j_31\" style=\"font-size:14px;\">Avajaiset: Aihe ja ihminen 1<\/span><span class=\"indi_mp3j\" style=\"font-size:9.8px;\" id=\"statusMI_31\"><\/span><\/span><span class=\"vol_mp3j flipped\" id=\"vol_mp3j_31\"><\/span><\/span><\/div><span class=\"s-nosolution\" id=\"mp3j_nosolution_31\" style=\"display:none;\"><\/span><script>\nMP3jPLAYLISTS.inline_31 = [\n\t{ name: \"Avajaiset_Aihejaihminen\", formats: [\"mp3\"], mp3: \"aHR0cDovL3N0cmVhbS52YWRlbG1hLm9yZzo2MTk3NC9rb3JwcGlyYWRpby9BdmFqYWlzZXRfQWloZWphaWhtaW5lbi5tcDM=\", counterpart:\"\", artist: \"\", image: \"\", imgurl: \"\" }\n];\n<\/script>\n\n<script>MP3jPLAYERS[31] = { list: MP3jPLAYLISTS.inline_31, tr:0, type:'single', lstate:'', loop:false, play_txt:'&nbsp;&nbsp;&nbsp;&nbsp;&nbsp;', pause_txt:'&nbsp;&nbsp;&nbsp;&nbsp;&nbsp;', pp_title:'', autoplay:false, download:false, vol:76, height:'' };<\/script><\/code><\/p>\n<p><strong>16:11 Aihe ja ihminen 2 :<\/strong> Peruskoulumaailman dialogittomuus ja mielt\u00e4 k\u00f6yhdytt\u00e4v\u00e4 vaikutus Suomessa:<\/p>\n<p><img loading=\"lazy\" decoding=\"async\" src=\"http:\/\/vadelma.org\/korppiradio\/wp-content\/uploads\/2013\/11\/avajaiset_laura_ja_elina-423x300.jpg\" alt=\"avajaiset_laura_ja_elina\" width=\"423\" height=\"300\"><\/p>\n<p><code><div id=\"mp3jWrap_32\" class=\"mjp-s-wrapper s-graphic unsel-mjp smaller2 gill-mjp\" style=\"font-size:14px;\"><span id=\"playpause_wrap_mp3j_32\" class=\"wrap_inline_mp3j\" style=\"font-weight:700;\"><span class=\"gfxbutton_mp3j play-mjp\" id=\"playpause_mp3j_32\" style=\"font-size:14px;\">&nbsp;&nbsp;&nbsp;&nbsp;&nbsp;<\/span>&nbsp;<span class=\"group_wrap\"><span class=\"bars_mp3j\"><span class=\"loadB_mp3j\" id=\"load_mp3j_32\"><\/span><span class=\"posbarB_mp3j\" id=\"posbar_mp3j_32\"><\/span><\/span><span class=\"T_mp3j\" id=\"T_mp3j_32\" style=\"font-size:14px;\">Avajaiset: Aihe ja ihminen 2<\/span><span class=\"indi_mp3j\" style=\"font-size:9.8px;\" id=\"statusMI_32\"><\/span><\/span><span class=\"vol_mp3j flipped\" id=\"vol_mp3j_32\"><\/span><\/span><\/div><span class=\"s-nosolution\" id=\"mp3j_nosolution_32\" style=\"display:none;\"><\/span><script>\nMP3jPLAYLISTS.inline_32 = [\n\t{ name: \"Avajaiset_Koulukeskustelu\", formats: [\"mp3\"], mp3: \"aHR0cDovL3N0cmVhbS52YWRlbG1hLm9yZzo2MTk3NC9rb3JwcGlyYWRpby9BdmFqYWlzZXRfS291bHVrZXNrdXN0ZWx1Lm1wMw==\", counterpart:\"\", artist: \"\", image: \"\", imgurl: \"\" }\n];\n<\/script>\n\n<script>MP3jPLAYERS[32] = { list: MP3jPLAYLISTS.inline_32, tr:0, type:'single', lstate:'', loop:false, play_txt:'&nbsp;&nbsp;&nbsp;&nbsp;&nbsp;', pause_txt:'&nbsp;&nbsp;&nbsp;&nbsp;&nbsp;', pp_title:'', autoplay:false, download:false, vol:76, height:'' };<\/script><\/code><\/p>\n<p><strong>17:00 Vapaa sukupuoli esitt\u00e4ytyy, mukana katugallup:<\/strong><\/p>\n<p><code><div id=\"mp3jWrap_33\" class=\"mjp-s-wrapper s-graphic unsel-mjp smaller2 gill-mjp\" style=\"font-size:14px;\"><span id=\"playpause_wrap_mp3j_33\" class=\"wrap_inline_mp3j\" style=\"font-weight:700;\"><span class=\"gfxbutton_mp3j play-mjp\" id=\"playpause_mp3j_33\" style=\"font-size:14px;\">&nbsp;&nbsp;&nbsp;&nbsp;&nbsp;<\/span>&nbsp;<span class=\"group_wrap\"><span class=\"bars_mp3j\"><span class=\"loadB_mp3j\" id=\"load_mp3j_33\"><\/span><span class=\"posbarB_mp3j\" id=\"posbar_mp3j_33\"><\/span><\/span><span class=\"T_mp3j\" id=\"T_mp3j_33\" style=\"font-size:14px;\">Avajaiset: Vapaa sukupuoli \/ Pornoradio esitt\u00e4ytyy<\/span><span class=\"indi_mp3j\" style=\"font-size:9.8px;\" id=\"statusMI_33\"><\/span><\/span><span class=\"vol_mp3j flipped\" id=\"vol_mp3j_33\"><\/span><\/span><\/div><span class=\"s-nosolution\" id=\"mp3j_nosolution_33\" style=\"display:none;\"><\/span><script>\nMP3jPLAYLISTS.inline_33 = [\n\t{ name: \"Avajaiset_Vapaasukupuoli\", formats: [\"mp3\"], mp3: \"aHR0cDovL3N0cmVhbS52YWRlbG1hLm9yZzo2MTk3NC9rb3JwcGlyYWRpby9BdmFqYWlzZXRfVmFwYWFzdWt1cHVvbGkubXAz\", counterpart:\"\", artist: \"\", image: \"\", imgurl: \"\" }\n];\n<\/script>\n\n<script>MP3jPLAYERS[33] = { list: MP3jPLAYLISTS.inline_33, tr:0, type:'single', lstate:'', loop:false, play_txt:'&nbsp;&nbsp;&nbsp;&nbsp;&nbsp;', pause_txt:'&nbsp;&nbsp;&nbsp;&nbsp;&nbsp;', pp_title:'', autoplay:false, download:false, vol:76, height:'' };<\/script><\/code><\/p>\n<p><strong>17.30 Eksynyt marjastaja ja Made in Hong Kong esitt\u00e4ytyv\u00e4t:<\/strong><\/p>\n<p><code><div id=\"mp3jWrap_34\" class=\"mjp-s-wrapper s-graphic unsel-mjp smaller2 gill-mjp\" style=\"font-size:14px;\"><span id=\"playpause_wrap_mp3j_34\" class=\"wrap_inline_mp3j\" style=\"font-weight:700;\"><span class=\"gfxbutton_mp3j play-mjp\" id=\"playpause_mp3j_34\" style=\"font-size:14px;\">&nbsp;&nbsp;&nbsp;&nbsp;&nbsp;<\/span>&nbsp;<span class=\"group_wrap\"><span class=\"bars_mp3j\"><span class=\"loadB_mp3j\" id=\"load_mp3j_34\"><\/span><span class=\"posbarB_mp3j\" id=\"posbar_mp3j_34\"><\/span><\/span><span class=\"T_mp3j\" id=\"T_mp3j_34\" style=\"font-size:14px;\">Avajaiset: esittelyj\u00e4 1<\/span><span class=\"indi_mp3j\" style=\"font-size:9.8px;\" id=\"statusMI_34\"><\/span><\/span><span class=\"vol_mp3j flipped\" id=\"vol_mp3j_34\"><\/span><\/span><\/div><span class=\"s-nosolution\" id=\"mp3j_nosolution_34\" style=\"display:none;\"><\/span><script>\nMP3jPLAYLISTS.inline_34 = [\n\t{ name: \"Avajaiset_Esittelyt\", formats: [\"mp3\"], mp3: \"aHR0cDovL3N0cmVhbS52YWRlbG1hLm9yZzo2MTk3NC9rb3JwcGlyYWRpby9BdmFqYWlzZXRfRXNpdHRlbHl0Lm1wMw==\", counterpart:\"\", artist: \"\", image: \"\", imgurl: \"\" }\n];\n<\/script>\n\n<script>MP3jPLAYERS[34] = { list: MP3jPLAYLISTS.inline_34, tr:0, type:'single', lstate:'', loop:false, play_txt:'&nbsp;&nbsp;&nbsp;&nbsp;&nbsp;', pause_txt:'&nbsp;&nbsp;&nbsp;&nbsp;&nbsp;', pp_title:'', autoplay:false, download:false, vol:76, height:'' };<\/script><\/code><\/p>\n<p><strong>18:00 Naftalandia esitt\u00e4ytyy + jingleimprosessiot<\/strong><\/p>\n<p><code><div id=\"mp3jWrap_35\" class=\"mjp-s-wrapper s-graphic unsel-mjp smaller2 gill-mjp\" style=\"font-size:14px;\"><span id=\"playpause_wrap_mp3j_35\" class=\"wrap_inline_mp3j\" style=\"font-weight:700;\"><span class=\"gfxbutton_mp3j play-mjp\" id=\"playpause_mp3j_35\" style=\"font-size:14px;\">&nbsp;&nbsp;&nbsp;&nbsp;&nbsp;<\/span>&nbsp;<span class=\"group_wrap\"><span class=\"bars_mp3j\"><span class=\"loadB_mp3j\" id=\"load_mp3j_35\"><\/span><span class=\"posbarB_mp3j\" id=\"posbar_mp3j_35\"><\/span><\/span><span class=\"T_mp3j\" id=\"T_mp3j_35\" style=\"font-size:14px;\">Avajaiset: Esittelyj\u00e4 2<\/span><span class=\"indi_mp3j\" style=\"font-size:9.8px;\" id=\"statusMI_35\"><\/span><\/span><span class=\"vol_mp3j flipped\" id=\"vol_mp3j_35\"><\/span><\/span><\/div><span class=\"s-nosolution\" id=\"mp3j_nosolution_35\" style=\"display:none;\"><\/span><script>\nMP3jPLAYLISTS.inline_35 = [\n\t{ name: \"Avajaiset_Improt\", formats: [\"mp3\"], mp3: \"aHR0cDovL3N0cmVhbS52YWRlbG1hLm9yZzo2MTk3NC9rb3JwcGlyYWRpby9BdmFqYWlzZXRfSW1wcm90Lm1wMw==\", counterpart:\"\", artist: \"\", image: \"\", imgurl: \"\" }\n];\n<\/script>\n\n<script>MP3jPLAYERS[35] = { list: MP3jPLAYLISTS.inline_35, tr:0, type:'single', lstate:'', loop:false, play_txt:'&nbsp;&nbsp;&nbsp;&nbsp;&nbsp;', pause_txt:'&nbsp;&nbsp;&nbsp;&nbsp;&nbsp;', pp_title:'', autoplay:false, download:false, vol:76, height:'' };<\/script><\/code><\/p>\n<p><strong>Kallio Kipin\u00f6i!<\/strong><\/p>\n<p><code><div id=\"mp3jWrap_36\" class=\"mjp-s-wrapper s-graphic unsel-mjp smaller2 gill-mjp\" style=\"font-size:14px;\"><span id=\"playpause_wrap_mp3j_36\" class=\"wrap_inline_mp3j\" style=\"font-weight:700;\"><span class=\"gfxbutton_mp3j play-mjp\" id=\"playpause_mp3j_36\" style=\"font-size:14px;\">&nbsp;&nbsp;&nbsp;&nbsp;&nbsp;<\/span>&nbsp;<span class=\"group_wrap\"><span class=\"bars_mp3j\"><span class=\"loadB_mp3j\" id=\"load_mp3j_36\"><\/span><span class=\"posbarB_mp3j\" id=\"posbar_mp3j_36\"><\/span><\/span><span class=\"T_mp3j\" id=\"T_mp3j_36\" style=\"font-size:14px;\">Avajaiset: Kallio kipin\u00f6i<\/span><span class=\"indi_mp3j\" style=\"font-size:9.8px;\" id=\"statusMI_36\"><\/span><\/span><span class=\"vol_mp3j flipped\" id=\"vol_mp3j_36\"><\/span><\/span><\/div><span class=\"s-nosolution\" id=\"mp3j_nosolution_36\" style=\"display:none;\"><\/span><script>\nMP3jPLAYLISTS.inline_36 = [\n\t{ name: \"Avajaiset_Kalliokipinoi\", formats: [\"mp3\"], mp3: \"aHR0cDovL3N0cmVhbS52YWRlbG1hLm9yZzo2MTk3NC9rb3JwcGlyYWRpby9BdmFqYWlzZXRfS2FsbGlva2lwaW5vaS5tcDM=\", counterpart:\"\", artist: \"\", image: \"\", imgurl: \"\" }\n];\n<\/script>\n\n<script>MP3jPLAYERS[36] = { list: MP3jPLAYLISTS.inline_36, tr:0, type:'single', lstate:'', loop:false, play_txt:'&nbsp;&nbsp;&nbsp;&nbsp;&nbsp;', pause_txt:'&nbsp;&nbsp;&nbsp;&nbsp;&nbsp;', pp_title:'', autoplay:false, download:false, vol:76, height:'' };<\/script><\/code><\/p>\n<p><strong>18:24 Tilakeskustelu:<\/strong><\/p>\n<p><a href=\"http:\/\/vadelma.org\/korppiradio\/wp-content\/uploads\/2013\/11\/avajaiset_tilakeskustelu2.jpg\"><img loading=\"lazy\" decoding=\"async\" src=\"http:\/\/vadelma.org\/korppiradio\/wp-content\/uploads\/2013\/11\/avajaiset_tilakeskustelu2-449x300.jpg\" alt=\"avajaiset_tilakeskustelu2\" width=\"449\" height=\"300\"><\/a><\/p>\n<p><code><div id=\"mp3jWrap_37\" class=\"mjp-s-wrapper s-graphic unsel-mjp smaller2 gill-mjp\" style=\"font-size:14px;\"><span id=\"playpause_wrap_mp3j_37\" class=\"wrap_inline_mp3j\" style=\"font-weight:700;\"><span class=\"gfxbutton_mp3j play-mjp\" id=\"playpause_mp3j_37\" style=\"font-size:14px;\">&nbsp;&nbsp;&nbsp;&nbsp;&nbsp;<\/span>&nbsp;<span class=\"group_wrap\"><span class=\"bars_mp3j\"><span class=\"loadB_mp3j\" id=\"load_mp3j_37\"><\/span><span class=\"posbarB_mp3j\" id=\"posbar_mp3j_37\"><\/span><\/span><span class=\"T_mp3j\" id=\"T_mp3j_37\" style=\"font-size:14px;\">Avajaiset: Tilakeskustelu<\/span><span class=\"indi_mp3j\" style=\"font-size:9.8px;\" id=\"statusMI_37\"><\/span><\/span><span class=\"vol_mp3j flipped\" id=\"vol_mp3j_37\"><\/span><\/span><\/div><span class=\"s-nosolution\" id=\"mp3j_nosolution_37\" style=\"display:none;\"><\/span><script>\nMP3jPLAYLISTS.inline_37 = [\n\t{ name: \"Avajaiset_Tilakeskustelu2\", formats: [\"mp3\"], mp3: \"aHR0cDovL3N0cmVhbS52YWRlbG1hLm9yZzo2MTk3NC9rb3JwcGlyYWRpby9BdmFqYWlzZXRfVGlsYWtlc2t1c3RlbHUyLm1wMw==\", counterpart:\"\", artist: \"\", image: \"\", imgurl: \"\" }\n];\n<\/script>\n\n<script>MP3jPLAYERS[37] = { list: MP3jPLAYLISTS.inline_37, tr:0, type:'single', lstate:'', loop:false, play_txt:'&nbsp;&nbsp;&nbsp;&nbsp;&nbsp;', pause_txt:'&nbsp;&nbsp;&nbsp;&nbsp;&nbsp;', pp_title:'', autoplay:false, download:false, vol:76, height:'' };<\/script><\/code><\/p>\n<p><strong>20:00 Aktion Jackson:<\/strong><\/p>\n<p><code><div id=\"mp3jWrap_38\" class=\"mjp-s-wrapper s-graphic unsel-mjp smaller2 gill-mjp\" style=\"font-size:14px;\"><span id=\"playpause_wrap_mp3j_38\" class=\"wrap_inline_mp3j\" style=\"font-weight:700;\"><span class=\"gfxbutton_mp3j play-mjp\" id=\"playpause_mp3j_38\" style=\"font-size:14px;\">&nbsp;&nbsp;&nbsp;&nbsp;&nbsp;<\/span>&nbsp;<span class=\"group_wrap\"><span class=\"bars_mp3j\"><span class=\"loadB_mp3j\" id=\"load_mp3j_38\"><\/span><span class=\"posbarB_mp3j\" id=\"posbar_mp3j_38\"><\/span><\/span><span class=\"T_mp3j\" id=\"T_mp3j_38\" style=\"font-size:14px;\">Avajaiset: Action Jackson<\/span><span class=\"indi_mp3j\" style=\"font-size:9.8px;\" id=\"statusMI_38\"><\/span><\/span><span class=\"vol_mp3j flipped\" id=\"vol_mp3j_38\"><\/span><\/span><\/div><span class=\"s-nosolution\" id=\"mp3j_nosolution_38\" style=\"display:none;\"><\/span><script>\nMP3jPLAYLISTS.inline_38 = [\n\t{ name: \"Avajaiset_AktionJackson\", formats: [\"mp3\"], mp3: \"aHR0cDovL3N0cmVhbS52YWRlbG1hLm9yZzo2MTk3NC9rb3JwcGlyYWRpby9BdmFqYWlzZXRfQWt0aW9uSmFja3Nvbi5tcDM=\", counterpart:\"\", artist: \"\", image: \"\", imgurl: \"\" }\n];\n<\/script>\n\n<script>MP3jPLAYERS[38] = { list: MP3jPLAYLISTS.inline_38, tr:0, type:'single', lstate:'', loop:false, play_txt:'&nbsp;&nbsp;&nbsp;&nbsp;&nbsp;', pause_txt:'&nbsp;&nbsp;&nbsp;&nbsp;&nbsp;', pp_title:'', autoplay:false, download:false, vol:76, height:'' };<\/script><\/code><\/p>\n<p><strong>20:40 <a href=\"http:\/\/vadelma.org\/korppiradio\/tiloissa\">Tiloissa<\/a> esitt\u00e4ytyy<\/strong><\/p>\n<p><code><div id=\"mp3jWrap_39\" class=\"mjp-s-wrapper s-graphic unsel-mjp smaller2 gill-mjp\" style=\"font-size:14px;\"><span id=\"playpause_wrap_mp3j_39\" class=\"wrap_inline_mp3j\" style=\"font-weight:700;\"><span class=\"gfxbutton_mp3j play-mjp\" id=\"playpause_mp3j_39\" style=\"font-size:14px;\">&nbsp;&nbsp;&nbsp;&nbsp;&nbsp;<\/span>&nbsp;<span class=\"group_wrap\"><span class=\"bars_mp3j\"><span class=\"loadB_mp3j\" id=\"load_mp3j_39\"><\/span><span class=\"posbarB_mp3j\" id=\"posbar_mp3j_39\"><\/span><\/span><span class=\"T_mp3j\" id=\"T_mp3j_39\" style=\"font-size:14px;\">Avajaiset: Tiloissa<\/span><span class=\"indi_mp3j\" style=\"font-size:9.8px;\" id=\"statusMI_39\"><\/span><\/span><span class=\"vol_mp3j flipped\" id=\"vol_mp3j_39\"><\/span><\/span><\/div><span class=\"s-nosolution\" id=\"mp3j_nosolution_39\" style=\"display:none;\"><\/span><script>\nMP3jPLAYLISTS.inline_39 = [\n\t{ name: \"Avajaiset_Tiloissa\", formats: [\"mp3\"], mp3: \"aHR0cDovL3N0cmVhbS52YWRlbG1hLm9yZzo2MTk3NC9rb3JwcGlyYWRpby9BdmFqYWlzZXRfVGlsb2lzc2EubXAz\", counterpart:\"\", artist: \"\", image: \"\", imgurl: \"\" }\n];\n<\/script>\n\n<script>MP3jPLAYERS[39] = { list: MP3jPLAYLISTS.inline_39, tr:0, type:'single', lstate:'', loop:false, play_txt:'&nbsp;&nbsp;&nbsp;&nbsp;&nbsp;', pause_txt:'&nbsp;&nbsp;&nbsp;&nbsp;&nbsp;', pp_title:'', autoplay:false, download:false, vol:76, height:'' };<\/script><\/code><\/p>\n<p><strong>20:50 <\/strong><a href=\"http:\/\/vadelma.org\/korppiradio\/betoniviidakko\"><strong>Betoniviidakk<\/strong>o<\/a> : Runoilija Lasse Hauerwaas Helsinki Poetry Connectionista lukee runojaan:<\/p>\n<p><code><div id=\"mp3jWrap_40\" class=\"mjp-s-wrapper s-graphic unsel-mjp smaller2 gill-mjp\" style=\"font-size:14px;\"><span id=\"playpause_wrap_mp3j_40\" class=\"wrap_inline_mp3j\" style=\"font-weight:700;\"><span class=\"gfxbutton_mp3j play-mjp\" id=\"playpause_mp3j_40\" style=\"font-size:14px;\">&nbsp;&nbsp;&nbsp;&nbsp;&nbsp;<\/span>&nbsp;<span class=\"group_wrap\"><span class=\"bars_mp3j\"><span class=\"loadB_mp3j\" id=\"load_mp3j_40\"><\/span><span class=\"posbarB_mp3j\" id=\"posbar_mp3j_40\"><\/span><\/span><span class=\"T_mp3j\" id=\"T_mp3j_40\" style=\"font-size:14px;\">Avajaiset: Betoniviidakko<\/span><span class=\"indi_mp3j\" style=\"font-size:9.8px;\" id=\"statusMI_40\"><\/span><\/span><span class=\"vol_mp3j flipped\" id=\"vol_mp3j_40\"><\/span><\/span><\/div><span class=\"s-nosolution\" id=\"mp3j_nosolution_40\" style=\"display:none;\"><\/span><script>\nMP3jPLAYLISTS.inline_40 = [\n\t{ name: \"Avajaiset_Betoniviidakko\", formats: [\"mp3\"], mp3: \"aHR0cDovL3N0cmVhbS52YWRlbG1hLm9yZzo2MTk3NC9rb3JwcGlyYWRpby9BdmFqYWlzZXRfQmV0b25pdmlpZGFra28ubXAz\", counterpart:\"\", artist: \"\", image: \"\", imgurl: \"\" }\n];\n<\/script>\n\n<script>MP3jPLAYERS[40] = { list: MP3jPLAYLISTS.inline_40, tr:0, type:'single', lstate:'', loop:false, play_txt:'&nbsp;&nbsp;&nbsp;&nbsp;&nbsp;', pause_txt:'&nbsp;&nbsp;&nbsp;&nbsp;&nbsp;', pp_title:'', autoplay:false, download:false, vol:76, height:'' };<\/script><\/code><\/p>\n<p><strong>21:12 <a href=\"http:\/\/vadelma.org\/korppiradio\/radiotaide-2\">Radiotaide<\/a> esitt\u00e4ytyy:<\/strong><\/p>\n<p><code><div id=\"mp3jWrap_41\" class=\"mjp-s-wrapper s-graphic unsel-mjp smaller2 gill-mjp\" style=\"font-size:14px;\"><span id=\"playpause_wrap_mp3j_41\" class=\"wrap_inline_mp3j\" style=\"font-weight:700;\"><span class=\"gfxbutton_mp3j play-mjp\" id=\"playpause_mp3j_41\" style=\"font-size:14px;\">&nbsp;&nbsp;&nbsp;&nbsp;&nbsp;<\/span>&nbsp;<span class=\"group_wrap\"><span class=\"bars_mp3j\"><span class=\"loadB_mp3j\" id=\"load_mp3j_41\"><\/span><span class=\"posbarB_mp3j\" id=\"posbar_mp3j_41\"><\/span><\/span><span class=\"T_mp3j\" id=\"T_mp3j_41\" style=\"font-size:14px;\">Avajaiset: \u00c4\u00e4nitaide<\/span><span class=\"indi_mp3j\" style=\"font-size:9.8px;\" id=\"statusMI_41\"><\/span><\/span><span class=\"vol_mp3j flipped\" id=\"vol_mp3j_41\"><\/span><\/span><\/div><span class=\"s-nosolution\" id=\"mp3j_nosolution_41\" style=\"display:none;\"><\/span><script>\nMP3jPLAYLISTS.inline_41 = [\n\t{ name: \"Avajaiset_Aanitaide\", formats: [\"mp3\"], mp3: \"aHR0cDovL3N0cmVhbS52YWRlbG1hLm9yZzo2MTk3NC9rb3JwcGlyYWRpby9BdmFqYWlzZXRfQWFuaXRhaWRlLm1wMw==\", counterpart:\"\", artist: \"\", image: \"\", imgurl: \"\" }\n];\n<\/script>\n\n<script>MP3jPLAYERS[41] = { list: MP3jPLAYLISTS.inline_41, tr:0, type:'single', lstate:'', loop:false, play_txt:'&nbsp;&nbsp;&nbsp;&nbsp;&nbsp;', pause_txt:'&nbsp;&nbsp;&nbsp;&nbsp;&nbsp;', pp_title:'', autoplay:false, download:false, vol:76, height:'' };<\/script><\/code><\/p>\n<p><strong>21:40 Kokeellisen musiikin keskustelu:<\/strong><\/p>\n<p><code><div id=\"mp3jWrap_42\" class=\"mjp-s-wrapper s-graphic unsel-mjp smaller2 gill-mjp\" style=\"font-size:14px;\"><span id=\"playpause_wrap_mp3j_42\" class=\"wrap_inline_mp3j\" style=\"font-weight:700;\"><span class=\"gfxbutton_mp3j play-mjp\" id=\"playpause_mp3j_42\" style=\"font-size:14px;\">&nbsp;&nbsp;&nbsp;&nbsp;&nbsp;<\/span>&nbsp;<span class=\"group_wrap\"><span class=\"bars_mp3j\"><span class=\"loadB_mp3j\" id=\"load_mp3j_42\"><\/span><span class=\"posbarB_mp3j\" id=\"posbar_mp3j_42\"><\/span><\/span><span class=\"T_mp3j\" id=\"T_mp3j_42\" style=\"font-size:14px;\">Avajaiset: Kokeellisen musiikin keskustelu<\/span><span class=\"indi_mp3j\" style=\"font-size:9.8px;\" id=\"statusMI_42\"><\/span><\/span><span class=\"vol_mp3j flipped\" id=\"vol_mp3j_42\"><\/span><\/span><\/div><span class=\"s-nosolution\" id=\"mp3j_nosolution_42\" style=\"display:none;\"><\/span><script>\nMP3jPLAYLISTS.inline_42 = [\n\t{ name: \"Avajaiset_Musakeskustelu\", formats: [\"mp3\"], mp3: \"aHR0cDovL3N0cmVhbS52YWRlbG1hLm9yZzo2MTk3NC9rb3JwcGlyYWRpby9BdmFqYWlzZXRfTXVzYWtlc2t1c3RlbHUubXAz\", counterpart:\"\", artist: \"\", image: \"\", imgurl: \"\" }\n];\n<\/script>\n\n<script>MP3jPLAYERS[42] = { list: MP3jPLAYLISTS.inline_42, tr:0, type:'single', lstate:'', loop:false, play_txt:'&nbsp;&nbsp;&nbsp;&nbsp;&nbsp;', pause_txt:'&nbsp;&nbsp;&nbsp;&nbsp;&nbsp;', pp_title:'', autoplay:false, download:false, vol:76, height:'' };<\/script><\/code><\/p>\n<p><strong>22:22 <a href=\"http:\/\/vadelma.org\/korppiradio\/errorkraut\">Errorkraut<\/a>:<\/strong><\/p>\n<p><img loading=\"lazy\" decoding=\"async\" src=\"http:\/\/vadelma.org\/korppiradio\/wp-content\/uploads\/2013\/11\/avajaiset_errorkraut1-449x300.jpg\" alt=\"avajaiset_errorkraut1\" width=\"449\" height=\"300\"><\/p>\n<p><strong>23:50 Full Moon Jam:<\/strong><\/p>\n<p><a href=\"http:\/\/vadelma.org\/korppiradio\/wp-content\/uploads\/2013\/11\/fullmoonjam_jani_ja_velda.jpg\"><img loading=\"lazy\" decoding=\"async\" src=\"http:\/\/vadelma.org\/korppiradio\/wp-content\/uploads\/2013\/11\/fullmoonjam_jani_ja_velda-449x300.jpg\" alt=\"fullmoonjam_jani_ja_velda\" width=\"449\" height=\"300\"><\/a><\/p>\n","protected":false},"excerpt":{"rendered":"<p>Ohjelma-arkistosta l\u00f6ytyy Korppiradiossa julkaistuja ohjelmia, juhlal\u00e4hetyksi\u00e4, keskusteluita, kuvia ym. jotka eiv\u00e4t ole erityisten ohjelmanimikkeiden alla. Itse ohjelmien nauhoitukset l\u00f6ytyv\u00e4t ohjelmien omilta sivuilta. \/\/ This is the general archive of Korppiradio. Here you can find historical broadcasts that are not part of any particular program. Enjoy. P\u00f6ntt\u00f6 sekaisin! &#8211; p\u00e4ihteiden k\u00e4yt\u00f6n historiaa ajan alusta nykyp\u00e4iv\u00e4\u00e4n, osa&hellip;<\/p>\n","protected":false},"author":1,"featured_media":0,"parent":0,"menu_order":0,"comment_status":"closed","ping_status":"closed","template":"","meta":{"footnotes":""},"class_list":["post-932","page","type-page","status-publish","hentry"],"_links":{"self":[{"href":"https:\/\/www.vadelma.org\/korppiradio\/wp-json\/wp\/v2\/pages\/932","targetHints":{"allow":["GET"]}}],"collection":[{"href":"https:\/\/www.vadelma.org\/korppiradio\/wp-json\/wp\/v2\/pages"}],"about":[{"href":"https:\/\/www.vadelma.org\/korppiradio\/wp-json\/wp\/v2\/types\/page"}],"author":[{"embeddable":true,"href":"https:\/\/www.vadelma.org\/korppiradio\/wp-json\/wp\/v2\/users\/1"}],"replies":[{"embeddable":true,"href":"https:\/\/www.vadelma.org\/korppiradio\/wp-json\/wp\/v2\/comments?post=932"}],"version-history":[{"count":0,"href":"https:\/\/www.vadelma.org\/korppiradio\/wp-json\/wp\/v2\/pages\/932\/revisions"}],"wp:attachment":[{"href":"https:\/\/www.vadelma.org\/korppiradio\/wp-json\/wp\/v2\/media?parent=932"}],"curies":[{"name":"wp","href":"https:\/\/api.w.org\/{rel}","templated":true}]}}